{"id":4624,"date":"2025-12-03T15:01:24","date_gmt":"2025-12-03T14:01:24","guid":{"rendered":"https:\/\/suedpfalz-therme.de\/sauna\/"},"modified":"2026-04-24T12:00:56","modified_gmt":"2026-04-24T10:00:56","slug":"sauna","status":"publish","type":"page","link":"https:\/\/suedpfalz-therme.de\/fr\/sauna\/","title":{"rendered":"Sauna"},"content":{"rendered":"\t\t<div data-elementor-type=\"wp-page\" data-elementor-id=\"4624\" class=\"elementor elementor-4624 elementor-2831\" data-elementor-post-type=\"page\">\n\t\t\t\t<section class=\"elementor-element elementor-element-b85c9b8 modus-slider e-flex e-con-boxed e-con e-parent\" data-id=\"b85c9b8\" data-element_type=\"container\" data-e-type=\"container\" data-settings=\"{&quot;background_background&quot;:&quot;classic&quot;}\">\n\t\t\t\t\t<div class=\"e-con-inner\">\n\t\t\t\t<div class=\"elementor-element elementor-element-3f71d8b h1 elementor-widget elementor-widget-heading\" data-id=\"3f71d8b\" data-element_type=\"widget\" data-e-type=\"widget\" data-widget_type=\"heading.default\">\n\t\t\t\t\t<h1 class=\"elementor-heading-title elementor-size-default\">Sauna<\/h1>\t\t\t\t<\/div>\n\t\t\t\t<div class=\"elementor-element elementor-element-1d6a613 h2 elementor-widget elementor-widget-heading\" data-id=\"1d6a613\" data-element_type=\"widget\" data-e-type=\"widget\" data-widget_type=\"heading.default\">\n\t\t\t\t\t<h2 class=\"elementor-heading-title elementor-size-default\">Fra\u00eecheur. Chaleur. Palatinat du Sud.  <\/h2>\t\t\t\t<\/div>\n\t\t\t\t\t<\/div>\n\t\t\t\t<\/section>\n\t\t<div class=\"elementor-element elementor-element-50ea3e3 e-flex e-con-boxed e-con e-parent\" data-id=\"50ea3e3\" data-element_type=\"container\" data-e-type=\"container\">\n\t\t\t\t\t<div class=\"e-con-inner\">\n\t\t\t\t<div class=\"elementor-element elementor-element-1ca9c03 elementor-widget elementor-widget-text-editor\" data-id=\"1ca9c03\" data-element_type=\"widget\" data-e-type=\"widget\" data-widget_type=\"text-editor.default\">\n\t\t\t\t\t\t\t\t\t<p>L&rsquo;espace sauna des Thermes du Palatinat du Sud allie un design r\u00e9gional \u00e0 une chaleur bienfaisante et \u00e0 un vaste espace de d\u00e9tente. Sur plus de 1 500 m\u00b2, cinq saunas th\u00e9matiques diff\u00e9rents, de g\u00e9n\u00e9reux espaces de rafra\u00eechissement et des zones de repos am\u00e9nag\u00e9es avec soin ouvrent un monde de bien-\u00eatre vari\u00e9. Des infusions saisonni\u00e8res aux huiles essentielles garantissent des moments privil\u00e9gi\u00e9s.\u2028  <\/p><p><em>Remarque : le mardi, le sauna est exclusivement r\u00e9serv\u00e9 aux femmes (sauf les jours f\u00e9ri\u00e9s et pendant les vacances de No\u00ebl).<\/em><\/p>\t\t\t\t\t\t\t\t<\/div>\n\t\t\t\t\t<\/div>\n\t\t\t\t<\/div>\n\t\t<div class=\"elementor-element elementor-element-500bfeb e-flex e-con-boxed e-con e-parent\" data-id=\"500bfeb\" data-element_type=\"container\" data-e-type=\"container\" data-settings=\"{&quot;background_background&quot;:&quot;classic&quot;}\">\n\t\t\t\t\t<div class=\"e-con-inner\">\n\t\t\t\t<div class=\"elementor-element elementor-element-38d84ef h2 elementor-widget elementor-widget-heading\" data-id=\"38d84ef\" data-element_type=\"widget\" data-e-type=\"widget\" data-widget_type=\"heading.default\">\n\t\t\t\t\t<h2 class=\"elementor-heading-title elementor-size-default\">Saunas th\u00e9matiques<\/h2>\t\t\t\t<\/div>\n\t\t\t\t<div class=\"elementor-element elementor-element-35feeeb h4 elementor-widget elementor-widget-heading\" data-id=\"35feeeb\" data-element_type=\"widget\" data-e-type=\"widget\" data-widget_type=\"heading.default\">\n\t\t\t\t\t<h3 class=\"elementor-heading-title elementor-size-default\">Palatinat. Inspiration. <\/h3>\t\t\t\t<\/div>\n\t\t<div class=\"elementor-element elementor-element-0c2dda0 e-grid e-con-full listing-grid e-con e-child\" data-id=\"0c2dda0\" data-element_type=\"container\" data-e-type=\"container\">\n\t\t<div class=\"elementor-element elementor-element-ce9e91e e-con-full e-grid listing-element e-con e-child\" data-id=\"ce9e91e\" data-element_type=\"container\" data-e-type=\"container\" data-settings=\"{&quot;background_background&quot;:&quot;classic&quot;}\">\n\t\t\t\t<div class=\"elementor-element elementor-element-f8015c7 listing-element-fullimg elementor-widget elementor-widget-image\" data-id=\"f8015c7\" data-element_type=\"widget\" data-e-type=\"widget\" data-widget_type=\"image.default\">\n\t\t\t\t\t\t\t\t\t\t\t\t\t\t\t<img fetchpriority=\"high\" decoding=\"async\" width=\"2000\" height=\"1500\" src=\"https:\/\/suedpfalz-therme.de\/wp-content\/uploads\/2026\/01\/Sauna-Waldsauna.webp\" class=\"elementor-animation-grow attachment-full size-full wp-image-4630\" alt=\"Sauna For\u00eat\" srcset=\"https:\/\/suedpfalz-therme.de\/wp-content\/uploads\/2026\/01\/Sauna-Waldsauna.webp 2000w, https:\/\/suedpfalz-therme.de\/wp-content\/uploads\/2026\/01\/Sauna-Waldsauna-300x225.webp 300w, https:\/\/suedpfalz-therme.de\/wp-content\/uploads\/2026\/01\/Sauna-Waldsauna-1024x768.webp 1024w, https:\/\/suedpfalz-therme.de\/wp-content\/uploads\/2026\/01\/Sauna-Waldsauna-768x576.webp 768w, https:\/\/suedpfalz-therme.de\/wp-content\/uploads\/2026\/01\/Sauna-Waldsauna-1536x1152.webp 1536w\" sizes=\"(max-width: 2000px) 100vw, 2000px\" \/>\t\t\t\t\t\t\t\t\t\t\t\t\t\t\t<\/div>\n\t\t<div class=\"elementor-element elementor-element-619d88a e-con-full e-flex e-con e-child\" data-id=\"619d88a\" data-element_type=\"container\" data-e-type=\"container\">\n\t\t\t\t<div class=\"elementor-element elementor-element-e75a02f h3 elementor-widget elementor-widget-heading\" data-id=\"e75a02f\" data-element_type=\"widget\" data-e-type=\"widget\" data-widget_type=\"heading.default\">\n\t\t\t\t\t<h3 class=\"elementor-heading-title elementor-size-default\">Sauna For\u00eat<\/h3>\t\t\t\t<\/div>\n\t\t\t\t<div class=\"elementor-element elementor-element-a83529a h5 elementor-widget elementor-widget-heading\" data-id=\"a83529a\" data-element_type=\"widget\" data-e-type=\"widget\" data-widget_type=\"heading.default\">\n\t\t\t\t\t<h4 class=\"elementor-heading-title elementor-size-default\">90 \u00b0C<\/h4>\t\t\t\t<\/div>\n\t\t\t\t<div class=\"elementor-element elementor-element-40d84f8 elementor-widget elementor-widget-text-editor\" data-id=\"40d84f8\" data-element_type=\"widget\" data-e-type=\"widget\" data-widget_type=\"text-editor.default\">\n\t\t\t\t\t\t\t\t\t<p><strong>Sauna \u00e0 infusions<\/strong>\u2028<\/p><p>La For\u00eat du Palatinat \u2013 d&rsquo;ailleurs la plus grande zone foresti\u00e8re continue d&rsquo;Allemagne \u2013 avec ses ruines de ch\u00e2teaux l\u00e9gendaires, constitue le cadre du plus grand sauna \u00e0 infusions des Thermes du Palatinat du Sud : un imposant po\u00eale en pierre se trouve au centre, le design rappelle un chalet de randonn\u00e9e confortable \u2013 un lieu pour respirer, se r\u00e9chauffer et se d\u00e9tendre.<\/p>\t\t\t\t\t\t\t\t<\/div>\n\t\t\t\t<\/div>\n\t\t\t\t<\/div>\n\t\t<div class=\"elementor-element elementor-element-24ca630 e-con-full e-grid listing-element e-con e-child\" data-id=\"24ca630\" data-element_type=\"container\" data-e-type=\"container\" data-settings=\"{&quot;background_background&quot;:&quot;classic&quot;}\">\n\t\t\t\t<div class=\"elementor-element elementor-element-d2b8cb6 listing-element-fullimg elementor-widget elementor-widget-image\" data-id=\"d2b8cb6\" data-element_type=\"widget\" data-e-type=\"widget\" data-widget_type=\"image.default\">\n\t\t\t\t\t\t\t\t\t\t\t\t\t\t\t<img decoding=\"async\" width=\"2000\" height=\"1500\" src=\"https:\/\/suedpfalz-therme.de\/wp-content\/uploads\/2026\/01\/Sauna-Wiesensauna.webp\" class=\"elementor-animation-grow attachment-full size-full wp-image-4631\" alt=\"Sauna Prairie\" srcset=\"https:\/\/suedpfalz-therme.de\/wp-content\/uploads\/2026\/01\/Sauna-Wiesensauna.webp 2000w, https:\/\/suedpfalz-therme.de\/wp-content\/uploads\/2026\/01\/Sauna-Wiesensauna-300x225.webp 300w, https:\/\/suedpfalz-therme.de\/wp-content\/uploads\/2026\/01\/Sauna-Wiesensauna-1024x768.webp 1024w, https:\/\/suedpfalz-therme.de\/wp-content\/uploads\/2026\/01\/Sauna-Wiesensauna-768x576.webp 768w, https:\/\/suedpfalz-therme.de\/wp-content\/uploads\/2026\/01\/Sauna-Wiesensauna-1536x1152.webp 1536w\" sizes=\"(max-width: 2000px) 100vw, 2000px\" \/>\t\t\t\t\t\t\t\t\t\t\t\t\t\t\t<\/div>\n\t\t<div class=\"elementor-element elementor-element-1312fbc e-con-full e-flex e-con e-child\" data-id=\"1312fbc\" data-element_type=\"container\" data-e-type=\"container\">\n\t\t\t\t<div class=\"elementor-element elementor-element-2c97afd h3 elementor-widget elementor-widget-heading\" data-id=\"2c97afd\" data-element_type=\"widget\" data-e-type=\"widget\" data-widget_type=\"heading.default\">\n\t\t\t\t\t<h3 class=\"elementor-heading-title elementor-size-default\">Sauna Prairie<\/h3>\t\t\t\t<\/div>\n\t\t\t\t<div class=\"elementor-element elementor-element-1e92fb9 h5 elementor-widget elementor-widget-heading\" data-id=\"1e92fb9\" data-element_type=\"widget\" data-e-type=\"widget\" data-widget_type=\"heading.default\">\n\t\t\t\t\t<h4 class=\"elementor-heading-title elementor-size-default\">85 \u00b0C<\/h4>\t\t\t\t<\/div>\n\t\t\t\t<div class=\"elementor-element elementor-element-89aa1f6 elementor-widget elementor-widget-text-editor\" data-id=\"89aa1f6\" data-element_type=\"widget\" data-e-type=\"widget\" data-widget_type=\"text-editor.default\">\n\t\t\t\t\t\t\t\t\t<p><strong>Sauna \u00e0 infusions<\/strong><\/p><p>Profitez de la magnifique vue panoramique sur le parc thermal avec ses vastes prairies et ses arbres. S&rsquo;inspirant de l&rsquo;enseignement de Sebastian Kneipp, qui utilisait de nombreuses herbes sauvages locales pour ses th\u00e9rapies, le sauna Prairie diffuse un parfum d\u00e9licat de fleurs, d&rsquo;herbes et de gramin\u00e9es press\u00e9es. <\/p>\t\t\t\t\t\t\t\t<\/div>\n\t\t\t\t<\/div>\n\t\t\t\t<\/div>\n\t\t<div class=\"elementor-element elementor-element-8dce085 e-con-full e-grid listing-element e-con e-child\" data-id=\"8dce085\" data-element_type=\"container\" data-e-type=\"container\" data-settings=\"{&quot;background_background&quot;:&quot;classic&quot;}\">\n\t\t\t\t<div class=\"elementor-element elementor-element-f80961f listing-element-fullimg elementor-widget elementor-widget-image\" data-id=\"f80961f\" data-element_type=\"widget\" data-e-type=\"widget\" data-widget_type=\"image.default\">\n\t\t\t\t\t\t\t\t\t\t\t\t\t\t\t<img decoding=\"async\" width=\"2000\" height=\"1500\" src=\"https:\/\/suedpfalz-therme.de\/wp-content\/uploads\/2026\/01\/Sauna-Riesling-Sauna.webp\" class=\"elementor-animation-grow attachment-full size-full wp-image-4625\" alt=\"Sauna Riesling\" srcset=\"https:\/\/suedpfalz-therme.de\/wp-content\/uploads\/2026\/01\/Sauna-Riesling-Sauna.webp 2000w, https:\/\/suedpfalz-therme.de\/wp-content\/uploads\/2026\/01\/Sauna-Riesling-Sauna-300x225.webp 300w, https:\/\/suedpfalz-therme.de\/wp-content\/uploads\/2026\/01\/Sauna-Riesling-Sauna-1024x768.webp 1024w, https:\/\/suedpfalz-therme.de\/wp-content\/uploads\/2026\/01\/Sauna-Riesling-Sauna-768x576.webp 768w, https:\/\/suedpfalz-therme.de\/wp-content\/uploads\/2026\/01\/Sauna-Riesling-Sauna-1536x1152.webp 1536w\" sizes=\"(max-width: 2000px) 100vw, 2000px\" \/>\t\t\t\t\t\t\t\t\t\t\t\t\t\t\t<\/div>\n\t\t<div class=\"elementor-element elementor-element-057bbce e-con-full e-flex e-con e-child\" data-id=\"057bbce\" data-element_type=\"container\" data-e-type=\"container\">\n\t\t\t\t<div class=\"elementor-element elementor-element-76c8e71 h3 elementor-widget elementor-widget-heading\" data-id=\"76c8e71\" data-element_type=\"widget\" data-e-type=\"widget\" data-widget_type=\"heading.default\">\n\t\t\t\t\t<h3 class=\"elementor-heading-title elementor-size-default\">Sauna Riesling<\/h3>\t\t\t\t<\/div>\n\t\t\t\t<div class=\"elementor-element elementor-element-4c3230e h5 elementor-widget elementor-widget-heading\" data-id=\"4c3230e\" data-element_type=\"widget\" data-e-type=\"widget\" data-widget_type=\"heading.default\">\n\t\t\t\t\t<h4 class=\"elementor-heading-title elementor-size-default\">80 \u00b0C<\/h4>\t\t\t\t<\/div>\n\t\t\t\t<div class=\"elementor-element elementor-element-9b5ec39 elementor-widget elementor-widget-text-editor\" data-id=\"9b5ec39\" data-element_type=\"widget\" data-e-type=\"widget\" data-widget_type=\"text-editor.default\">\n\t\t\t\t\t\t\t\t\t<p><strong>Sauna \u00e0 infusions automatique<\/strong>\u2028<\/p><p>Dans l&rsquo;ambiance d&rsquo;une cave \u00e0 vin du Palatinat, ce sauna pr\u00e9sente la r\u00e9gion sous son aspect le plus agr\u00e9able. La chaleur douce et l&rsquo;atmosph\u00e8re particuli\u00e8re invitent \u00e0 une transpiration relaxante. <\/p>\t\t\t\t\t\t\t\t<\/div>\n\t\t\t\t<\/div>\n\t\t\t\t<\/div>\n\t\t<div class=\"elementor-element elementor-element-a99038e e-con-full e-grid listing-element e-con e-child\" data-id=\"a99038e\" data-element_type=\"container\" data-e-type=\"container\" data-settings=\"{&quot;background_background&quot;:&quot;classic&quot;}\">\n\t\t\t\t<div class=\"elementor-element elementor-element-ef3a7ba listing-element-fullimg elementor-widget elementor-widget-image\" data-id=\"ef3a7ba\" data-element_type=\"widget\" data-e-type=\"widget\" data-widget_type=\"image.default\">\n\t\t\t\t\t\t\t\t\t\t\t\t\t\t\t<img loading=\"lazy\" decoding=\"async\" width=\"2000\" height=\"1500\" src=\"https:\/\/suedpfalz-therme.de\/wp-content\/uploads\/2026\/01\/Sauna-Rosen_Sauna.webp\" class=\"elementor-animation-grow attachment-full size-full wp-image-4626\" alt=\"Sauna Rose \/ Sauna Ruusu\u00ae\" srcset=\"https:\/\/suedpfalz-therme.de\/wp-content\/uploads\/2026\/01\/Sauna-Rosen_Sauna.webp 2000w, https:\/\/suedpfalz-therme.de\/wp-content\/uploads\/2026\/01\/Sauna-Rosen_Sauna-300x225.webp 300w, https:\/\/suedpfalz-therme.de\/wp-content\/uploads\/2026\/01\/Sauna-Rosen_Sauna-1024x768.webp 1024w, https:\/\/suedpfalz-therme.de\/wp-content\/uploads\/2026\/01\/Sauna-Rosen_Sauna-768x576.webp 768w, https:\/\/suedpfalz-therme.de\/wp-content\/uploads\/2026\/01\/Sauna-Rosen_Sauna-1536x1152.webp 1536w\" sizes=\"(max-width: 2000px) 100vw, 2000px\" \/>\t\t\t\t\t\t\t\t\t\t\t\t\t\t\t<\/div>\n\t\t<div class=\"elementor-element elementor-element-3ebfdcf e-con-full e-flex e-con e-child\" data-id=\"3ebfdcf\" data-element_type=\"container\" data-e-type=\"container\">\n\t\t\t\t<div class=\"elementor-element elementor-element-97045c8 h3 elementor-widget elementor-widget-heading\" data-id=\"97045c8\" data-element_type=\"widget\" data-e-type=\"widget\" data-widget_type=\"heading.default\">\n\t\t\t\t\t<h3 class=\"elementor-heading-title elementor-size-default\">Sauna Rose \/ Sauna Ruusu\u00ae<\/h3>\t\t\t\t<\/div>\n\t\t\t\t<div class=\"elementor-element elementor-element-64b9919 h5 elementor-widget elementor-widget-heading\" data-id=\"64b9919\" data-element_type=\"widget\" data-e-type=\"widget\" data-widget_type=\"heading.default\">\n\t\t\t\t\t<h4 class=\"elementor-heading-title elementor-size-default\">75 \u00b0C<\/h4>\t\t\t\t<\/div>\n\t\t\t\t<div class=\"elementor-element elementor-element-98c3a4d elementor-widget elementor-widget-text-editor\" data-id=\"98c3a4d\" data-element_type=\"widget\" data-e-type=\"widget\" data-widget_type=\"text-editor.default\">\n\t\t\t\t\t\t\t\t\t<p>Un bain de sauna sensuel autour de la rose \u2013 envelopp\u00e9 d&rsquo;une chaleur douce, d&rsquo;un parfum naturel et de l&rsquo;attrait d&rsquo;un po\u00eale rev\u00eatu de Rosa Porrino. Des pierres de quartz rose \u00e9clair\u00e9es de mani\u00e8re efficace renforcent l&rsquo;effet harmonisant. <\/p>\t\t\t\t\t\t\t\t<\/div>\n\t\t\t\t<\/div>\n\t\t\t\t<\/div>\n\t\t<div class=\"elementor-element elementor-element-4d5331b e-con-full e-grid listing-element e-con e-child\" data-id=\"4d5331b\" data-element_type=\"container\" data-e-type=\"container\" data-settings=\"{&quot;background_background&quot;:&quot;classic&quot;}\">\n\t\t\t\t<div class=\"elementor-element elementor-element-5c3affd listing-element-fullimg elementor-widget elementor-widget-image\" data-id=\"5c3affd\" data-element_type=\"widget\" data-e-type=\"widget\" data-widget_type=\"image.default\">\n\t\t\t\t\t\t\t\t\t\t\t\t\t\t\t<img loading=\"lazy\" decoding=\"async\" width=\"2000\" height=\"1500\" src=\"https:\/\/suedpfalz-therme.de\/wp-content\/uploads\/2026\/01\/Sauna-Aroma-Licht-Bad.webp\" class=\"elementor-animation-grow attachment-full size-full wp-image-4627\" alt=\"Bain aromatique lumineux\" srcset=\"https:\/\/suedpfalz-therme.de\/wp-content\/uploads\/2026\/01\/Sauna-Aroma-Licht-Bad.webp 2000w, https:\/\/suedpfalz-therme.de\/wp-content\/uploads\/2026\/01\/Sauna-Aroma-Licht-Bad-300x225.webp 300w, https:\/\/suedpfalz-therme.de\/wp-content\/uploads\/2026\/01\/Sauna-Aroma-Licht-Bad-1024x768.webp 1024w, https:\/\/suedpfalz-therme.de\/wp-content\/uploads\/2026\/01\/Sauna-Aroma-Licht-Bad-768x576.webp 768w, https:\/\/suedpfalz-therme.de\/wp-content\/uploads\/2026\/01\/Sauna-Aroma-Licht-Bad-1536x1152.webp 1536w\" sizes=\"(max-width: 2000px) 100vw, 2000px\" \/>\t\t\t\t\t\t\t\t\t\t\t\t\t\t\t<\/div>\n\t\t<div class=\"elementor-element elementor-element-c7f4b9a e-con-full e-flex e-con e-child\" data-id=\"c7f4b9a\" data-element_type=\"container\" data-e-type=\"container\">\n\t\t\t\t<div class=\"elementor-element elementor-element-26b24f7 h3 elementor-widget elementor-widget-heading\" data-id=\"26b24f7\" data-element_type=\"widget\" data-e-type=\"widget\" data-widget_type=\"heading.default\">\n\t\t\t\t\t<h3 class=\"elementor-heading-title elementor-size-default\">Bain aromatique lumineux<\/h3>\t\t\t\t<\/div>\n\t\t\t\t<div class=\"elementor-element elementor-element-56b62b6 h5 elementor-widget elementor-widget-heading\" data-id=\"56b62b6\" data-element_type=\"widget\" data-e-type=\"widget\" data-widget_type=\"heading.default\">\n\t\t\t\t\t<h4 class=\"elementor-heading-title elementor-size-default\">60 \u00b0C<\/h4>\t\t\t\t<\/div>\n\t\t\t\t<div class=\"elementor-element elementor-element-7663b00 elementor-widget elementor-widget-text-editor\" data-id=\"7663b00\" data-element_type=\"widget\" data-e-type=\"widget\" data-widget_type=\"text-editor.default\">\n\t\t\t\t\t\t\t\t\t<p>Transpiration douce dans une chaleur agr\u00e9able : accompagn\u00e9 de couleurs lumineuses changeantes et de parfums d\u00e9licats, un espace de bien-\u00eatre relaxant et r\u00e9g\u00e9n\u00e9rant est cr\u00e9\u00e9.<\/p>\t\t\t\t\t\t\t\t<\/div>\n\t\t\t\t<\/div>\n\t\t\t\t<\/div>\n\t\t<div class=\"elementor-element elementor-element-b2936d3 e-con-full e-grid listing-element e-con e-child\" data-id=\"b2936d3\" data-element_type=\"container\" data-e-type=\"container\" data-settings=\"{&quot;background_background&quot;:&quot;classic&quot;}\">\n\t\t\t\t<div class=\"elementor-element elementor-element-699818b listing-element-fullimg elementor-widget elementor-widget-image\" data-id=\"699818b\" data-element_type=\"widget\" data-e-type=\"widget\" data-widget_type=\"image.default\">\n\t\t\t\t\t\t\t\t\t\t\t\t\t\t\t<img loading=\"lazy\" decoding=\"async\" width=\"2000\" height=\"1500\" src=\"https:\/\/suedpfalz-therme.de\/wp-content\/uploads\/2026\/01\/Sauna-Montanus-Grotte-Dampfbad.webp\" class=\"elementor-animation-grow attachment-full size-full wp-image-4628\" alt=\"Grotte Montanus \u2013 Bain de vapeur\" srcset=\"https:\/\/suedpfalz-therme.de\/wp-content\/uploads\/2026\/01\/Sauna-Montanus-Grotte-Dampfbad.webp 2000w, https:\/\/suedpfalz-therme.de\/wp-content\/uploads\/2026\/01\/Sauna-Montanus-Grotte-Dampfbad-300x225.webp 300w, https:\/\/suedpfalz-therme.de\/wp-content\/uploads\/2026\/01\/Sauna-Montanus-Grotte-Dampfbad-1024x768.webp 1024w, https:\/\/suedpfalz-therme.de\/wp-content\/uploads\/2026\/01\/Sauna-Montanus-Grotte-Dampfbad-768x576.webp 768w, https:\/\/suedpfalz-therme.de\/wp-content\/uploads\/2026\/01\/Sauna-Montanus-Grotte-Dampfbad-1536x1152.webp 1536w\" sizes=\"(max-width: 2000px) 100vw, 2000px\" \/>\t\t\t\t\t\t\t\t\t\t\t\t\t\t\t<\/div>\n\t\t<div class=\"elementor-element elementor-element-b591f0d e-con-full e-flex e-con e-child\" data-id=\"b591f0d\" data-element_type=\"container\" data-e-type=\"container\">\n\t\t\t\t<div class=\"elementor-element elementor-element-ef81806 h3 elementor-widget elementor-widget-heading\" data-id=\"ef81806\" data-element_type=\"widget\" data-e-type=\"widget\" data-widget_type=\"heading.default\">\n\t\t\t\t\t<h3 class=\"elementor-heading-title elementor-size-default\">Grotte Montanus<\/h3>\t\t\t\t<\/div>\n\t\t\t\t<div class=\"elementor-element elementor-element-d450a11 h5 elementor-widget elementor-widget-heading\" data-id=\"d450a11\" data-element_type=\"widget\" data-e-type=\"widget\" data-widget_type=\"heading.default\">\n\t\t\t\t\t<h4 class=\"elementor-heading-title elementor-size-default\">Bain de vapeur<\/h4>\t\t\t\t<\/div>\n\t\t\t\t<div class=\"elementor-element elementor-element-e39c7bb elementor-widget elementor-widget-text-editor\" data-id=\"e39c7bb\" data-element_type=\"widget\" data-e-type=\"widget\" data-widget_type=\"text-editor.default\">\n\t\t\t\t\t\t\t\t\t<p><strong>Avec applications de gommage\u2028<\/strong><\/p><p>Nomm\u00e9 d&rsquo;apr\u00e8s le naturopathe Tabernae Montanus, ce bain de vapeur combine une humidit\u00e9 \u00e9lev\u00e9e, une chaleur agr\u00e9able et des gommages nourrissants \u2013 id\u00e9al pour se d\u00e9tendre dans une ambiance \u00e9l\u00e9gante.<\/p>\t\t\t\t\t\t\t\t<\/div>\n\t\t\t\t<\/div>\n\t\t\t\t<\/div>\n\t\t\t\t<\/div>\n\t\t\t\t\t<\/div>\n\t\t\t\t<\/div>\n\t\t<div class=\"elementor-element elementor-element-7e35dc3 e-grid e-con-boxed e-con e-parent\" data-id=\"7e35dc3\" data-element_type=\"container\" data-e-type=\"container\">\n\t\t\t\t\t<div class=\"e-con-inner\">\n\t\t\t\t<div class=\"elementor-element elementor-element-39602b9 img-aspect-ratio-4-3 elementor-widget elementor-widget-image\" data-id=\"39602b9\" data-element_type=\"widget\" data-e-type=\"widget\" data-widget_type=\"image.default\">\n\t\t\t\t\t\t\t\t\t\t\t\t\t\t\t<img loading=\"lazy\" decoding=\"async\" width=\"2000\" height=\"1500\" src=\"https:\/\/suedpfalz-therme.de\/wp-content\/uploads\/2026\/01\/Sauna-Abkuehlen-Eisbrunnen.webp\" class=\"elementor-animation-grow attachment-full size-full wp-image-4629\" alt=\"Rafra\u00eechissement \u2013 Fontaine de glace\" srcset=\"https:\/\/suedpfalz-therme.de\/wp-content\/uploads\/2026\/01\/Sauna-Abkuehlen-Eisbrunnen.webp 2000w, https:\/\/suedpfalz-therme.de\/wp-content\/uploads\/2026\/01\/Sauna-Abkuehlen-Eisbrunnen-300x225.webp 300w, https:\/\/suedpfalz-therme.de\/wp-content\/uploads\/2026\/01\/Sauna-Abkuehlen-Eisbrunnen-1024x768.webp 1024w, https:\/\/suedpfalz-therme.de\/wp-content\/uploads\/2026\/01\/Sauna-Abkuehlen-Eisbrunnen-768x576.webp 768w, https:\/\/suedpfalz-therme.de\/wp-content\/uploads\/2026\/01\/Sauna-Abkuehlen-Eisbrunnen-1536x1152.webp 1536w\" sizes=\"(max-width: 2000px) 100vw, 2000px\" \/>\t\t\t\t\t\t\t\t\t\t\t\t\t\t\t<\/div>\n\t\t<div class=\"elementor-element elementor-element-20122cc e-con-full e-flex e-con e-child\" data-id=\"20122cc\" data-element_type=\"container\" data-e-type=\"container\">\n\t\t\t\t<div class=\"elementor-element elementor-element-4f3fd4e h2 elementor-widget elementor-widget-heading\" data-id=\"4f3fd4e\" data-element_type=\"widget\" data-e-type=\"widget\" data-widget_type=\"heading.default\">\n\t\t\t\t\t<h2 class=\"elementor-heading-title elementor-size-default\">Rafra\u00eechissement<\/h2>\t\t\t\t<\/div>\n\t\t\t\t<div class=\"elementor-element elementor-element-963dc43 h5 elementor-widget elementor-widget-heading\" data-id=\"963dc43\" data-element_type=\"widget\" data-e-type=\"widget\" data-widget_type=\"heading.default\">\n\t\t\t\t\t<h3 class=\"elementor-heading-title elementor-size-default\">Vivifiant. Frais. <\/h3>\t\t\t\t<\/div>\n\t\t\t\t<div class=\"elementor-element elementor-element-8f6ed45 elementor-widget elementor-widget-text-editor\" data-id=\"8f6ed45\" data-element_type=\"widget\" data-e-type=\"widget\" data-widget_type=\"text-editor.default\">\n\t\t\t\t\t\t\t\t\t<p>Des possibilit\u00e9s de rafra\u00eechissement vari\u00e9es, \u00e0 l&rsquo;int\u00e9rieur comme \u00e0 l&rsquo;ext\u00e9rieur, feront battre le c\u0153ur des amateurs de sauna. Que ce soit \u00e0 la fontaine de glace, dans l&rsquo;un des bassins d&rsquo;immersion ou des douches \u00e0 jet, avec l&rsquo;\u00e9l\u00e9ment Kneipp ou simplement en fl\u00e2nant sur le pont du sauna \u2013 stimulez votre circulation. <\/p>\t\t\t\t\t\t\t\t<\/div>\n\t\t\t\t<\/div>\n\t\t\t\t\t<\/div>\n\t\t\t\t<\/div>\n\t\t<div class=\"elementor-element elementor-element-ca1210e e-grid e-con-boxed e-con e-parent\" data-id=\"ca1210e\" data-element_type=\"container\" data-e-type=\"container\" data-settings=\"{&quot;background_background&quot;:&quot;classic&quot;}\">\n\t\t\t\t\t<div class=\"e-con-inner\">\n\t\t<div class=\"elementor-element elementor-element-53f5eca e-con-full e-flex e-con e-child\" data-id=\"53f5eca\" data-element_type=\"container\" data-e-type=\"container\">\n\t\t\t\t<div class=\"elementor-element elementor-element-a090c87 h2 elementor-widget elementor-widget-heading\" data-id=\"a090c87\" data-element_type=\"widget\" data-e-type=\"widget\" data-widget_type=\"heading.default\">\n\t\t\t\t\t<h2 class=\"elementor-heading-title elementor-size-default\">Lieux de repos<\/h2>\t\t\t\t<\/div>\n\t\t\t\t<div class=\"elementor-element elementor-element-35238d9 h5 elementor-widget elementor-widget-heading\" data-id=\"35238d9\" data-element_type=\"widget\" data-e-type=\"widget\" data-widget_type=\"heading.default\">\n\t\t\t\t\t<h3 class=\"elementor-heading-title elementor-size-default\">Calme. D\u00e9tente. <\/h3>\t\t\t\t<\/div>\n\t\t\t\t<div class=\"elementor-element elementor-element-6785b16 elementor-widget elementor-widget-text-editor\" data-id=\"6785b16\" data-element_type=\"widget\" data-e-type=\"widget\" data-widget_type=\"text-editor.default\">\n\t\t\t\t\t\t\t\t\t<p>Que ce soit de mani\u00e8re conviviale sur le jardin de toit du sauna, rustique dans le salon forestier ou confortable dans le salon chemin\u00e9e \u2013 partout se trouvent des lieux de retraite pour lire, se reposer ou simplement se d\u00e9tendre et d\u00e9connecter. Pendant les mois d&rsquo;\u00e9t\u00e9, le jardin de toit invite aux bains de soleil naturistes et le pont du sauna \u00e0 la d\u00e9tente. <\/p>\t\t\t\t\t\t\t\t<\/div>\n\t\t\t\t<\/div>\n\t\t\t\t<div class=\"elementor-element elementor-element-9ebc0d9 elementor-arrows-position-inside elementor-pagination-position-outside elementor-widget elementor-widget-image-carousel\" data-id=\"9ebc0d9\" data-element_type=\"widget\" data-e-type=\"widget\" data-settings=\"{&quot;slides_to_show&quot;:&quot;1&quot;,&quot;navigation&quot;:&quot;both&quot;,&quot;autoplay&quot;:&quot;yes&quot;,&quot;pause_on_hover&quot;:&quot;yes&quot;,&quot;pause_on_interaction&quot;:&quot;yes&quot;,&quot;autoplay_speed&quot;:5000,&quot;infinite&quot;:&quot;yes&quot;,&quot;effect&quot;:&quot;slide&quot;,&quot;speed&quot;:500}\" data-widget_type=\"image-carousel.default\">\n\t\t\t\t\t\t\t<div class=\"elementor-image-carousel-wrapper swiper\" role=\"region\" aria-roledescription=\"carousel\" aria-label=\"Bild Karussell\" dir=\"ltr\">\n\t\t\t<div class=\"elementor-image-carousel swiper-wrapper\" aria-live=\"off\">\n\t\t\t\t\t\t\t\t<div class=\"swiper-slide\" role=\"group\" aria-roledescription=\"slide\" aria-label=\"1 sur 3\"><a data-elementor-open-lightbox=\"yes\" data-elementor-lightbox-slideshow=\"9ebc0d9\" data-elementor-lightbox-title=\"Lieu de repos sauna \u2013 Salon For\u00eat\" data-e-action-hash=\"#elementor-action%3Aaction%3Dlightbox%26settings%3DeyJpZCI6NDYzMiwidXJsIjoiaHR0cHM6XC9cL3N1ZWRwZmFsei10aGVybWUuZGVcL3dwLWNvbnRlbnRcL3VwbG9hZHNcLzIwMjZcLzAxXC9TYXVuYS1SdWhlb3J0LVdhbGRsb3VuZ2Uud2VicCIsInNsaWRlc2hvdyI6IjllYmMwZDkifQ%3D%3D\" href=\"https:\/\/suedpfalz-therme.de\/wp-content\/uploads\/2026\/01\/Sauna-Ruheort-Waldlounge.webp\"><figure class=\"swiper-slide-inner\"><img decoding=\"async\" class=\"swiper-slide-image\" src=\"https:\/\/suedpfalz-therme.de\/wp-content\/uploads\/2026\/01\/Sauna-Ruheort-Waldlounge-768x576.webp\" alt=\"Lieu de repos sauna \u2013 Salon For\u00eat\" \/><\/figure><\/a><\/div><div class=\"swiper-slide\" role=\"group\" aria-roledescription=\"slide\" aria-label=\"2 sur 3\"><a data-elementor-open-lightbox=\"yes\" data-elementor-lightbox-slideshow=\"9ebc0d9\" data-elementor-lightbox-title=\"Lieu de repos sauna \u2013 Jardin de toit du sauna\" data-e-action-hash=\"#elementor-action%3Aaction%3Dlightbox%26settings%3DeyJpZCI6NDYzNCwidXJsIjoiaHR0cHM6XC9cL3N1ZWRwZmFsei10aGVybWUuZGVcL3dwLWNvbnRlbnRcL3VwbG9hZHNcLzIwMjZcLzAyXC9TYXVuYS1SdWhlb3J0X1NhdW5hZGFjaGdhcnRlbi53ZWJwIiwic2xpZGVzaG93IjoiOWViYzBkOSJ9\" href=\"https:\/\/suedpfalz-therme.de\/wp-content\/uploads\/2026\/02\/Sauna-Ruheort_Saunadachgarten.webp\"><figure class=\"swiper-slide-inner\"><img decoding=\"async\" class=\"swiper-slide-image\" src=\"https:\/\/suedpfalz-therme.de\/wp-content\/uploads\/2026\/02\/Sauna-Ruheort_Saunadachgarten-768x576.webp\" alt=\"Lieu de repos sauna \u2013 Jardin de toit du sauna\" \/><\/figure><\/a><\/div><div class=\"swiper-slide\" role=\"group\" aria-roledescription=\"slide\" aria-label=\"3 sur 3\"><a data-elementor-open-lightbox=\"yes\" data-elementor-lightbox-slideshow=\"9ebc0d9\" data-elementor-lightbox-title=\"Lieu de repos sauna \u2013 Salon chemin\u00e9e\" data-e-action-hash=\"#elementor-action%3Aaction%3Dlightbox%26settings%3DeyJpZCI6NDYzNSwidXJsIjoiaHR0cHM6XC9cL3N1ZWRwZmFsei10aGVybWUuZGVcL3dwLWNvbnRlbnRcL3VwbG9hZHNcLzIwMjZcLzAyXC9TYXVuYS1SdWhlb3J0X0thbWlubG91bmdlLndlYnAiLCJzbGlkZXNob3ciOiI5ZWJjMGQ5In0%3D\" href=\"https:\/\/suedpfalz-therme.de\/wp-content\/uploads\/2026\/02\/Sauna-Ruheort_Kaminlounge.webp\"><figure class=\"swiper-slide-inner\"><img decoding=\"async\" class=\"swiper-slide-image\" src=\"https:\/\/suedpfalz-therme.de\/wp-content\/uploads\/2026\/02\/Sauna-Ruheort_Kaminlounge-768x576.webp\" alt=\"Lieu de repos sauna \u2013 Salon chemin\u00e9e\" \/><\/figure><\/a><\/div>\t\t\t<\/div>\n\t\t\t\t\t\t\t\t\t\t\t\t<div class=\"elementor-swiper-button elementor-swiper-button-prev\" role=\"button\" tabindex=\"0\">\n\t\t\t\t\t\t<svg aria-hidden=\"true\" class=\"e-font-icon-svg e-eicon-chevron-left\" viewBox=\"0 0 1000 1000\" xmlns=\"http:\/\/www.w3.org\/2000\/svg\"><path d=\"M646 125C629 125 613 133 604 142L308 442C296 454 292 471 292 487 292 504 296 521 308 533L604 854C617 867 629 875 646 875 663 875 679 871 692 858 704 846 713 829 713 812 713 796 708 779 692 767L438 487 692 225C700 217 708 204 708 187 708 171 704 154 692 142 675 129 663 125 646 125Z\"><\/path><\/svg>\t\t\t\t\t<\/div>\n\t\t\t\t\t<div class=\"elementor-swiper-button elementor-swiper-button-next\" role=\"button\" tabindex=\"0\">\n\t\t\t\t\t\t<svg aria-hidden=\"true\" class=\"e-font-icon-svg e-eicon-chevron-right\" viewBox=\"0 0 1000 1000\" xmlns=\"http:\/\/www.w3.org\/2000\/svg\"><path d=\"M696 533C708 521 713 504 713 487 713 471 708 454 696 446L400 146C388 133 375 125 354 125 338 125 325 129 313 142 300 154 292 171 292 187 292 204 296 221 308 233L563 492 304 771C292 783 288 800 288 817 288 833 296 850 308 863 321 871 338 875 354 875 371 875 388 867 400 854L696 533Z\"><\/path><\/svg>\t\t\t\t\t<\/div>\n\t\t\t\t\n\t\t\t\t\t\t\t\t\t<div class=\"swiper-pagination\"><\/div>\n\t\t\t\t\t\t\t\t\t<\/div>\n\t\t\t\t\t\t<\/div>\n\t\t\t\t\t<\/div>\n\t\t\t\t<\/div>\n\t\t<div class=\"elementor-element elementor-element-47f56a7 e-flex e-con-boxed e-con e-parent\" data-id=\"47f56a7\" data-element_type=\"container\" data-e-type=\"container\">\n\t\t\t\t\t<div class=\"e-con-inner\">\n\t\t\t\t<div class=\"elementor-element elementor-element-6110f34 h2 elementor-widget elementor-widget-heading\" data-id=\"6110f34\" data-element_type=\"widget\" data-e-type=\"widget\" data-widget_type=\"heading.default\">\n\t\t\t\t\t<h2 class=\"elementor-heading-title elementor-size-default\">Infusions et \u00e9v\u00e9nements<\/h2>\t\t\t\t<\/div>\n\t\t<div class=\"elementor-element elementor-element-0e7cf67 e-flex e-con-boxed e-con e-child\" data-id=\"0e7cf67\" data-element_type=\"container\" data-e-type=\"container\">\n\t\t\t\t\t<div class=\"e-con-inner\">\n\t\t\t\t<div class=\"elementor-element elementor-element-b685b4e elementor-widget elementor-widget-text-editor\" data-id=\"b685b4e\" data-element_type=\"widget\" data-e-type=\"widget\" data-widget_type=\"text-editor.default\">\n\t\t\t\t\t\t\t\t\t<p>L&rsquo;interaction de la chaleur, du parfum et de la fra\u00eecheur rend le temps pass\u00e9 au sauna sp\u00e9cial. Des infusions vari\u00e9es aux huiles essentielles ont lieu toutes les demi-heures \u00e0 toutes les heures \u2013 souvent avec de petits extras.\u2028 <\/p>\t\t\t\t\t\t\t\t<\/div>\n\t\t\t\t<div class=\"elementor-element elementor-element-9feb6f8 elementor-align-center elementor-widget elementor-widget-button\" data-id=\"9feb6f8\" data-element_type=\"widget\" data-e-type=\"widget\" data-widget_type=\"button.default\">\n\t\t\t\t\t\t\t\t\t\t<a class=\"elementor-button elementor-button-link elementor-size-sm\" href=\"https:\/\/suedpfalz-therme.de\/wp-content\/uploads\/2026\/03\/Aufgussplan-April-2026.pdf\" target=\"_blank\">\n\t\t\t\t\t\t<span class=\"elementor-button-content-wrapper\">\n\t\t\t\t\t\t\t\t\t<span class=\"elementor-button-text\">Vous trouverez ici le plan d'arrosage actuel pour avril 2026.<\/span>\n\t\t\t\t\t<\/span>\n\t\t\t\t\t<\/a>\n\t\t\t\t\t\t\t\t<\/div>\n\t\t\t\t\t<\/div>\n\t\t\t\t<\/div>\n\t\t<div class=\"elementor-element elementor-element-e0c98e2 e-flex e-con-boxed e-con e-child\" data-id=\"e0c98e2\" data-element_type=\"container\" data-e-type=\"container\">\n\t\t\t\t\t<div class=\"e-con-inner\">\n\t\t<div class=\"elementor-element elementor-element-5826f3e e-grid e-con-full e-con e-child\" data-id=\"5826f3e\" data-element_type=\"container\" data-e-type=\"container\">\n\t\t<div class=\"elementor-element elementor-element-4b1af67 e-con-full e-flex e-con e-child\" data-id=\"4b1af67\" data-element_type=\"container\" data-e-type=\"container\">\n\t\t\t\t<div class=\"elementor-element elementor-element-64e6120 h3 elementor-widget elementor-widget-heading\" data-id=\"64e6120\" data-element_type=\"widget\" data-e-type=\"widget\" data-widget_type=\"heading.default\">\n\t\t\t\t\t<h3 class=\"elementor-heading-title elementor-size-default\">Longues nuits de sauna<\/h3>\t\t\t\t<\/div>\n\t\t\t\t<div class=\"elementor-element elementor-element-2c103e0 h5 elementor-widget elementor-widget-heading\" data-id=\"2c103e0\" data-element_type=\"widget\" data-e-type=\"widget\" data-widget_type=\"heading.default\">\n\t\t\t\t\t<h4 class=\"elementor-heading-title elementor-size-default\">Bien-\u00eatre jusqu'\u00e0 minuit<\/h4>\t\t\t\t<\/div>\n\t\t\t\t<div class=\"elementor-element elementor-element-51a60a3 elementor-widget elementor-widget-text-editor\" data-id=\"51a60a3\" data-element_type=\"widget\" data-e-type=\"widget\" data-widget_type=\"text-editor.default\">\n\t\t\t\t\t\t\t\t\t<p>D&rsquo;octobre \u00e0 avril, chaque premier samedi du mois, les Thermes du Palatinat du Sud ouvrent pour la Longue Nuit de Sauna. Ce soir-l\u00e0, on peut profiter amplement du sauna, se baigner naturiste et vivre un programme sp\u00e9cial avec de nombreux extras. L&rsquo;\u00e9v\u00e9nement sauna commence \u00e0 18h et se termine \u00e0 minuit. \u00c0 partir de ce moment, les thermes sont exclusivement r\u00e9serv\u00e9s aux bains naturistes.\u2028   <\/p><p><em>Remarque : les \u00e9v\u00e9nements sp\u00e9ciaux ont leurs propres r\u00e8gles d&rsquo;entr\u00e9e.<\/em><\/p>\t\t\t\t\t\t\t\t<\/div>\n\t\t\t\t<\/div>\n\t\t\t\t<\/div>\n\t\t<div class=\"elementor-element elementor-element-14ae104 e-grid e-con-full e-con e-child\" data-id=\"14ae104\" data-element_type=\"container\" data-e-type=\"container\">\n\t\t<div class=\"elementor-element elementor-element-81a147b e-con-full e-flex e-con e-child\" data-id=\"81a147b\" data-element_type=\"container\" data-e-type=\"container\">\n\t\t\t\t<div class=\"elementor-element elementor-element-3e3039e h3 elementor-widget elementor-widget-heading\" data-id=\"3e3039e\" data-element_type=\"widget\" data-e-type=\"widget\" data-widget_type=\"heading.default\">\n\t\t\t\t\t<h3 class=\"elementor-heading-title elementor-size-default\">Calendrier annuel<\/h3>\t\t\t\t<\/div>\n\t\t\t\t<div class=\"elementor-element elementor-element-2104613 h5 elementor-widget elementor-widget-heading\" data-id=\"2104613\" data-element_type=\"widget\" data-e-type=\"widget\" data-widget_type=\"heading.default\">\n\t\t\t\t\t<h4 class=\"elementor-heading-title elementor-size-default\">R\u00e9gional. Aromatique. <\/h4>\t\t\t\t<\/div>\n\t\t\t\t<div class=\"elementor-element elementor-element-920e491 elementor-widget elementor-widget-text-editor\" data-id=\"920e491\" data-element_type=\"widget\" data-e-type=\"widget\" data-widget_type=\"text-editor.default\">\n\t\t\t\t\t\t\t\t\t<p>Les Thermes du Palatinat du Sud c\u00e9l\u00e8brent ce qui fait la richesse de la r\u00e9gion : le paysage, la joie de vivre, les gens, la gastronomie et le climat sain du Palatinat. Les offres mensuelles combinent bien-\u00eatre, activit\u00e9s, moments de plaisir et ar\u00f4mes \u2013 pour des pauses d\u00e9tente et inspirantes. <\/p>\t\t\t\t\t\t\t\t<\/div>\n\t\t\t\t<\/div>\n\t\t\t\t<\/div>\n\t\t\t\t\t<\/div>\n\t\t\t\t<\/div>\n\t\t\t\t<div class=\"elementor-element elementor-element-d5eca73 elementor-align-center elementor-widget elementor-widget-button\" data-id=\"d5eca73\" data-element_type=\"widget\" data-e-type=\"widget\" data-widget_type=\"button.default\">\n\t\t\t\t\t\t\t\t\t\t<a class=\"elementor-button elementor-button-link elementor-size-sm\" href=\"https:\/\/suedpfalz-therme.de\/fr\/information\/offres-du-mois\/\" target=\"_blank\">\n\t\t\t\t\t\t<span class=\"elementor-button-content-wrapper\">\n\t\t\t\t\t\t\t\t\t<span class=\"elementor-button-text\">Vous trouverez ici nos offres mensuelles<\/span>\n\t\t\t\t\t<\/span>\n\t\t\t\t\t<\/a>\n\t\t\t\t\t\t\t\t<\/div>\n\t\t\t\t\t<\/div>\n\t\t\t\t<\/div>\n\t\t<div class=\"elementor-element elementor-element-65cc995 e-flex e-con-boxed e-con e-parent\" data-id=\"65cc995\" data-element_type=\"container\" data-e-type=\"container\">\n\t\t\t\t\t<div class=\"e-con-inner\">\n\t\t\t\t<div class=\"elementor-element elementor-element-236e0a6 h2 elementor-widget elementor-widget-heading\" data-id=\"236e0a6\" data-element_type=\"widget\" data-e-type=\"widget\" data-widget_type=\"heading.default\">\n\t\t\t\t\t<h2 class=\"elementor-heading-title elementor-size-default\">Plan<\/h2>\t\t\t\t<\/div>\n\t\t\t\t<div class=\"elementor-element elementor-element-68ea6b9 elementor-widget elementor-widget-image\" data-id=\"68ea6b9\" data-element_type=\"widget\" data-e-type=\"widget\" data-widget_type=\"image.default\">\n\t\t\t\t\t\t\t\t\t\t\t\t\t\t\t\t<a href=\"https:\/\/suedpfalz-therme.de\/wp-content\/uploads\/2026\/02\/Lageplan-Sauna.webp\" data-elementor-open-lightbox=\"yes\" data-elementor-lightbox-title=\"Plan des lieux sauna\" data-e-action-hash=\"#elementor-action%3Aaction%3Dlightbox%26settings%3DeyJpZCI6NDYzNiwidXJsIjoiaHR0cHM6XC9cL3N1ZWRwZmFsei10aGVybWUuZGVcL3dwLWNvbnRlbnRcL3VwbG9hZHNcLzIwMjZcLzAyXC9MYWdlcGxhbi1TYXVuYS53ZWJwIn0%3D\">\n\t\t\t\t\t\t\t<img loading=\"lazy\" decoding=\"async\" width=\"2418\" height=\"1374\" src=\"https:\/\/suedpfalz-therme.de\/wp-content\/uploads\/2026\/02\/Lageplan-Sauna.webp\" class=\"attachment-full size-full wp-image-4636\" alt=\"Plan des lieux sauna\" srcset=\"https:\/\/suedpfalz-therme.de\/wp-content\/uploads\/2026\/02\/Lageplan-Sauna.webp 2418w, https:\/\/suedpfalz-therme.de\/wp-content\/uploads\/2026\/02\/Lageplan-Sauna-300x170.webp 300w, https:\/\/suedpfalz-therme.de\/wp-content\/uploads\/2026\/02\/Lageplan-Sauna-1024x582.webp 1024w, https:\/\/suedpfalz-therme.de\/wp-content\/uploads\/2026\/02\/Lageplan-Sauna-768x436.webp 768w, https:\/\/suedpfalz-therme.de\/wp-content\/uploads\/2026\/02\/Lageplan-Sauna-1536x873.webp 1536w, https:\/\/suedpfalz-therme.de\/wp-content\/uploads\/2026\/02\/Lageplan-Sauna-2048x1164.webp 2048w, https:\/\/suedpfalz-therme.de\/wp-content\/uploads\/2026\/02\/Lageplan-Sauna-380x215.webp 380w\" sizes=\"(max-width: 2418px) 100vw, 2418px\" \/>\t\t\t\t\t\t\t\t<\/a>\n\t\t\t\t\t\t\t\t\t\t\t\t\t\t\t<\/div>\n\t\t\t\t\t<\/div>\n\t\t\t\t<\/div>\n\t\t\t\t<\/div>\n\t\t","protected":false},"excerpt":{"rendered":"<p>Sauna Fra\u00eecheur. Chaleur. Palatinat du Sud. L&rsquo;espace sauna des Thermes du Palatinat du Sud allie un design r\u00e9gional \u00e0 une chaleur bienfaisante et \u00e0 un vaste espace de d\u00e9tente. Sur plus de 1 500 m\u00b2, cinq saunas th\u00e9matiques diff\u00e9rents, de g\u00e9n\u00e9reux espaces de rafra\u00eechissement et des zones de repos am\u00e9nag\u00e9es avec soin ouvrent un monde&hellip;<\/p>\n","protected":false},"author":1,"featured_media":0,"parent":0,"menu_order":20,"comment_status":"closed","ping_status":"closed","template":"modus.php","meta":{"inline_featured_image":false,"footnotes":""},"class_list":["post-4624","page","type-page","status-publish","hentry"],"publishpress_future_action":{"enabled":false,"date":"2026-05-04 17:05:44","action":"change-status","newStatus":"draft","terms":[],"taxonomy":"translation_priority","extraData":[]},"publishpress_future_workflow_manual_trigger":{"enabledWorkflows":[]},"_links":{"self":[{"href":"https:\/\/suedpfalz-therme.de\/fr\/wp-json\/wp\/v2\/pages\/4624","targetHints":{"allow":["GET"]}}],"collection":[{"href":"https:\/\/suedpfalz-therme.de\/fr\/wp-json\/wp\/v2\/pages"}],"about":[{"href":"https:\/\/suedpfalz-therme.de\/fr\/wp-json\/wp\/v2\/types\/page"}],"author":[{"embeddable":true,"href":"https:\/\/suedpfalz-therme.de\/fr\/wp-json\/wp\/v2\/users\/1"}],"replies":[{"embeddable":true,"href":"https:\/\/suedpfalz-therme.de\/fr\/wp-json\/wp\/v2\/comments?post=4624"}],"version-history":[{"count":4,"href":"https:\/\/suedpfalz-therme.de\/fr\/wp-json\/wp\/v2\/pages\/4624\/revisions"}],"predecessor-version":[{"id":5556,"href":"https:\/\/suedpfalz-therme.de\/fr\/wp-json\/wp\/v2\/pages\/4624\/revisions\/5556"}],"wp:attachment":[{"href":"https:\/\/suedpfalz-therme.de\/fr\/wp-json\/wp\/v2\/media?parent=4624"}],"curies":[{"name":"wp","href":"https:\/\/api.w.org\/{rel}","templated":true}]}}