{"id":4660,"date":"2025-12-03T14:59:42","date_gmt":"2025-12-03T13:59:42","guid":{"rendered":"https:\/\/suedpfalz-therme.de\/thermes\/"},"modified":"2026-03-12T10:49:30","modified_gmt":"2026-03-12T09:49:30","slug":"thermes","status":"publish","type":"page","link":"https:\/\/suedpfalz-therme.de\/fr\/thermes\/","title":{"rendered":"Thermes"},"content":{"rendered":"\t\t<div data-elementor-type=\"wp-page\" data-elementor-id=\"4660\" class=\"elementor elementor-4660 elementor-2829\" data-elementor-post-type=\"page\">\n\t\t\t\t<section class=\"elementor-element elementor-element-7bfb468 modus-slider e-flex e-con-boxed e-con e-parent\" data-id=\"7bfb468\" data-element_type=\"container\" data-e-type=\"container\" data-settings=\"{&quot;background_background&quot;:&quot;classic&quot;}\">\n\t\t\t\t\t<div class=\"e-con-inner\">\n\t\t\t\t<div class=\"elementor-element elementor-element-b86e81e h1 elementor-widget elementor-widget-heading\" data-id=\"b86e81e\" data-element_type=\"widget\" data-e-type=\"widget\" data-widget_type=\"heading.default\">\n\t\t\t\t\t<h1 class=\"elementor-heading-title elementor-size-default\">Thermes<\/h1>\t\t\t\t<\/div>\n\t\t\t\t<div class=\"elementor-element elementor-element-ee42c02 h2 elementor-widget elementor-widget-heading\" data-id=\"ee42c02\" data-element_type=\"widget\" data-e-type=\"widget\" data-widget_type=\"heading.default\">\n\t\t\t\t\t<h2 class=\"elementor-heading-title elementor-size-default\">Naturel. P\u00e9tillant. <\/h2>\t\t\t\t<\/div>\n\t\t\t\t\t<\/div>\n\t\t\t\t<\/section>\n\t\t<div class=\"elementor-element elementor-element-774ef52 e-flex e-con-boxed e-con e-parent\" data-id=\"774ef52\" data-element_type=\"container\" data-e-type=\"container\">\n\t\t\t\t\t<div class=\"e-con-inner\">\n\t\t\t\t<div class=\"elementor-element elementor-element-9c3ad63 elementor-widget elementor-widget-text-editor\" data-id=\"9c3ad63\" data-element_type=\"widget\" data-e-type=\"widget\" data-widget_type=\"text-editor.default\">\n\t\t\t\t\t\t\t\t\t<p>Laissez-vous impr\u00e9gner par la force naturelle de l&rsquo;eau thermale curative provenant de 450 m de profondeur et d\u00e9couvrez une atmosph\u00e8re de calme et de d\u00e9tente. De vastes \u00e9tendues d&rsquo;eau avec des attractions p\u00e9tillantes, des possibilit\u00e9s de massage agr\u00e9ables et une temp\u00e9rature agr\u00e9able de 32 \u00b0C cr\u00e9ent des conditions id\u00e9ales pour l\u00e2cher prise et recharger vos batteries. Que vous flottiez en apesanteur sous le l\u00e9gendaire plafond miroir ou que vous laissiez votre regard errer dans le jardin depuis la baie de perles en profitant du picotement sur votre peau\u2026 une exp\u00e9rience relaxante par tous les temps.  <\/p>\t\t\t\t\t\t\t\t<\/div>\n\t\t\t\t\t<\/div>\n\t\t\t\t<\/div>\n\t\t<div class=\"elementor-element elementor-element-695474e e-flex e-con-boxed e-con e-parent\" data-id=\"695474e\" data-element_type=\"container\" data-e-type=\"container\" data-settings=\"{&quot;background_background&quot;:&quot;classic&quot;}\">\n\t\t\t\t\t<div class=\"e-con-inner\">\n\t\t\t\t<div class=\"elementor-element elementor-element-56d3196 h2 elementor-widget elementor-widget-heading\" data-id=\"56d3196\" data-element_type=\"widget\" data-e-type=\"widget\" data-widget_type=\"heading.default\">\n\t\t\t\t\t<h2 class=\"elementor-heading-title elementor-size-default\">Nos bassins<\/h2>\t\t\t\t<\/div>\n\t\t\t\t<div class=\"elementor-element elementor-element-11a33c8 h4 elementor-widget elementor-widget-heading\" data-id=\"11a33c8\" data-element_type=\"widget\" data-e-type=\"widget\" data-widget_type=\"heading.default\">\n\t\t\t\t\t<h3 class=\"elementor-heading-title elementor-size-default\">P\u00e9tillant. Chaud. <\/h3>\t\t\t\t<\/div>\n\t\t<div class=\"elementor-element elementor-element-ef7ecb2 e-grid e-con-full listing-grid e-con e-child\" data-id=\"ef7ecb2\" data-element_type=\"container\" data-e-type=\"container\">\n\t\t<div class=\"elementor-element elementor-element-8847925 e-con-full e-grid listing-element e-con e-child\" data-id=\"8847925\" data-element_type=\"container\" data-e-type=\"container\" data-settings=\"{&quot;background_background&quot;:&quot;classic&quot;}\">\n\t\t\t\t<div class=\"elementor-element elementor-element-216a348 listing-element-fullimg elementor-widget elementor-widget-image\" data-id=\"216a348\" data-element_type=\"widget\" data-e-type=\"widget\" data-widget_type=\"image.default\">\n\t\t\t\t\t\t\t\t\t\t\t\t\t\t\t<img fetchpriority=\"high\" decoding=\"async\" width=\"2000\" height=\"1500\" src=\"https:\/\/suedpfalz-therme.de\/wp-content\/uploads\/2026\/01\/Therme_Innenbecken-Thermenhalle.webp\" class=\"elementor-animation-grow attachment-full size-full wp-image-4662\" alt=\"Thermes bassin int\u00e9rieur \u2013 Hall des thermes\" srcset=\"https:\/\/suedpfalz-therme.de\/wp-content\/uploads\/2026\/01\/Therme_Innenbecken-Thermenhalle.webp 2000w, https:\/\/suedpfalz-therme.de\/wp-content\/uploads\/2026\/01\/Therme_Innenbecken-Thermenhalle-300x225.webp 300w, https:\/\/suedpfalz-therme.de\/wp-content\/uploads\/2026\/01\/Therme_Innenbecken-Thermenhalle-1024x768.webp 1024w, https:\/\/suedpfalz-therme.de\/wp-content\/uploads\/2026\/01\/Therme_Innenbecken-Thermenhalle-768x576.webp 768w, https:\/\/suedpfalz-therme.de\/wp-content\/uploads\/2026\/01\/Therme_Innenbecken-Thermenhalle-1536x1152.webp 1536w\" sizes=\"(max-width: 2000px) 100vw, 2000px\" \/>\t\t\t\t\t\t\t\t\t\t\t\t\t\t\t<\/div>\n\t\t<div class=\"elementor-element elementor-element-e84fada e-con-full e-flex e-con e-child\" data-id=\"e84fada\" data-element_type=\"container\" data-e-type=\"container\">\n\t\t\t\t<div class=\"elementor-element elementor-element-4a06185 h3 elementor-widget elementor-widget-heading\" data-id=\"4a06185\" data-element_type=\"widget\" data-e-type=\"widget\" data-widget_type=\"heading.default\">\n\t\t\t\t\t<h3 class=\"elementor-heading-title elementor-size-default\">Bassin int\u00e9rieur<\/h3>\t\t\t\t<\/div>\n\t\t\t\t<div class=\"elementor-element elementor-element-673664a elementor-widget elementor-widget-text-editor\" data-id=\"673664a\" data-element_type=\"widget\" data-e-type=\"widget\" data-widget_type=\"text-editor.default\">\n\t\t\t\t\t\t\t\t\t<p>Sous le plafond miroir caract\u00e9ristique, vous pouvez vous laisser aller en toute d\u00e9contraction. Le soir, un \u00e9clairage LED changeant plonge le bassin dans des couleurs d&rsquo;ambiance. L&rsquo;architecture ouverte et lumineuse offre une vue d\u00e9gag\u00e9e sur le jardin thermal et le paysage environnant.  <\/p>\t\t\t\t\t\t\t\t<\/div>\n\t\t\t\t<\/div>\n\t\t\t\t<\/div>\n\t\t<div class=\"elementor-element elementor-element-249f984 e-con-full e-grid listing-element e-con e-child\" data-id=\"249f984\" data-element_type=\"container\" data-e-type=\"container\" data-settings=\"{&quot;background_background&quot;:&quot;classic&quot;}\">\n\t\t\t\t<div class=\"elementor-element elementor-element-3e22a4f listing-element-fullimg elementor-widget elementor-widget-image\" data-id=\"3e22a4f\" data-element_type=\"widget\" data-e-type=\"widget\" data-widget_type=\"image.default\">\n\t\t\t\t\t\t\t\t\t\t\t\t\t\t\t<img decoding=\"async\" width=\"2000\" height=\"1500\" src=\"https:\/\/suedpfalz-therme.de\/wp-content\/uploads\/2026\/01\/Therme_Aussenbecken-Sprudelliegen.webp\" class=\"elementor-animation-grow attachment-full size-full wp-image-4663\" alt=\"Thermes bassin ext\u00e9rieur \u2013 Lits bouillonnants\" srcset=\"https:\/\/suedpfalz-therme.de\/wp-content\/uploads\/2026\/01\/Therme_Aussenbecken-Sprudelliegen.webp 2000w, https:\/\/suedpfalz-therme.de\/wp-content\/uploads\/2026\/01\/Therme_Aussenbecken-Sprudelliegen-300x225.webp 300w, https:\/\/suedpfalz-therme.de\/wp-content\/uploads\/2026\/01\/Therme_Aussenbecken-Sprudelliegen-1024x768.webp 1024w, https:\/\/suedpfalz-therme.de\/wp-content\/uploads\/2026\/01\/Therme_Aussenbecken-Sprudelliegen-768x576.webp 768w, https:\/\/suedpfalz-therme.de\/wp-content\/uploads\/2026\/01\/Therme_Aussenbecken-Sprudelliegen-1536x1152.webp 1536w\" sizes=\"(max-width: 2000px) 100vw, 2000px\" \/>\t\t\t\t\t\t\t\t\t\t\t\t\t\t\t<\/div>\n\t\t<div class=\"elementor-element elementor-element-12c6121 e-con-full e-flex e-con e-child\" data-id=\"12c6121\" data-element_type=\"container\" data-e-type=\"container\">\n\t\t\t\t<div class=\"elementor-element elementor-element-5f8e8ae h3 elementor-widget elementor-widget-heading\" data-id=\"5f8e8ae\" data-element_type=\"widget\" data-e-type=\"widget\" data-widget_type=\"heading.default\">\n\t\t\t\t\t<h3 class=\"elementor-heading-title elementor-size-default\">Bassin ext\u00e9rieur<\/h3>\t\t\t\t<\/div>\n\t\t\t\t<div class=\"elementor-element elementor-element-b79837f elementor-widget elementor-widget-text-editor\" data-id=\"b79837f\" data-element_type=\"widget\" data-e-type=\"widget\" data-widget_type=\"text-editor.default\">\n\t\t\t\t\t\t\t\t\t<p>Lits bouillonnants, baie de perles, zone de flottation, douches cervicales et jets de massage garantissent des moments de bien-\u00eatre dans l&rsquo;eau thermale chaude, quelle que soit la saison. Que ce soit \u00e0 ciel ouvert ou sous les \u00e9toiles \u2013 ici, la d\u00e9tente rencontre l&rsquo;exp\u00e9rience de la nature. <\/p>\t\t\t\t\t\t\t\t<\/div>\n\t\t\t\t<\/div>\n\t\t\t\t<\/div>\n\t\t<div class=\"elementor-element elementor-element-2ed7a99 e-con-full e-grid listing-element e-con e-child\" data-id=\"2ed7a99\" data-element_type=\"container\" data-e-type=\"container\" data-settings=\"{&quot;background_background&quot;:&quot;classic&quot;}\">\n\t\t\t\t<div class=\"elementor-element elementor-element-046040f listing-element-fullimg elementor-widget elementor-widget-image\" data-id=\"046040f\" data-element_type=\"widget\" data-e-type=\"widget\" data-widget_type=\"image.default\">\n\t\t\t\t\t\t\t\t\t\t\t\t\t\t\t<img decoding=\"async\" width=\"2000\" height=\"1500\" src=\"https:\/\/suedpfalz-therme.de\/wp-content\/uploads\/2026\/01\/Aktivbecken-Frau_Hanteln.webp\" class=\"elementor-animation-grow attachment-full size-full wp-image-4661\" alt=\"Bassin d&#039;activit\u00e9s \u2013 Femme halt\u00e8res\" srcset=\"https:\/\/suedpfalz-therme.de\/wp-content\/uploads\/2026\/01\/Aktivbecken-Frau_Hanteln.webp 2000w, https:\/\/suedpfalz-therme.de\/wp-content\/uploads\/2026\/01\/Aktivbecken-Frau_Hanteln-300x225.webp 300w, https:\/\/suedpfalz-therme.de\/wp-content\/uploads\/2026\/01\/Aktivbecken-Frau_Hanteln-1024x768.webp 1024w, https:\/\/suedpfalz-therme.de\/wp-content\/uploads\/2026\/01\/Aktivbecken-Frau_Hanteln-768x576.webp 768w, https:\/\/suedpfalz-therme.de\/wp-content\/uploads\/2026\/01\/Aktivbecken-Frau_Hanteln-1536x1152.webp 1536w\" sizes=\"(max-width: 2000px) 100vw, 2000px\" \/>\t\t\t\t\t\t\t\t\t\t\t\t\t\t\t<\/div>\n\t\t<div class=\"elementor-element elementor-element-45dfc0d e-con-full e-flex e-con e-child\" data-id=\"45dfc0d\" data-element_type=\"container\" data-e-type=\"container\">\n\t\t\t\t<div class=\"elementor-element elementor-element-57e6ea2 h3 elementor-widget elementor-widget-heading\" data-id=\"57e6ea2\" data-element_type=\"widget\" data-e-type=\"widget\" data-widget_type=\"heading.default\">\n\t\t\t\t\t<h3 class=\"elementor-heading-title elementor-size-default\">Bassin d'activit\u00e9s<\/h3>\t\t\t\t<\/div>\n\t\t\t\t<div class=\"elementor-element elementor-element-3927b65 elementor-widget elementor-widget-text-editor\" data-id=\"3927b65\" data-element_type=\"widget\" data-e-type=\"widget\" data-widget_type=\"text-editor.default\">\n\t\t\t\t\t\t\t\t\t<p>Le mouvement dans l&rsquo;eau chaude renforce les articulations, les muscles et la circulation sanguine \u2013 en douceur, efficacement et en m\u00e9nageant les articulations. L&rsquo;eau thermale favorise en outre la r\u00e9g\u00e9n\u00e9ration. Remarque : En semaine, le bassin d&rsquo;activit\u00e9s est r\u00e9serv\u00e9 aux cours et \u00e0 la th\u00e9rapie par le mouvement ; le week-end, il est ouvert \u00e0 tous les h\u00f4tes pour la baignade et la d\u00e9tente.<\/p>\t\t\t\t\t\t\t\t<\/div>\n\t\t\t\t<\/div>\n\t\t\t\t<\/div>\n\t\t\t\t<\/div>\n\t\t\t\t\t<\/div>\n\t\t\t\t<\/div>\n\t\t<div class=\"elementor-element elementor-element-015027f e-flex e-con-boxed e-con e-parent\" data-id=\"015027f\" data-element_type=\"container\" data-e-type=\"container\">\n\t\t\t\t\t<div class=\"e-con-inner\">\n\t\t\t\t<div class=\"elementor-element elementor-element-181f89f h2 elementor-widget elementor-widget-heading\" data-id=\"181f89f\" data-element_type=\"widget\" data-e-type=\"widget\" data-widget_type=\"heading.default\">\n\t\t\t\t\t<h2 class=\"elementor-heading-title elementor-size-default\">Le plus pour votre journ\u00e9e aux thermes<\/h2>\t\t\t\t<\/div>\n\t\t<div class=\"elementor-element elementor-element-675612a e-grid e-con-full listing-grid e-con e-child\" data-id=\"675612a\" data-element_type=\"container\" data-e-type=\"container\">\n\t\t<div class=\"elementor-element elementor-element-db75652 e-con-full e-grid listing-element e-con e-child\" data-id=\"db75652\" data-element_type=\"container\" data-e-type=\"container\" data-settings=\"{&quot;background_background&quot;:&quot;classic&quot;}\">\n\t\t\t\t<div class=\"elementor-element elementor-element-b86e3e0 listing-element-fullimg elementor-widget elementor-widget-image\" data-id=\"b86e3e0\" data-element_type=\"widget\" data-e-type=\"widget\" data-widget_type=\"image.default\">\n\t\t\t\t\t\t\t\t\t\t\t\t\t\t\t<img loading=\"lazy\" decoding=\"async\" width=\"2000\" height=\"1500\" src=\"https:\/\/suedpfalz-therme.de\/wp-content\/uploads\/2026\/01\/Therme-Taosensa_Barfusspfad.webp\" class=\"elementor-animation-grow attachment-full size-full wp-image-4664\" alt=\"\" srcset=\"https:\/\/suedpfalz-therme.de\/wp-content\/uploads\/2026\/01\/Therme-Taosensa_Barfusspfad.webp 2000w, https:\/\/suedpfalz-therme.de\/wp-content\/uploads\/2026\/01\/Therme-Taosensa_Barfusspfad-300x225.webp 300w, https:\/\/suedpfalz-therme.de\/wp-content\/uploads\/2026\/01\/Therme-Taosensa_Barfusspfad-1024x768.webp 1024w, https:\/\/suedpfalz-therme.de\/wp-content\/uploads\/2026\/01\/Therme-Taosensa_Barfusspfad-768x576.webp 768w, https:\/\/suedpfalz-therme.de\/wp-content\/uploads\/2026\/01\/Therme-Taosensa_Barfusspfad-1536x1152.webp 1536w\" sizes=\"(max-width: 2000px) 100vw, 2000px\" \/>\t\t\t\t\t\t\t\t\t\t\t\t\t\t\t<\/div>\n\t\t<div class=\"elementor-element elementor-element-53a28c6 e-con-full e-flex e-con e-child\" data-id=\"53a28c6\" data-element_type=\"container\" data-e-type=\"container\">\n\t\t\t\t<div class=\"elementor-element elementor-element-2cea818 h3 elementor-widget elementor-widget-heading\" data-id=\"2cea818\" data-element_type=\"widget\" data-e-type=\"widget\" data-widget_type=\"heading.default\">\n\t\t\t\t\t<h3 class=\"elementor-heading-title elementor-size-default\">Taosensa<\/h3>\t\t\t\t<\/div>\n\t\t\t\t<div class=\"elementor-element elementor-element-d9077a8 h5 elementor-widget elementor-widget-heading\" data-id=\"d9077a8\" data-element_type=\"widget\" data-e-type=\"widget\" data-widget_type=\"heading.default\">\n\t\t\t\t\t<h4 class=\"elementor-heading-title elementor-size-default\">Le sentier pieds nus tr\u00e8s sp\u00e9cial<\/h4>\t\t\t\t<\/div>\n\t\t\t\t<div class=\"elementor-element elementor-element-3aff128 elementor-widget elementor-widget-text-editor\" data-id=\"3aff128\" data-element_type=\"widget\" data-e-type=\"widget\" data-widget_type=\"text-editor.default\">\n\t\t\t\t\t\t\t\t\t<p class=\"p1\">Notre parcours de r\u00e9flexologie plantaire traverse des surfaces de formes diff\u00e9rentes et stimule, en marchant, les zones r\u00e9flexes de la plante des pieds, et par cons\u00e9quent l&rsquo;ensemble de l&rsquo;organisme de mani\u00e8re durable. Ces impulsions peuvent \u00eatre si intenses que nous nous sentons d&rsquo;abord stimul\u00e9s et agr\u00e9ablement activ\u00e9s, puis nous ressentons une profonde d\u00e9tente et une sensation de chaleur g\u00e9n\u00e9ralis\u00e9e. <\/p>\t\t\t\t\t\t\t\t<\/div>\n\t\t\t\t<\/div>\n\t\t\t\t<\/div>\n\t\t<div class=\"elementor-element elementor-element-55ab67a e-con-full e-grid listing-element e-con e-child\" data-id=\"55ab67a\" data-element_type=\"container\" data-e-type=\"container\" data-settings=\"{&quot;background_background&quot;:&quot;classic&quot;}\">\n\t\t\t\t<div class=\"elementor-element elementor-element-da3bb5f listing-element-fullimg elementor-widget elementor-widget-image\" data-id=\"da3bb5f\" data-element_type=\"widget\" data-e-type=\"widget\" data-widget_type=\"image.default\">\n\t\t\t\t\t\t\t\t\t\t\t\t\t\t\t<img loading=\"lazy\" decoding=\"async\" width=\"2000\" height=\"1500\" src=\"https:\/\/suedpfalz-therme.de\/wp-content\/uploads\/2026\/01\/Therme-Infrarotkabine.webp\" class=\"elementor-animation-grow attachment-full size-full wp-image-4665\" alt=\"\" srcset=\"https:\/\/suedpfalz-therme.de\/wp-content\/uploads\/2026\/01\/Therme-Infrarotkabine.webp 2000w, https:\/\/suedpfalz-therme.de\/wp-content\/uploads\/2026\/01\/Therme-Infrarotkabine-300x225.webp 300w, https:\/\/suedpfalz-therme.de\/wp-content\/uploads\/2026\/01\/Therme-Infrarotkabine-1024x768.webp 1024w, https:\/\/suedpfalz-therme.de\/wp-content\/uploads\/2026\/01\/Therme-Infrarotkabine-768x576.webp 768w, https:\/\/suedpfalz-therme.de\/wp-content\/uploads\/2026\/01\/Therme-Infrarotkabine-1536x1152.webp 1536w\" sizes=\"(max-width: 2000px) 100vw, 2000px\" \/>\t\t\t\t\t\t\t\t\t\t\t\t\t\t\t<\/div>\n\t\t<div class=\"elementor-element elementor-element-90fd2e3 e-con-full e-flex e-con e-child\" data-id=\"90fd2e3\" data-element_type=\"container\" data-e-type=\"container\">\n\t\t\t\t<div class=\"elementor-element elementor-element-4b2eec0 h3 elementor-widget elementor-widget-heading\" data-id=\"4b2eec0\" data-element_type=\"widget\" data-e-type=\"widget\" data-widget_type=\"heading.default\">\n\t\t\t\t\t<h3 class=\"elementor-heading-title elementor-size-default\">Chaleur infrarouge<\/h3>\t\t\t\t<\/div>\n\t\t\t\t<div class=\"elementor-element elementor-element-d7a96cc h5 elementor-widget elementor-widget-heading\" data-id=\"d7a96cc\" data-element_type=\"widget\" data-e-type=\"widget\" data-widget_type=\"heading.default\">\n\t\t\t\t\t<h4 class=\"elementor-heading-title elementor-size-default\">La chaleur profonde bienfaisante<\/h4>\t\t\t\t<\/div>\n\t\t\t\t<div class=\"elementor-element elementor-element-b0e7aad elementor-widget elementor-widget-text-editor\" data-id=\"b0e7aad\" data-element_type=\"widget\" data-e-type=\"widget\" data-widget_type=\"text-editor.default\">\n\t\t\t\t\t\t\t\t\t<p class=\"p1\">La chaleur infrarouge a de nombreux effets positifs sur le corps. Elle favorise la circulation sanguine, soulage les douleurs musculaires et articulaires, soutient le syst\u00e8me immunitaire, d\u00e9toxifie le corps et a des effets positifs sur le syst\u00e8me cardiovasculaire. Ces effets peuvent conduire \u00e0 un bien-\u00eatre accru et \u00e0 une meilleure sant\u00e9 de la peau.  <\/p>\t\t\t\t\t\t\t\t<\/div>\n\t\t\t\t<\/div>\n\t\t\t\t<\/div>\n\t\t<div class=\"elementor-element elementor-element-b3d21e9 e-con-full e-grid listing-element e-con e-child\" data-id=\"b3d21e9\" data-element_type=\"container\" data-e-type=\"container\" data-settings=\"{&quot;background_background&quot;:&quot;classic&quot;}\">\n\t\t\t\t<div class=\"elementor-element elementor-element-52a3aaa listing-element-fullimg elementor-widget elementor-widget-image\" data-id=\"52a3aaa\" data-element_type=\"widget\" data-e-type=\"widget\" data-widget_type=\"image.default\">\n\t\t\t\t\t\t\t\t\t\t\t\t\t\t\t<img loading=\"lazy\" decoding=\"async\" width=\"2000\" height=\"1500\" src=\"https:\/\/suedpfalz-therme.de\/wp-content\/uploads\/2026\/01\/Therme-Hydrojet_Velusjet.webp\" class=\"elementor-animation-grow attachment-full size-full wp-image-4666\" alt=\"Hydrojet \u2013 VelusJET \u2013 L&#039;exp\u00e9rience de bien-\u00eatre holistique\" srcset=\"https:\/\/suedpfalz-therme.de\/wp-content\/uploads\/2026\/01\/Therme-Hydrojet_Velusjet.webp 2000w, https:\/\/suedpfalz-therme.de\/wp-content\/uploads\/2026\/01\/Therme-Hydrojet_Velusjet-300x225.webp 300w, https:\/\/suedpfalz-therme.de\/wp-content\/uploads\/2026\/01\/Therme-Hydrojet_Velusjet-1024x768.webp 1024w, https:\/\/suedpfalz-therme.de\/wp-content\/uploads\/2026\/01\/Therme-Hydrojet_Velusjet-768x576.webp 768w, https:\/\/suedpfalz-therme.de\/wp-content\/uploads\/2026\/01\/Therme-Hydrojet_Velusjet-1536x1152.webp 1536w\" sizes=\"(max-width: 2000px) 100vw, 2000px\" \/>\t\t\t\t\t\t\t\t\t\t\t\t\t\t\t<\/div>\n\t\t<div class=\"elementor-element elementor-element-81ca2cc e-con-full e-flex e-con e-child\" data-id=\"81ca2cc\" data-element_type=\"container\" data-e-type=\"container\">\n\t\t\t\t<div class=\"elementor-element elementor-element-b97fa0d h3 elementor-widget elementor-widget-heading\" data-id=\"b97fa0d\" data-element_type=\"widget\" data-e-type=\"widget\" data-widget_type=\"heading.default\">\n\t\t\t\t\t<h3 class=\"elementor-heading-title elementor-size-default\">Hydrojet<\/h3>\t\t\t\t<\/div>\n\t\t\t\t<div class=\"elementor-element elementor-element-de2d368 h5 elementor-widget elementor-widget-heading\" data-id=\"de2d368\" data-element_type=\"widget\" data-e-type=\"widget\" data-widget_type=\"heading.default\">\n\t\t\t\t\t<h4 class=\"elementor-heading-title elementor-size-default\">L'exp\u00e9rience de bien-\u00eatre holistique<\/h4>\t\t\t\t<\/div>\n\t\t\t\t<div class=\"elementor-element elementor-element-82e95b7 elementor-widget elementor-widget-text-editor\" data-id=\"82e95b7\" data-element_type=\"widget\" data-e-type=\"widget\" data-widget_type=\"text-editor.default\">\n\t\t\t\t\t\t\t\t\t<p class=\"p1\">Lors de notre application Hydrojet, des massages doux et cibl\u00e9s par jets d&rsquo;eau d\u00e9contractent les tensions musculaires, favorisent la circulation sanguine et stimulent le m\u00e9tabolisme. Les jets massants favorisent la d\u00e9tente, am\u00e9liorent la mobilit\u00e9 et le bien-\u00eatre g\u00e9n\u00e9ral \u2013 parfait comme \u00e9l\u00e9ment int\u00e9gr\u00e9 de votre exp\u00e9rience de bien-\u00eatre holistique. <b> <\/b><\/p>\t\t\t\t\t\t\t\t<\/div>\n\t\t\t\t<\/div>\n\t\t\t\t<\/div>\n\t\t<div class=\"elementor-element elementor-element-753da2a e-con-full e-grid listing-element e-con e-child\" data-id=\"753da2a\" data-element_type=\"container\" data-e-type=\"container\" data-settings=\"{&quot;background_background&quot;:&quot;classic&quot;}\">\n\t\t\t\t<div class=\"elementor-element elementor-element-149f6ec listing-element-fullimg elementor-widget elementor-widget-image\" data-id=\"149f6ec\" data-element_type=\"widget\" data-e-type=\"widget\" data-widget_type=\"image.default\">\n\t\t\t\t\t\t\t\t\t\t\t\t\t\t\t<img loading=\"lazy\" decoding=\"async\" width=\"2000\" height=\"1500\" src=\"https:\/\/suedpfalz-therme.de\/wp-content\/uploads\/2026\/01\/Therme-Fitnessgeraete.webp\" class=\"elementor-animation-grow attachment-full size-full wp-image-4667\" alt=\"Appareils de fitness \u2013 Pour les muscles et l&#039;endurance\" srcset=\"https:\/\/suedpfalz-therme.de\/wp-content\/uploads\/2026\/01\/Therme-Fitnessgeraete.webp 2000w, https:\/\/suedpfalz-therme.de\/wp-content\/uploads\/2026\/01\/Therme-Fitnessgeraete-300x225.webp 300w, https:\/\/suedpfalz-therme.de\/wp-content\/uploads\/2026\/01\/Therme-Fitnessgeraete-1024x768.webp 1024w, https:\/\/suedpfalz-therme.de\/wp-content\/uploads\/2026\/01\/Therme-Fitnessgeraete-768x576.webp 768w, https:\/\/suedpfalz-therme.de\/wp-content\/uploads\/2026\/01\/Therme-Fitnessgeraete-1536x1152.webp 1536w\" sizes=\"(max-width: 2000px) 100vw, 2000px\" \/>\t\t\t\t\t\t\t\t\t\t\t\t\t\t\t<\/div>\n\t\t<div class=\"elementor-element elementor-element-3c4bbeb e-con-full e-flex e-con e-child\" data-id=\"3c4bbeb\" data-element_type=\"container\" data-e-type=\"container\">\n\t\t\t\t<div class=\"elementor-element elementor-element-b80e352 h3 elementor-widget elementor-widget-heading\" data-id=\"b80e352\" data-element_type=\"widget\" data-e-type=\"widget\" data-widget_type=\"heading.default\">\n\t\t\t\t\t<h3 class=\"elementor-heading-title elementor-size-default\">Fitness<\/h3>\t\t\t\t<\/div>\n\t\t\t\t<div class=\"elementor-element elementor-element-5c28f4c h5 elementor-widget elementor-widget-heading\" data-id=\"5c28f4c\" data-element_type=\"widget\" data-e-type=\"widget\" data-widget_type=\"heading.default\">\n\t\t\t\t\t<h4 class=\"elementor-heading-title elementor-size-default\">Pour les muscles et l'endurance<\/h4>\t\t\t\t<\/div>\n\t\t\t\t<div class=\"elementor-element elementor-element-56c8d9a elementor-widget elementor-widget-text-editor\" data-id=\"56c8d9a\" data-element_type=\"widget\" data-e-type=\"widget\" data-widget_type=\"text-editor.default\">\n\t\t\t\t\t\t\t\t\t<p class=\"p1\">Notre espace fitness compact propose des ergom\u00e8tres et des elliptiques modernes \u2013 id\u00e9aux pour un entra\u00eenement d&rsquo;endurance doux dans le cadre d&rsquo;une visite aux thermes ou au sauna. Il favorise la sant\u00e9 cardiovasculaire, renforce les muscles et la coordination, et s&rsquo;adapte de mani\u00e8re flexible \u00e0 votre journ\u00e9e de bien-\u00eatre individuelle. <\/p>\t\t\t\t\t\t\t\t<\/div>\n\t\t\t\t<\/div>\n\t\t\t\t<\/div>\n\t\t<div class=\"elementor-element elementor-element-c24881a e-con-full e-grid listing-element e-con e-child\" data-id=\"c24881a\" data-element_type=\"container\" data-e-type=\"container\" data-settings=\"{&quot;background_background&quot;:&quot;classic&quot;}\">\n\t\t\t\t<div class=\"elementor-element elementor-element-2fc69d5 listing-element-fullimg elementor-widget elementor-widget-image\" data-id=\"2fc69d5\" data-element_type=\"widget\" data-e-type=\"widget\" data-widget_type=\"image.default\">\n\t\t\t\t\t\t\t\t\t\t\t\t\t\t\t<img loading=\"lazy\" decoding=\"async\" width=\"2000\" height=\"1500\" src=\"https:\/\/suedpfalz-therme.de\/wp-content\/uploads\/2026\/01\/Therme-Aqua_Fitness.webp\" class=\"elementor-animation-grow attachment-full size-full wp-image-4668\" alt=\"Aqua-Fitness \u2013 Port\u00e9 par l&#039;eau\" srcset=\"https:\/\/suedpfalz-therme.de\/wp-content\/uploads\/2026\/01\/Therme-Aqua_Fitness.webp 2000w, https:\/\/suedpfalz-therme.de\/wp-content\/uploads\/2026\/01\/Therme-Aqua_Fitness-300x225.webp 300w, https:\/\/suedpfalz-therme.de\/wp-content\/uploads\/2026\/01\/Therme-Aqua_Fitness-1024x768.webp 1024w, https:\/\/suedpfalz-therme.de\/wp-content\/uploads\/2026\/01\/Therme-Aqua_Fitness-768x576.webp 768w, https:\/\/suedpfalz-therme.de\/wp-content\/uploads\/2026\/01\/Therme-Aqua_Fitness-1536x1152.webp 1536w\" sizes=\"(max-width: 2000px) 100vw, 2000px\" \/>\t\t\t\t\t\t\t\t\t\t\t\t\t\t\t<\/div>\n\t\t<div class=\"elementor-element elementor-element-b00978b e-con-full e-flex e-con e-child\" data-id=\"b00978b\" data-element_type=\"container\" data-e-type=\"container\">\n\t\t\t\t<div class=\"elementor-element elementor-element-667d9df h3 elementor-widget elementor-widget-heading\" data-id=\"667d9df\" data-element_type=\"widget\" data-e-type=\"widget\" data-widget_type=\"heading.default\">\n\t\t\t\t\t<h3 class=\"elementor-heading-title elementor-size-default\">Aqua-Fitness<\/h3>\t\t\t\t<\/div>\n\t\t\t\t<div class=\"elementor-element elementor-element-76a000b h5 elementor-widget elementor-widget-heading\" data-id=\"76a000b\" data-element_type=\"widget\" data-e-type=\"widget\" data-widget_type=\"heading.default\">\n\t\t\t\t\t<h4 class=\"elementor-heading-title elementor-size-default\">Port\u00e9 par l'eau<\/h4>\t\t\t\t<\/div>\n\t\t\t\t<div class=\"elementor-element elementor-element-e763826 elementor-widget elementor-widget-text-editor\" data-id=\"e763826\" data-element_type=\"widget\" data-e-type=\"widget\" data-widget_type=\"text-editor.default\">\n\t\t\t\t\t\t\t\t\t<p class=\"p1\">Cinq fois par jour, nous proposons \u00e0 nos h\u00f4tes dans le bassin int\u00e9rieur un entra\u00eenement doux et aquatique adapt\u00e9 \u00e0 tous les \u00e2ges et niveaux de forme physique pour le renforcement, la mobilisation et l&rsquo;am\u00e9lioration de la condition physique, de l&rsquo;\u00e9quilibre et de la mobilit\u00e9. (09h30, 11h30, 15h00, 17h30 et 20h30, dur\u00e9e 15 min.) <\/p><p class=\"p1\">Notre offre de cours individuels suppl\u00e9mentaires est adapt\u00e9e \u00e0 diff\u00e9rents groupes d&rsquo;\u00e2ge et besoins. Vous trouverez des informations et des dates <strong><a href=\"https:\/\/suedpfalz-therme.de\/physiotherapie-kurse#aquafitness\" data-wplink-edit=\"true\">ICI<\/a><\/strong>.<\/p>\t\t\t\t\t\t\t\t<\/div>\n\t\t\t\t<div class=\"elementor-element elementor-element-2fa9845 elementor-widget elementor-widget-button\" data-id=\"2fa9845\" data-element_type=\"widget\" data-e-type=\"widget\" data-widget_type=\"button.default\">\n\t\t\t\t\t\t\t\t\t\t<a class=\"elementor-button elementor-button-link elementor-size-sm\" href=\"https:\/\/suedpfalz-therme.de\/fr\/information\/cours\/#aquafitness\">\n\t\t\t\t\t\t<span class=\"elementor-button-content-wrapper\">\n\t\t\t\t\t\t\t\t\t<span class=\"elementor-button-text\">Informations et dates<\/span>\n\t\t\t\t\t<\/span>\n\t\t\t\t\t<\/a>\n\t\t\t\t\t\t\t\t<\/div>\n\t\t\t\t<\/div>\n\t\t\t\t<\/div>\n\t\t\t\t<\/div>\n\t\t\t\t\t<\/div>\n\t\t\t\t<\/div>\n\t\t<div class=\"elementor-element elementor-element-fff961a e-grid e-con-boxed e-con e-parent\" data-id=\"fff961a\" data-element_type=\"container\" data-e-type=\"container\" data-settings=\"{&quot;background_background&quot;:&quot;classic&quot;}\">\n\t\t\t\t\t<div class=\"e-con-inner\">\n\t\t\t\t<div class=\"elementor-element elementor-element-30841c4 img-aspect-ratio-4-3 elementor-widget elementor-widget-image\" data-id=\"30841c4\" data-element_type=\"widget\" data-e-type=\"widget\" data-widget_type=\"image.default\">\n\t\t\t\t\t\t\t\t\t\t\t\t\t\t\t<img loading=\"lazy\" decoding=\"async\" width=\"2000\" height=\"1500\" src=\"https:\/\/suedpfalz-therme.de\/wp-content\/uploads\/2026\/01\/Therme-Heilwasser.webp\" class=\"elementor-animation-grow attachment-full size-full wp-image-4669\" alt=\"Notre eau thermale\" srcset=\"https:\/\/suedpfalz-therme.de\/wp-content\/uploads\/2026\/01\/Therme-Heilwasser.webp 2000w, https:\/\/suedpfalz-therme.de\/wp-content\/uploads\/2026\/01\/Therme-Heilwasser-300x225.webp 300w, https:\/\/suedpfalz-therme.de\/wp-content\/uploads\/2026\/01\/Therme-Heilwasser-1024x768.webp 1024w, https:\/\/suedpfalz-therme.de\/wp-content\/uploads\/2026\/01\/Therme-Heilwasser-768x576.webp 768w, https:\/\/suedpfalz-therme.de\/wp-content\/uploads\/2026\/01\/Therme-Heilwasser-1536x1152.webp 1536w\" sizes=\"(max-width: 2000px) 100vw, 2000px\" \/>\t\t\t\t\t\t\t\t\t\t\t\t\t\t\t<\/div>\n\t\t<div class=\"elementor-element elementor-element-8efca28 e-con-full e-flex e-con e-child\" data-id=\"8efca28\" data-element_type=\"container\" data-e-type=\"container\">\n\t\t\t\t<div class=\"elementor-element elementor-element-7070039 h2 elementor-widget elementor-widget-heading\" data-id=\"7070039\" data-element_type=\"widget\" data-e-type=\"widget\" data-widget_type=\"heading.default\">\n\t\t\t\t\t<h2 class=\"elementor-heading-title elementor-size-default\">Notre eau thermale<\/h2>\t\t\t\t<\/div>\n\t\t\t\t<div class=\"elementor-element elementor-element-8f46a11 h5 elementor-widget elementor-widget-heading\" data-id=\"8f46a11\" data-element_type=\"widget\" data-e-type=\"widget\" data-widget_type=\"heading.default\">\n\t\t\t\t\t<h3 class=\"elementor-heading-title elementor-size-default\">Vivifiante. Vitalisante. <\/h3>\t\t\t\t<\/div>\n\t\t\t\t<div class=\"elementor-element elementor-element-017115f elementor-widget elementor-widget-text-editor\" data-id=\"017115f\" data-element_type=\"widget\" data-e-type=\"widget\" data-widget_type=\"text-editor.default\">\n\t\t\t\t\t\t\t\t\t<p>L&rsquo;eau thermale min\u00e9rale de nos sources thermales a des effets curatifs et gu\u00e9risseurs sur l&rsquo;ensemble du corps. Il tonifie le corps et favorise l&rsquo;activation du syst\u00e8me immunitaire. <\/p>\t\t\t\t\t\t\t\t<\/div>\n\t\t\t\t<div class=\"elementor-element elementor-element-782dc44 elementor-widget elementor-widget-text-editor\" data-id=\"782dc44\" data-element_type=\"widget\" data-e-type=\"widget\" data-widget_type=\"text-editor.default\">\n\t\t\t\t\t\t\t\t\t<p>En raison de sa min\u00e9ralisation, elle est notamment recommand\u00e9e pour :<\/p><ul><li>affections rhumatismales<\/li><li>les d\u00e9formations articulaires et vert\u00e9brales<\/li><li>les probl\u00e8mes de disques intervert\u00e9braux (pr\u00e9 et post-op\u00e9ratoires)<\/li><li>les \u00e9tats apr\u00e8s fractures ou luxations<\/li><li>les l\u00e9sions des ligaments, des muscles et des nerfs<\/li><li>les paralysies spastiques ou flasques<\/li><li>les \u00e9tats douloureux g\u00e9n\u00e9raux et les tensions musculaires<\/li><\/ul>\t\t\t\t\t\t\t\t<\/div>\n\t\t\t\t<\/div>\n\t\t\t\t\t<\/div>\n\t\t\t\t<\/div>\n\t\t<div class=\"elementor-element elementor-element-a30750b e-flex e-con-boxed e-con e-parent\" data-id=\"a30750b\" data-element_type=\"container\" data-e-type=\"container\">\n\t\t\t\t\t<div class=\"e-con-inner\">\n\t\t\t\t<div class=\"elementor-element elementor-element-cc6af05 h2 elementor-widget elementor-widget-heading\" data-id=\"cc6af05\" data-element_type=\"widget\" data-e-type=\"widget\" data-widget_type=\"heading.default\">\n\t\t\t\t\t<h2 class=\"elementor-heading-title elementor-size-default\">Plan<\/h2>\t\t\t\t<\/div>\n\t\t\t\t<div class=\"elementor-element elementor-element-54bad9f elementor-widget elementor-widget-image\" data-id=\"54bad9f\" data-element_type=\"widget\" data-e-type=\"widget\" data-widget_type=\"image.default\">\n\t\t\t\t\t\t\t\t\t\t\t\t\t\t\t\t<a href=\"https:\/\/suedpfalz-therme.de\/wp-content\/uploads\/2026\/02\/Lageplan-Termalbecken.webp\" data-elementor-open-lightbox=\"yes\" data-elementor-lightbox-title=\"Plan des bassins thermaux\" data-e-action-hash=\"#elementor-action%3Aaction%3Dlightbox%26settings%3DeyJpZCI6NDY3MSwidXJsIjoiaHR0cHM6XC9cL3N1ZWRwZmFsei10aGVybWUuZGVcL3dwLWNvbnRlbnRcL3VwbG9hZHNcLzIwMjZcLzAyXC9MYWdlcGxhbi1UZXJtYWxiZWNrZW4ud2VicCJ9\">\n\t\t\t\t\t\t\t<img loading=\"lazy\" decoding=\"async\" width=\"2428\" height=\"1418\" src=\"https:\/\/suedpfalz-therme.de\/wp-content\/uploads\/2026\/02\/Lageplan-Termalbecken.webp\" class=\"attachment-full size-full wp-image-4671\" alt=\"Plan des bassins thermaux\" srcset=\"https:\/\/suedpfalz-therme.de\/wp-content\/uploads\/2026\/02\/Lageplan-Termalbecken.webp 2428w, https:\/\/suedpfalz-therme.de\/wp-content\/uploads\/2026\/02\/Lageplan-Termalbecken-300x175.webp 300w, https:\/\/suedpfalz-therme.de\/wp-content\/uploads\/2026\/02\/Lageplan-Termalbecken-1024x598.webp 1024w, https:\/\/suedpfalz-therme.de\/wp-content\/uploads\/2026\/02\/Lageplan-Termalbecken-768x449.webp 768w, https:\/\/suedpfalz-therme.de\/wp-content\/uploads\/2026\/02\/Lageplan-Termalbecken-1536x897.webp 1536w, https:\/\/suedpfalz-therme.de\/wp-content\/uploads\/2026\/02\/Lageplan-Termalbecken-2048x1196.webp 2048w\" sizes=\"(max-width: 2428px) 100vw, 2428px\" \/>\t\t\t\t\t\t\t\t<\/a>\n\t\t\t\t\t\t\t\t\t\t\t\t\t\t\t<\/div>\n\t\t\t\t\t<\/div>\n\t\t\t\t<\/div>\n\t\t\t\t<\/div>\n\t\t","protected":false},"excerpt":{"rendered":"<p>Thermes Naturel. P\u00e9tillant. Laissez-vous impr\u00e9gner par la force naturelle de l&rsquo;eau thermale curative provenant de 450 m de profondeur et d\u00e9couvrez une atmosph\u00e8re de calme et de d\u00e9tente. De vastes \u00e9tendues d&rsquo;eau avec des attractions p\u00e9tillantes, des possibilit\u00e9s de massage agr\u00e9ables et une temp\u00e9rature agr\u00e9able de 32 \u00b0C cr\u00e9ent des conditions id\u00e9ales pour l\u00e2cher prise&hellip;<\/p>\n","protected":false},"author":1,"featured_media":0,"parent":0,"menu_order":10,"comment_status":"closed","ping_status":"closed","template":"modus.php","meta":{"inline_featured_image":false,"footnotes":""},"class_list":["post-4660","page","type-page","status-publish","hentry"],"publishpress_future_action":{"enabled":false,"date":"2026-05-04 17:05:28","action":"change-status","newStatus":"draft","terms":[],"taxonomy":"translation_priority","extraData":[]},"publishpress_future_workflow_manual_trigger":{"enabledWorkflows":[]},"_links":{"self":[{"href":"https:\/\/suedpfalz-therme.de\/fr\/wp-json\/wp\/v2\/pages\/4660","targetHints":{"allow":["GET"]}}],"collection":[{"href":"https:\/\/suedpfalz-therme.de\/fr\/wp-json\/wp\/v2\/pages"}],"about":[{"href":"https:\/\/suedpfalz-therme.de\/fr\/wp-json\/wp\/v2\/types\/page"}],"author":[{"embeddable":true,"href":"https:\/\/suedpfalz-therme.de\/fr\/wp-json\/wp\/v2\/users\/1"}],"replies":[{"embeddable":true,"href":"https:\/\/suedpfalz-therme.de\/fr\/wp-json\/wp\/v2\/comments?post=4660"}],"version-history":[{"count":2,"href":"https:\/\/suedpfalz-therme.de\/fr\/wp-json\/wp\/v2\/pages\/4660\/revisions"}],"predecessor-version":[{"id":5172,"href":"https:\/\/suedpfalz-therme.de\/fr\/wp-json\/wp\/v2\/pages\/4660\/revisions\/5172"}],"wp:attachment":[{"href":"https:\/\/suedpfalz-therme.de\/fr\/wp-json\/wp\/v2\/media?parent=4660"}],"curies":[{"name":"wp","href":"https:\/\/api.w.org\/{rel}","templated":true}]}}