{"id":4797,"date":"2026-01-09T10:35:30","date_gmt":"2026-01-09T09:35:30","guid":{"rendered":"https:\/\/suedpfalz-therme.de\/information\/cours\/"},"modified":"2026-03-12T10:52:05","modified_gmt":"2026-03-12T09:52:05","slug":"cours","status":"publish","type":"page","link":"https:\/\/suedpfalz-therme.de\/fr\/information\/cours\/","title":{"rendered":"Cours"},"content":{"rendered":"\t\t<div data-elementor-type=\"wp-page\" data-elementor-id=\"4797\" class=\"elementor elementor-4797 elementor-3454\" data-elementor-post-type=\"page\">\n\t\t\t\t<section class=\"elementor-element elementor-element-bb7e194 modus-slider e-flex e-con-boxed e-con e-parent\" data-id=\"bb7e194\" data-element_type=\"container\" data-e-type=\"container\" data-settings=\"{&quot;background_background&quot;:&quot;classic&quot;}\">\n\t\t\t\t\t<div class=\"e-con-inner\">\n\t\t\t\t<div class=\"elementor-element elementor-element-e549f5b h1 elementor-widget elementor-widget-heading\" data-id=\"e549f5b\" data-element_type=\"widget\" data-e-type=\"widget\" data-widget_type=\"heading.default\">\n\t\t\t\t\t<h1 class=\"elementor-heading-title elementor-size-default\">Offre de cours<\/h1>\t\t\t\t<\/div>\n\t\t\t\t<div class=\"elementor-element elementor-element-d5101f1 h2 elementor-widget elementor-widget-heading\" data-id=\"d5101f1\" data-element_type=\"widget\" data-e-type=\"widget\" data-widget_type=\"heading.default\">\n\t\t\t\t\t<h2 class=\"elementor-heading-title elementor-size-default\">En forme. Dynamisant. Relaxant.  <\/h2>\t\t\t\t<\/div>\n\t\t\t\t\t<\/div>\n\t\t\t\t<\/section>\n\t\t<div class=\"elementor-element elementor-element-4161500 e-flex e-con-boxed e-con e-parent\" data-id=\"4161500\" data-element_type=\"container\" data-e-type=\"container\">\n\t\t\t\t\t<div class=\"e-con-inner\">\n\t\t\t\t<div class=\"elementor-element elementor-element-b151ee1 elementor-widget elementor-widget-text-editor\" data-id=\"b151ee1\" data-element_type=\"widget\" data-e-type=\"widget\" data-widget_type=\"text-editor.default\">\n\t\t\t\t\t\t\t\t\t<p>Commencez d\u00e8s maintenant votre programme global de fitness et de mobilit\u00e9 \u2013 dans l\u2019eau ou sur la terre ferme.<\/p><p>Nos cours d\u2019aquagym associent des mouvements efficaces \u00e0 des r\u00e9sultats d\u2019entra\u00eenement tangibles, id\u00e9als pour les d\u00e9butants comme pour les confirm\u00e9s, pour diff\u00e9rents \u00e2ges et besoins. La flottabilit\u00e9 dans l\u2019eau prot\u00e8ge les tendons, les ligaments, les articulations et la colonne vert\u00e9brale, tandis que la chaleur favorise la d\u00e9tente musculaire. Les sports aquatiques am\u00e9liorent \u00e9galement l\u2019endurance, la force et les performances cardio-vasculaires.  <\/p><p>En compl\u00e9ment, nous proposons un programme global sur la terre ferme : yoga, qigong ou pr\u00e9vention du burn-out harmonisent le corps et l\u2019esprit, renforcent la pleine conscience, la r\u00e9sistance au stress et la r\u00e9silience \u2013 parfaitement adapt\u00e9s \u00e0 vos besoins.<\/p>\t\t\t\t\t\t\t\t<\/div>\n\t\t\t\t<div class=\"elementor-element elementor-element-1bd99dc elementor-align-center elementor-widget elementor-widget-button\" data-id=\"1bd99dc\" data-element_type=\"widget\" data-e-type=\"widget\" data-widget_type=\"button.default\">\n\t\t\t\t\t\t\t\t\t\t<a class=\"elementor-button elementor-button-link elementor-size-sm\" href=\"https:\/\/shop.suedpfalz-therme.de\/\" target=\"_blank\">\n\t\t\t\t\t\t<span class=\"elementor-button-content-wrapper\">\n\t\t\t\t\t\t\t\t\t<span class=\"elementor-button-text\">R\u00e9server des cours<\/span>\n\t\t\t\t\t<\/span>\n\t\t\t\t\t<\/a>\n\t\t\t\t\t\t\t\t<\/div>\n\t\t\t\t\t<\/div>\n\t\t\t\t<\/div>\n\t\t<div class=\"elementor-element elementor-element-e709f76 e-flex e-con-boxed e-con e-parent\" data-id=\"e709f76\" data-element_type=\"container\" data-e-type=\"container\" id=\"aquafitness\" data-settings=\"{&quot;background_background&quot;:&quot;classic&quot;}\">\n\t\t\t\t\t<div class=\"e-con-inner\">\n\t\t\t\t<div class=\"elementor-element elementor-element-aadd881 h2 elementor-widget elementor-widget-heading\" data-id=\"aadd881\" data-element_type=\"widget\" data-e-type=\"widget\" data-widget_type=\"heading.default\">\n\t\t\t\t\t<h2 class=\"elementor-heading-title elementor-size-default\">Cours aquatiques<\/h2>\t\t\t\t<\/div>\n\t\t<div class=\"elementor-element elementor-element-36281d8 e-grid e-con-full listing-grid e-con e-child\" data-id=\"36281d8\" data-element_type=\"container\" data-e-type=\"container\">\n\t\t<div class=\"elementor-element elementor-element-4c8da7a e-con-full e-flex e-con e-child\" data-id=\"4c8da7a\" data-element_type=\"container\" data-e-type=\"container\" data-settings=\"{&quot;background_background&quot;:&quot;classic&quot;}\">\n\t\t<div class=\"elementor-element elementor-element-f4ba6b1 e-con-full e-flex e-con e-child\" data-id=\"f4ba6b1\" data-element_type=\"container\" data-e-type=\"container\">\n\t\t\t\t<div class=\"elementor-element elementor-element-4fb3f7e h3 elementor-widget elementor-widget-heading\" data-id=\"4fb3f7e\" data-element_type=\"widget\" data-e-type=\"widget\" data-widget_type=\"heading.default\">\n\t\t\t\t\t<h3 class=\"elementor-heading-title elementor-size-default\">Aqua dos en forme<\/h3>\t\t\t\t<\/div>\n\t\t\t\t<div class=\"elementor-element elementor-element-10c33ad elementor-widget elementor-widget-text-editor\" data-id=\"10c33ad\" data-element_type=\"widget\" data-e-type=\"widget\" data-widget_type=\"text-editor.default\">\n\t\t\t\t\t\t\t\t\t<p>Entra\u00eenement doux pour les articulations dans une eau \u00e0 32 \u00b0C pour renforcer, assouplir et stabiliser la colonne vert\u00e9brale. Gr\u00e2ce \u00e0 la r\u00e9sistance de l\u2019eau et \u00e0 des exercices cibl\u00e9s, tous les groupes musculaires sont sollicit\u00e9s, la posture est am\u00e9lior\u00e9e et les douleurs dorsales sont pr\u00e9venues. Offre de pr\u00e9vention certifi\u00e9e, participation possible des caisses d\u2019assurance maladie.  <\/p>\t\t\t\t\t\t\t\t<\/div>\n\t\t<div class=\"elementor-element elementor-element-0e5e0ad e-con-full e-flex e-con e-child\" data-id=\"0e5e0ad\" data-element_type=\"container\" data-e-type=\"container\">\n\t\t\t\t<div class=\"elementor-element elementor-element-61a17dd elementor-widget elementor-widget-heading\" data-id=\"61a17dd\" data-element_type=\"widget\" data-e-type=\"widget\" data-widget_type=\"heading.default\">\n\t\t\t\t\t<p class=\"elementor-heading-title elementor-size-default\">Horaires<\/p>\t\t\t\t<\/div>\n\t\t\t\t<div class=\"elementor-element elementor-element-721b930 elementor-widget elementor-widget-heading\" data-id=\"721b930\" data-element_type=\"widget\" data-e-type=\"widget\" data-widget_type=\"heading.default\">\n\t\t\t\t\t<p class=\"elementor-heading-title elementor-size-default\">Le lundi\n<span style=\"float:right;padding-left:1rem\">17h15 et 18h10 \n<\/span> <\/p>\t\t\t\t<\/div>\n\t\t\t\t<div class=\"elementor-element elementor-element-db648b6 elementor-widget elementor-widget-heading\" data-id=\"db648b6\" data-element_type=\"widget\" data-e-type=\"widget\" data-widget_type=\"heading.default\">\n\t\t\t\t\t<p class=\"elementor-heading-title elementor-size-default\">Le mercredi<span style=\"float:right;padding-left:1rem\">17h15 et 18h10<\/span><\/p>\t\t\t\t<\/div>\n\t\t\t\t<div class=\"elementor-element elementor-element-ec870d6 elementor-widget elementor-widget-heading\" data-id=\"ec870d6\" data-element_type=\"widget\" data-e-type=\"widget\" data-widget_type=\"heading.default\">\n\t\t\t\t\t<p class=\"elementor-heading-title elementor-size-default\">Le jeudi\n<span style=\"float:right;padding-left:1rem\">18h25<\/span><\/p>\t\t\t\t<\/div>\n\t\t\t\t<div class=\"elementor-element elementor-element-f716a2a elementor-widget elementor-widget-heading\" data-id=\"f716a2a\" data-element_type=\"widget\" data-e-type=\"widget\" data-widget_type=\"heading.default\">\n\t\t\t\t\t<p class=\"elementor-heading-title elementor-size-default\">Le vendredi\n<span style=\"float:right;padding-left:1rem\">10h55 et 11h50<\/span><\/p>\t\t\t\t<\/div>\n\t\t\t\t<\/div>\n\t\t\t\t<div class=\"elementor-element elementor-element-05aa271 elementor-widget elementor-widget-text-editor\" data-id=\"05aa271\" data-element_type=\"widget\" data-e-type=\"widget\" data-widget_type=\"text-editor.default\">\n\t\t\t\t\t\t\t\t\t<p><strong>Frais de cours :<br><\/strong>140,00 \u20ac, 8 x 45 minutes, entr\u00e9e aux thermes incluse (2 h) <\/p>\t\t\t\t\t\t\t\t<\/div>\n\t\t\t\t<\/div>\n\t\t\t\t<\/div>\n\t\t<div class=\"elementor-element elementor-element-f46267d e-con-full e-flex e-con e-child\" data-id=\"f46267d\" data-element_type=\"container\" data-e-type=\"container\" data-settings=\"{&quot;background_background&quot;:&quot;classic&quot;}\">\n\t\t<div class=\"elementor-element elementor-element-c396dd1 e-con-full e-flex e-con e-child\" data-id=\"c396dd1\" data-element_type=\"container\" data-e-type=\"container\">\n\t\t\t\t<div class=\"elementor-element elementor-element-ad2c7d8 h3 elementor-widget elementor-widget-heading\" data-id=\"ad2c7d8\" data-element_type=\"widget\" data-e-type=\"widget\" data-widget_type=\"heading.default\">\n\t\t\t\t\t<h3 class=\"elementor-heading-title elementor-size-default\">Aqua Lady Fit<\/h3>\t\t\t\t<\/div>\n\t\t\t\t<div class=\"elementor-element elementor-element-af59b5a elementor-widget elementor-widget-text-editor\" data-id=\"af59b5a\" data-element_type=\"widget\" data-e-type=\"widget\" data-widget_type=\"text-editor.default\">\n\t\t\t\t\t\t\t\t\t<p>Programme de cours vari\u00e9 pour tonifier le ventre, les jambes et les fessiers, ainsi que pour d\u00e9tendre la zone des \u00e9paules et de la nuque. Le tout compl\u00e9t\u00e9 par des s\u00e9quences de relaxation pour plus d\u2019\u00e9quilibre.<br>Offre de pr\u00e9vention certifi\u00e9e, participation possible des caisses d\u2019assurance maladie. <\/p>\t\t\t\t\t\t\t\t<\/div>\n\t\t<div class=\"elementor-element elementor-element-b447c14 e-con-full e-flex e-con e-child\" data-id=\"b447c14\" data-element_type=\"container\" data-e-type=\"container\">\n\t\t\t\t<div class=\"elementor-element elementor-element-8b7fa81 elementor-widget elementor-widget-heading\" data-id=\"8b7fa81\" data-element_type=\"widget\" data-e-type=\"widget\" data-widget_type=\"heading.default\">\n\t\t\t\t\t<p class=\"elementor-heading-title elementor-size-default\">Horaires<\/p>\t\t\t\t<\/div>\n\t\t\t\t<div class=\"elementor-element elementor-element-7b9fcc8 elementor-widget elementor-widget-heading\" data-id=\"7b9fcc8\" data-element_type=\"widget\" data-e-type=\"widget\" data-widget_type=\"heading.default\">\n\t\t\t\t\t<p class=\"elementor-heading-title elementor-size-default\">Le mardi\n<span style=\"float:right;padding-left:1rem\">18h10<\/span><\/p>\t\t\t\t<\/div>\n\t\t\t\t<div class=\"elementor-element elementor-element-6f06d73 elementor-widget elementor-widget-heading\" data-id=\"6f06d73\" data-element_type=\"widget\" data-e-type=\"widget\" data-widget_type=\"heading.default\">\n\t\t\t\t\t<p class=\"elementor-heading-title elementor-size-default\">Le jeudi\n<span style=\"float:right;padding-left:1rem\">17h30<\/span><\/p>\t\t\t\t<\/div>\n\t\t\t\t<\/div>\n\t\t\t\t<div class=\"elementor-element elementor-element-6e6155f elementor-widget elementor-widget-text-editor\" data-id=\"6e6155f\" data-element_type=\"widget\" data-e-type=\"widget\" data-widget_type=\"text-editor.default\">\n\t\t\t\t\t\t\t\t\t<p><strong>Frais de cours :<\/strong> <br>140,00 \u20ac, 8 x 45 minutes, entr\u00e9e aux thermes incluse (2 h) <\/p>\t\t\t\t\t\t\t\t<\/div>\n\t\t\t\t<\/div>\n\t\t\t\t<\/div>\n\t\t<div class=\"elementor-element elementor-element-6446056 e-con-full e-flex e-con e-child\" data-id=\"6446056\" data-element_type=\"container\" data-e-type=\"container\" data-settings=\"{&quot;background_background&quot;:&quot;classic&quot;}\">\n\t\t<div class=\"elementor-element elementor-element-232d7ea e-con-full e-flex e-con e-child\" data-id=\"232d7ea\" data-element_type=\"container\" data-e-type=\"container\">\n\t\t\t\t<div class=\"elementor-element elementor-element-06379c8 h3 elementor-widget elementor-widget-heading\" data-id=\"06379c8\" data-element_type=\"widget\" data-e-type=\"widget\" data-widget_type=\"heading.default\">\n\t\t\t\t\t<h3 class=\"elementor-heading-title elementor-size-default\">Aqua Actif 60 plus<\/h3>\t\t\t\t<\/div>\n\t\t\t\t<div class=\"elementor-element elementor-element-b231e52 elementor-widget elementor-widget-text-editor\" data-id=\"b231e52\" data-element_type=\"widget\" data-e-type=\"widget\" data-widget_type=\"text-editor.default\">\n\t\t\t\t\t\t\t\t\t<p>Entra\u00eenement doux en eau peu profonde pour les seniors actifs : les articulations, les tendons et le dos sont renforc\u00e9s en douceur, l\u2019endurance est am\u00e9lior\u00e9e et la forme cardio-vasculaire est stimul\u00e9e. Pour une utilisation optimale de la r\u00e9sistance de l\u2019eau, des accessoires (frites de piscine, halt\u00e8res) sont utilis\u00e9s. Vari\u00e9, motivant, adapt\u00e9 \u00e0 l\u2019\u00e2ge.  <\/p>\t\t\t\t\t\t\t\t<\/div>\n\t\t<div class=\"elementor-element elementor-element-f1ecee8 e-con-full e-flex e-con e-child\" data-id=\"f1ecee8\" data-element_type=\"container\" data-e-type=\"container\">\n\t\t\t\t<div class=\"elementor-element elementor-element-3d6ef2f elementor-widget elementor-widget-heading\" data-id=\"3d6ef2f\" data-element_type=\"widget\" data-e-type=\"widget\" data-widget_type=\"heading.default\">\n\t\t\t\t\t<p class=\"elementor-heading-title elementor-size-default\">Horaires<\/p>\t\t\t\t<\/div>\n\t\t\t\t<div class=\"elementor-element elementor-element-24f9ffd elementor-widget elementor-widget-heading\" data-id=\"24f9ffd\" data-element_type=\"widget\" data-e-type=\"widget\" data-widget_type=\"heading.default\">\n\t\t\t\t\t<p class=\"elementor-heading-title elementor-size-default\">Le lundi\n<span style=\"float:right;padding-left:1rem\"> 12h30<\/span><\/p>\t\t\t\t<\/div>\n\t\t\t\t<\/div>\n\t\t\t\t<\/div>\n\t\t\t\t<\/div>\n\t\t<div class=\"elementor-element elementor-element-a772739 e-con-full e-flex e-con e-child\" data-id=\"a772739\" data-element_type=\"container\" data-e-type=\"container\" data-settings=\"{&quot;background_background&quot;:&quot;classic&quot;}\">\n\t\t<div class=\"elementor-element elementor-element-e1a2b03 e-con-full e-flex e-con e-child\" data-id=\"e1a2b03\" data-element_type=\"container\" data-e-type=\"container\">\n\t\t\t\t<div class=\"elementor-element elementor-element-bbc76bf h3 elementor-widget elementor-widget-heading\" data-id=\"bbc76bf\" data-element_type=\"widget\" data-e-type=\"widget\" data-widget_type=\"heading.default\">\n\t\t\t\t\t<h3 class=\"elementor-heading-title elementor-size-default\">Aquafitness pour femmes enceintes<\/h3>\t\t\t\t<\/div>\n\t\t\t\t<div class=\"elementor-element elementor-element-4176ba2 h5 elementor-widget elementor-widget-heading\" data-id=\"4176ba2\" data-element_type=\"widget\" data-e-type=\"widget\" data-widget_type=\"heading.default\">\n\t\t\t\t\t<h4 class=\"elementor-heading-title elementor-size-default\">4e\u20139e mois <\/h4>\t\t\t\t<\/div>\n\t\t\t\t<div class=\"elementor-element elementor-element-3d3e34c elementor-widget elementor-widget-text-editor\" data-id=\"3d3e34c\" data-element_type=\"widget\" data-e-type=\"widget\" data-widget_type=\"text-editor.default\">\n\t\t\t\t\t\t\t\t\t<p>Programme d\u2019aquafitness pour une bonne condition physique et une pr\u00e9paration optimale \u00e0 l\u2019accouchement. La pression de l\u2019eau favorise le retour veineux, r\u00e9duit les \u0153d\u00e8mes des jambes et les varices. L\u2019entra\u00eenement dans une eau \u00e0 32 \u00b0C soulage la colonne vert\u00e9brale et les articulations ; avec des exercices de respiration et de relaxation int\u00e9gr\u00e9s.<br>Offre de pr\u00e9vention certifi\u00e9e, participation possible des caisses d\u2019assurance maladie.  <\/p>\t\t\t\t\t\t\t\t<\/div>\n\t\t<div class=\"elementor-element elementor-element-8c21821 e-con-full e-flex e-con e-child\" data-id=\"8c21821\" data-element_type=\"container\" data-e-type=\"container\">\n\t\t\t\t<div class=\"elementor-element elementor-element-766a5f8 elementor-widget elementor-widget-heading\" data-id=\"766a5f8\" data-element_type=\"widget\" data-e-type=\"widget\" data-widget_type=\"heading.default\">\n\t\t\t\t\t<p class=\"elementor-heading-title elementor-size-default\">Horaires<\/p>\t\t\t\t<\/div>\n\t\t\t\t<div class=\"elementor-element elementor-element-e4c32c3 elementor-widget elementor-widget-heading\" data-id=\"e4c32c3\" data-element_type=\"widget\" data-e-type=\"widget\" data-widget_type=\"heading.default\">\n\t\t\t\t\t<p class=\"elementor-heading-title elementor-size-default\">Le mardi\n<span style=\"float:right;padding-left:1rem\">17h15<\/span><\/p>\t\t\t\t<\/div>\n\t\t\t\t<\/div>\n\t\t\t\t<div class=\"elementor-element elementor-element-e02d648 elementor-widget elementor-widget-text-editor\" data-id=\"e02d648\" data-element_type=\"widget\" data-e-type=\"widget\" data-widget_type=\"text-editor.default\">\n\t\t\t\t\t\t\t\t\t<p><strong>Frais de cours :<\/strong> <br>140,00 \u20ac, 8 x 45 minutes, entr\u00e9e aux thermes incluse (2 h) <\/p>\t\t\t\t\t\t\t\t<\/div>\n\t\t\t\t<\/div>\n\t\t\t\t<\/div>\n\t\t<div class=\"elementor-element elementor-element-fbeacd1 e-con-full e-flex e-con e-child\" data-id=\"fbeacd1\" data-element_type=\"container\" data-e-type=\"container\" data-settings=\"{&quot;background_background&quot;:&quot;classic&quot;}\">\n\t\t<div class=\"elementor-element elementor-element-a3025cd e-con-full e-flex e-con e-child\" data-id=\"a3025cd\" data-element_type=\"container\" data-e-type=\"container\">\n\t\t\t\t<div class=\"elementor-element elementor-element-96562b9 h3 elementor-widget elementor-widget-heading\" data-id=\"96562b9\" data-element_type=\"widget\" data-e-type=\"widget\" data-widget_type=\"heading.default\">\n\t\t\t\t\t<h3 class=\"elementor-heading-title elementor-size-default\">Aqua Fun \u2013 pour b\u00e9b\u00e9s<\/h3>\t\t\t\t<\/div>\n\t\t\t\t<div class=\"elementor-element elementor-element-ba8900b h5 elementor-widget elementor-widget-heading\" data-id=\"ba8900b\" data-element_type=\"widget\" data-e-type=\"widget\" data-widget_type=\"heading.default\">\n\t\t\t\t\t<h4 class=\"elementor-heading-title elementor-size-default\">3\u201312 mois, avec couche de bain<\/h4>\t\t\t\t<\/div>\n\t\t\t\t<div class=\"elementor-element elementor-element-dc1323d elementor-widget elementor-widget-text-editor\" data-id=\"dc1323d\" data-element_type=\"widget\" data-e-type=\"widget\" data-widget_type=\"text-editor.default\">\n\t\t\t\t\t\t\t\t\t<p>Stimulation motrice et sensorielle dans l\u2019eau chaude durant les premiers mois de vie. Des exercices cibl\u00e9s, adapt\u00e9s aux enfants, \u00e9veillent le plaisir de bouger et soutiennent le d\u00e9veloppement affectif et cognitif. (Participation possible lorsque le b\u00e9b\u00e9 peut tenir sa t\u00eate de mani\u00e8re autonome.)  <\/p>\t\t\t\t\t\t\t\t<\/div>\n\t\t<div class=\"elementor-element elementor-element-9d5ac7a e-con-full e-flex e-con e-child\" data-id=\"9d5ac7a\" data-element_type=\"container\" data-e-type=\"container\">\n\t\t\t\t<div class=\"elementor-element elementor-element-d70f472 elementor-widget elementor-widget-heading\" data-id=\"d70f472\" data-element_type=\"widget\" data-e-type=\"widget\" data-widget_type=\"heading.default\">\n\t\t\t\t\t<p class=\"elementor-heading-title elementor-size-default\">Horaires<\/p>\t\t\t\t<\/div>\n\t\t\t\t<div class=\"elementor-element elementor-element-d1de433 elementor-widget elementor-widget-heading\" data-id=\"d1de433\" data-element_type=\"widget\" data-e-type=\"widget\" data-widget_type=\"heading.default\">\n\t\t\t\t\t<p class=\"elementor-heading-title elementor-size-default\">Le lundi\n<span style=\"float:right;padding-left:1rem\"> 10h45 et 11h35<\/span><\/p>\t\t\t\t<\/div>\n\t\t\t\t<div class=\"elementor-element elementor-element-b3b8d5c elementor-widget elementor-widget-heading\" data-id=\"b3b8d5c\" data-element_type=\"widget\" data-e-type=\"widget\" data-widget_type=\"heading.default\">\n\t\t\t\t\t<p class=\"elementor-heading-title elementor-size-default\">Le mercredi\n<span style=\"float:right;padding-left:1rem\"> 09h10<\/span><\/p>\t\t\t\t<\/div>\n\t\t\t\t<\/div>\n\t\t\t\t<div class=\"elementor-element elementor-element-4ef50bf elementor-widget elementor-widget-text-editor\" data-id=\"4ef50bf\" data-element_type=\"widget\" data-e-type=\"widget\" data-widget_type=\"text-editor.default\">\n\t\t\t\t\t\t\t\t\t<p><strong>Frais de cours :<\/strong> <br>140,00 \u20ac avec accompagnant, 8 x 45 minutes, entr\u00e9e aux thermes incluse (2 h) <br><br><\/p>\t\t\t\t\t\t\t\t<\/div>\n\t\t\t\t<\/div>\n\t\t\t\t<\/div>\n\t\t<div class=\"elementor-element elementor-element-ea9c4b9 e-con-full e-flex e-con e-child\" data-id=\"ea9c4b9\" data-element_type=\"container\" data-e-type=\"container\" data-settings=\"{&quot;background_background&quot;:&quot;classic&quot;}\">\n\t\t<div class=\"elementor-element elementor-element-dcfa196 e-con-full e-flex e-con e-child\" data-id=\"dcfa196\" data-element_type=\"container\" data-e-type=\"container\">\n\t\t\t\t<div class=\"elementor-element elementor-element-aecc193 h3 elementor-widget elementor-widget-heading\" data-id=\"aecc193\" data-element_type=\"widget\" data-e-type=\"widget\" data-widget_type=\"heading.default\">\n\t\t\t\t\t<h3 class=\"elementor-heading-title elementor-size-default\">Aqua Bambini pour tout-petits<\/h3>\t\t\t\t<\/div>\n\t\t\t\t<div class=\"elementor-element elementor-element-1ccc2ad h5 elementor-widget elementor-widget-heading\" data-id=\"1ccc2ad\" data-element_type=\"widget\" data-e-type=\"widget\" data-widget_type=\"heading.default\">\n\t\t\t\t\t<h4 class=\"elementor-heading-title elementor-size-default\">1\u20133 ans, avec couche de bain<\/h4>\t\t\t\t<\/div>\n\t\t\t\t<div class=\"elementor-element elementor-element-a5e3d62 elementor-widget elementor-widget-text-editor\" data-id=\"a5e3d62\" data-element_type=\"widget\" data-e-type=\"widget\" data-widget_type=\"text-editor.default\">\n\t\t\t\t\t\t\t\t\t<p>Familiarisation \u00e0 l\u2019eau avec les parents : de mani\u00e8re ludique, s\u00fbre et cr\u00e9ative, les tout-petits apprennent dans l\u2019eau des mouvements autonomes. Formes d\u2019exercices int\u00e9gr\u00e9es \u00e0 base de chants, sauts, glissades, flottaison et jeux ; soutenues par des aides \u00e0 la flottaison adapt\u00e9es.<br>Participation possible lorsque l\u2019enfant marche de fa\u00e7on s\u00fbre en position droite. <\/p>\t\t\t\t\t\t\t\t<\/div>\n\t\t<div class=\"elementor-element elementor-element-d63f66d e-con-full e-flex e-con e-child\" data-id=\"d63f66d\" data-element_type=\"container\" data-e-type=\"container\">\n\t\t\t\t<div class=\"elementor-element elementor-element-e5f2952 elementor-widget elementor-widget-heading\" data-id=\"e5f2952\" data-element_type=\"widget\" data-e-type=\"widget\" data-widget_type=\"heading.default\">\n\t\t\t\t\t<p class=\"elementor-heading-title elementor-size-default\">Horaires<\/p>\t\t\t\t<\/div>\n\t\t\t\t<div class=\"elementor-element elementor-element-8317296 elementor-widget elementor-widget-heading\" data-id=\"8317296\" data-element_type=\"widget\" data-e-type=\"widget\" data-widget_type=\"heading.default\">\n\t\t\t\t\t<p class=\"elementor-heading-title elementor-size-default\">Le lundi\n<span style=\"float:right;padding-left:1rem\">14h15 et 15h05<\/span><\/p>\t\t\t\t<\/div>\n\t\t\t\t<\/div>\n\t\t\t\t<div class=\"elementor-element elementor-element-276c728 elementor-widget elementor-widget-text-editor\" data-id=\"276c728\" data-element_type=\"widget\" data-e-type=\"widget\" data-widget_type=\"text-editor.default\">\n\t\t\t\t\t\t\t\t\t<p><strong>Frais de cours :<\/strong> <br>140,00 \u20ac accompagnant inclus, 8 x 45 minutes, entr\u00e9e aux thermes incluse (2 h)  <\/p>\t\t\t\t\t\t\t\t<\/div>\n\t\t\t\t<\/div>\n\t\t\t\t<\/div>\n\t\t<div class=\"elementor-element elementor-element-c652620 e-con-full e-flex e-con e-child\" data-id=\"c652620\" data-element_type=\"container\" data-e-type=\"container\" data-settings=\"{&quot;background_background&quot;:&quot;classic&quot;}\">\n\t\t<div class=\"elementor-element elementor-element-c4985c2 e-con-full e-flex e-con e-child\" data-id=\"c4985c2\" data-element_type=\"container\" data-e-type=\"container\">\n\t\t\t\t<div class=\"elementor-element elementor-element-31de306 h3 elementor-widget elementor-widget-heading\" data-id=\"31de306\" data-element_type=\"widget\" data-e-type=\"widget\" data-widget_type=\"heading.default\">\n\t\t\t\t\t<h3 class=\"elementor-heading-title elementor-size-default\">Aqua Yoga<\/h3>\t\t\t\t<\/div>\n\t\t\t\t<div class=\"elementor-element elementor-element-908b829 elementor-widget elementor-widget-text-editor\" data-id=\"908b829\" data-element_type=\"widget\" data-e-type=\"widget\" data-widget_type=\"text-editor.default\">\n\t\t\t\t\t\t\t\t\t<p class=\"p1\">Le yoga dans l\u2019eau chaude associe respiration, mouvement et pleine conscience \u00e0 la force bienfaisante de l\u2019eau. Des asanas l\u00e9gers, soutenus par l\u2019eau, m\u00e9nagent les articulations et favorisent la circulation sanguine et le flux lymphatique. Compl\u00e9t\u00e9 par des phases de relaxation ; convient \u00e0 tout \u00e2ge, id\u00e9al aussi pendant la grossesse. Le cours est bilingue allemand\/fran\u00e7ais. Animatrice : Florence Anjali Devi Kretschmer, professeure de yoga dipl\u00f4m\u00e9e    <\/p>\t\t\t\t\t\t\t\t<\/div>\n\t\t<div class=\"elementor-element elementor-element-cfc9076 e-con-full e-flex e-con e-child\" data-id=\"cfc9076\" data-element_type=\"container\" data-e-type=\"container\">\n\t\t\t\t<div class=\"elementor-element elementor-element-16dc769 elementor-widget elementor-widget-heading\" data-id=\"16dc769\" data-element_type=\"widget\" data-e-type=\"widget\" data-widget_type=\"heading.default\">\n\t\t\t\t\t<p class=\"elementor-heading-title elementor-size-default\">Horaires<\/p>\t\t\t\t<\/div>\n\t\t\t\t<div class=\"elementor-element elementor-element-f43efe5 elementor-widget elementor-widget-heading\" data-id=\"f43efe5\" data-element_type=\"widget\" data-e-type=\"widget\" data-widget_type=\"heading.default\">\n\t\t\t\t\t<p class=\"elementor-heading-title elementor-size-default\">Le mardi\n<span style=\"float:right;padding-left:1rem\">13h30<\/span><\/p>\t\t\t\t<\/div>\n\t\t\t\t<div class=\"elementor-element elementor-element-8b6038d elementor-widget elementor-widget-heading\" data-id=\"8b6038d\" data-element_type=\"widget\" data-e-type=\"widget\" data-widget_type=\"heading.default\">\n\t\t\t\t\t<p class=\"elementor-heading-title elementor-size-default\">Le jeudi\n<span style=\"float:right;padding-left:1rem\"> 10h00<\/span><\/p>\t\t\t\t<\/div>\n\t\t\t\t<\/div>\n\t\t\t\t<div class=\"elementor-element elementor-element-d693dd5 elementor-widget elementor-widget-text-editor\" data-id=\"d693dd5\" data-element_type=\"widget\" data-e-type=\"widget\" data-widget_type=\"text-editor.default\">\n\t\t\t\t\t\t\t\t\t<p><strong>Frais de cours :<\/strong> <br>124,00 \u20ac, 8 x 60 minutes, entr\u00e9e aux thermes incluse (2 h) <br><br><\/p>\t\t\t\t\t\t\t\t<\/div>\n\t\t\t\t<\/div>\n\t\t\t\t<\/div>\n\t\t\t\t<\/div>\n\t\t\t\t<div class=\"elementor-element elementor-element-bf1ae2f elementor-align-center elementor-widget elementor-widget-button\" data-id=\"bf1ae2f\" data-element_type=\"widget\" data-e-type=\"widget\" data-widget_type=\"button.default\">\n\t\t\t\t\t\t\t\t\t\t<a class=\"elementor-button elementor-button-link elementor-size-sm\" href=\"https:\/\/shop.suedpfalz-therme.de\/\" target=\"_blank\">\n\t\t\t\t\t\t<span class=\"elementor-button-content-wrapper\">\n\t\t\t\t\t\t\t\t\t<span class=\"elementor-button-text\">R\u00e9server des cours aquatiques<\/span>\n\t\t\t\t\t<\/span>\n\t\t\t\t\t<\/a>\n\t\t\t\t\t\t\t\t<\/div>\n\t\t\t\t\t<\/div>\n\t\t\t\t<\/div>\n\t\t<div class=\"elementor-element elementor-element-f39e42b e-flex e-con-boxed e-con e-parent\" data-id=\"f39e42b\" data-element_type=\"container\" data-e-type=\"container\" data-settings=\"{&quot;background_background&quot;:&quot;classic&quot;}\">\n\t\t\t\t\t<div class=\"e-con-inner\">\n\t\t\t\t<div class=\"elementor-element elementor-element-c583fa7 h2 elementor-widget elementor-widget-heading\" data-id=\"c583fa7\" data-element_type=\"widget\" data-e-type=\"widget\" data-widget_type=\"heading.default\">\n\t\t\t\t\t<h2 class=\"elementor-heading-title elementor-size-default\">Cours sur la terre ferme<\/h2>\t\t\t\t<\/div>\n\t\t<div class=\"elementor-element elementor-element-e207a54 e-grid e-con-full listing-grid e-con e-child\" data-id=\"e207a54\" data-element_type=\"container\" data-e-type=\"container\">\n\t\t<div class=\"elementor-element elementor-element-4aff861 e-con-full e-flex e-con e-child\" data-id=\"4aff861\" data-element_type=\"container\" data-e-type=\"container\" data-settings=\"{&quot;background_background&quot;:&quot;classic&quot;}\">\n\t\t<div class=\"elementor-element elementor-element-ba2a1b0 e-con-full e-flex e-con e-child\" data-id=\"ba2a1b0\" data-element_type=\"container\" data-e-type=\"container\">\n\t\t\t\t<div class=\"elementor-element elementor-element-bfb5929 h3 elementor-widget elementor-widget-heading\" data-id=\"bfb5929\" data-element_type=\"widget\" data-e-type=\"widget\" data-widget_type=\"heading.default\">\n\t\t\t\t\t<h3 class=\"elementor-heading-title elementor-size-default\">Pr\u00e9vention du burn-out<\/h3>\t\t\t\t<\/div>\n\t\t\t\t<div class=\"elementor-element elementor-element-231a0e6 h5 elementor-widget elementor-widget-heading\" data-id=\"231a0e6\" data-element_type=\"widget\" data-e-type=\"widget\" data-widget_type=\"heading.default\">\n\t\t\t\t\t<h4 class=\"elementor-heading-title elementor-size-default\">Pleine conscience et r\u00e9silience<\/h4>\t\t\t\t<\/div>\n\t\t\t\t<div class=\"elementor-element elementor-element-330cd26 elementor-widget elementor-widget-text-editor\" data-id=\"330cd26\" data-element_type=\"widget\" data-e-type=\"widget\" data-widget_type=\"text-editor.default\">\n\t\t\t\t\t\t\t\t\t<p>Cycle de cours sur la pleine conscience, le soin de soi et la r\u00e9sistance au stress, visant \u00e0 d\u00e9velopper des ressources personnelles et \u00e0 g\u00e9rer de mani\u00e8re constructive les \u00e9motions n\u00e9gatives, les conflits et les charges. Objectif : plus de calme, de clart\u00e9 et de s\u00e9r\u00e9nit\u00e9 au quotidien. <br><em>Ne remplace pas un traitement m\u00e9dical ; en cas de diagnostic, un avis m\u00e9dical est recommand\u00e9 ; la participation se fait sous votre propre responsabilit\u00e9.<\/em><\/p>\t\t\t\t\t\t\t\t<\/div>\n\t\t<div class=\"elementor-element elementor-element-e382dad e-con-full e-flex e-con e-child\" data-id=\"e382dad\" data-element_type=\"container\" data-e-type=\"container\">\n\t\t\t\t<div class=\"elementor-element elementor-element-3bbfcdd elementor-widget elementor-widget-heading\" data-id=\"3bbfcdd\" data-element_type=\"widget\" data-e-type=\"widget\" data-widget_type=\"heading.default\">\n\t\t\t\t\t<p class=\"elementor-heading-title elementor-size-default\">Horaires<\/p>\t\t\t\t<\/div>\n\t\t\t\t<div class=\"elementor-element elementor-element-323235d elementor-widget elementor-widget-heading\" data-id=\"323235d\" data-element_type=\"widget\" data-e-type=\"widget\" data-widget_type=\"heading.default\">\n\t\t\t\t\t<p class=\"elementor-heading-title elementor-size-default\">Le lundi\n<span style=\"float:right;padding-left:1rem\">18h30 \n<\/span> <\/p>\t\t\t\t<\/div>\n\t\t\t\t<\/div>\n\t\t\t\t<div class=\"elementor-element elementor-element-531370b elementor-widget elementor-widget-text-editor\" data-id=\"531370b\" data-element_type=\"widget\" data-e-type=\"widget\" data-widget_type=\"text-editor.default\">\n\t\t\t\t\t\t\t\t\t<p><strong>Frais de cours :<br><\/strong>120,00 \u20ac, 8 x 75 minutes<br><br><\/p>\t\t\t\t\t\t\t\t<\/div>\n\t\t\t\t<\/div>\n\t\t\t\t<\/div>\n\t\t<div class=\"elementor-element elementor-element-f58bc9a e-con-full e-flex e-con e-child\" data-id=\"f58bc9a\" data-element_type=\"container\" data-e-type=\"container\" data-settings=\"{&quot;background_background&quot;:&quot;classic&quot;}\">\n\t\t<div class=\"elementor-element elementor-element-aed0f85 e-con-full e-flex e-con e-child\" data-id=\"aed0f85\" data-element_type=\"container\" data-e-type=\"container\">\n\t\t\t\t<div class=\"elementor-element elementor-element-9720079 h3 elementor-widget elementor-widget-heading\" data-id=\"9720079\" data-element_type=\"widget\" data-e-type=\"widget\" data-widget_type=\"heading.default\">\n\t\t\t\t\t<h3 class=\"elementor-heading-title elementor-size-default\">Magic Flower Yoga<\/h3>\t\t\t\t<\/div>\n\t\t\t\t<div class=\"elementor-element elementor-element-e616a5b elementor-widget elementor-widget-text-editor\" data-id=\"e616a5b\" data-element_type=\"widget\" data-e-type=\"widget\" data-widget_type=\"text-editor.default\">\n\t\t\t\t\t\t\t\t\t<p>Programme global de hatha yoga ax\u00e9 sur la pleine conscience, les techniques de respiration, l\u2019\u00e9quilibre et la relaxation. Adapt\u00e9 aux possibilit\u00e9s individuelles, il favorise la souplesse, le calme int\u00e9rieur et le bien-\u00eatre.<br>Offre de pr\u00e9vention certifi\u00e9e, participation possible des caisses d\u2019assurance maladie. <br><em>Le cours est propos\u00e9 en bilingue, en allemand et en fran\u00e7ais.\u2028<br>Animatrice : Florence Anjali Devi Kretschmer, professeure de yoga dipl\u00f4m\u00e9e\u2028<\/em><\/p>\t\t\t\t\t\t\t\t<\/div>\n\t\t<div class=\"elementor-element elementor-element-74b2b20 e-con-full e-flex e-con e-child\" data-id=\"74b2b20\" data-element_type=\"container\" data-e-type=\"container\">\n\t\t\t\t<div class=\"elementor-element elementor-element-a005d86 elementor-widget elementor-widget-heading\" data-id=\"a005d86\" data-element_type=\"widget\" data-e-type=\"widget\" data-widget_type=\"heading.default\">\n\t\t\t\t\t<p class=\"elementor-heading-title elementor-size-default\">Horaires<\/p>\t\t\t\t<\/div>\n\t\t\t\t<div class=\"elementor-element elementor-element-ed7d927 elementor-widget elementor-widget-heading\" data-id=\"ed7d927\" data-element_type=\"widget\" data-e-type=\"widget\" data-widget_type=\"heading.default\">\n\t\t\t\t\t<p class=\"elementor-heading-title elementor-size-default\">Le lundi\n<span style=\"float:right;padding-left:1rem\">16h30<\/span><\/p>\t\t\t\t<\/div>\n\t\t\t\t<div class=\"elementor-element elementor-element-6d13ae4 elementor-widget elementor-widget-heading\" data-id=\"6d13ae4\" data-element_type=\"widget\" data-e-type=\"widget\" data-widget_type=\"heading.default\">\n\t\t\t\t\t<p class=\"elementor-heading-title elementor-size-default\">Le mardi\n<span style=\"float:right;padding-left:1rem\">14h45<\/span><\/p>\t\t\t\t<\/div>\n\t\t\t\t<\/div>\n\t\t\t\t<div class=\"elementor-element elementor-element-d36c5ea elementor-widget elementor-widget-text-editor\" data-id=\"d36c5ea\" data-element_type=\"widget\" data-e-type=\"widget\" data-widget_type=\"text-editor.default\">\n\t\t\t\t\t\t\t\t\t<p><strong>Frais de cours :<\/strong> <br>114,00 \u20ac, 8 x 90 minutes<\/p>\t\t\t\t\t\t\t\t<\/div>\n\t\t\t\t<\/div>\n\t\t\t\t<\/div>\n\t\t<div class=\"elementor-element elementor-element-3c9e838 e-con-full e-flex e-con e-child\" data-id=\"3c9e838\" data-element_type=\"container\" data-e-type=\"container\" data-settings=\"{&quot;background_background&quot;:&quot;classic&quot;}\">\n\t\t<div class=\"elementor-element elementor-element-6d3b36f e-con-full e-flex e-con e-child\" data-id=\"6d3b36f\" data-element_type=\"container\" data-e-type=\"container\">\n\t\t\t\t<div class=\"elementor-element elementor-element-9063c98 h3 elementor-widget elementor-widget-heading\" data-id=\"9063c98\" data-element_type=\"widget\" data-e-type=\"widget\" data-widget_type=\"heading.default\">\n\t\t\t\t\t<h3 class=\"elementor-heading-title elementor-size-default\">Qigong<\/h3>\t\t\t\t<\/div>\n\t\t\t\t<div class=\"elementor-element elementor-element-999c52c elementor-widget elementor-widget-text-editor\" data-id=\"999c52c\" data-element_type=\"widget\" data-e-type=\"widget\" data-widget_type=\"text-editor.default\">\n\t\t\t\t\t\t\t\t\t<p>Des mouvements doux et lents visant \u00e0 favoriser la souplesse, la perception corporelle et le calme int\u00e9rieur sont au c\u0153ur de ce cours. Le qigong convient \u00e0 tous les \u00e2ges et niveaux de forme et peut \u00eatre adapt\u00e9 individuellement. La pause id\u00e9ale pour faire le plein d\u2019\u00e9nergie.  <br><em>(Aucun accessoire n\u2019est n\u00e9cessaire, une tenue confortable suffit.)<\/em><\/p>\t\t\t\t\t\t\t\t<\/div>\n\t\t<div class=\"elementor-element elementor-element-1feff62 e-con-full e-flex e-con e-child\" data-id=\"1feff62\" data-element_type=\"container\" data-e-type=\"container\">\n\t\t\t\t<div class=\"elementor-element elementor-element-3f3e557 elementor-widget elementor-widget-heading\" data-id=\"3f3e557\" data-element_type=\"widget\" data-e-type=\"widget\" data-widget_type=\"heading.default\">\n\t\t\t\t\t<p class=\"elementor-heading-title elementor-size-default\">Horaires<\/p>\t\t\t\t<\/div>\n\t\t\t\t<div class=\"elementor-element elementor-element-15a288f elementor-widget elementor-widget-heading\" data-id=\"15a288f\" data-element_type=\"widget\" data-e-type=\"widget\" data-widget_type=\"heading.default\">\n\t\t\t\t\t<p class=\"elementor-heading-title elementor-size-default\">Le mercredi\n<span style=\"float:right;padding-left:1rem\">17h30<\/span><\/p>\t\t\t\t<\/div>\n\t\t\t\t<\/div>\n\t\t\t\t<div class=\"elementor-element elementor-element-4e981ce elementor-widget elementor-widget-text-editor\" data-id=\"4e981ce\" data-element_type=\"widget\" data-e-type=\"widget\" data-widget_type=\"text-editor.default\">\n\t\t\t\t\t\t\t\t\t<p><strong>Frais de cours :<br><\/strong>78,00 \u20ac, 8 x 60 minutes<br><br><\/p>\t\t\t\t\t\t\t\t<\/div>\n\t\t\t\t<\/div>\n\t\t\t\t<\/div>\n\t\t\t\t<\/div>\n\t\t\t\t<div class=\"elementor-element elementor-element-b8ae7fd elementor-align-center elementor-widget elementor-widget-button\" data-id=\"b8ae7fd\" data-element_type=\"widget\" data-e-type=\"widget\" data-widget_type=\"button.default\">\n\t\t\t\t\t\t\t\t\t\t<a class=\"elementor-button elementor-button-link elementor-size-sm\" href=\"https:\/\/shop.suedpfalz-therme.de\/\" target=\"_blank\">\n\t\t\t\t\t\t<span class=\"elementor-button-content-wrapper\">\n\t\t\t\t\t\t\t\t\t<span class=\"elementor-button-text\">R\u00e9server des cours sur la terre ferme<\/span>\n\t\t\t\t\t<\/span>\n\t\t\t\t\t<\/a>\n\t\t\t\t\t\t\t\t<\/div>\n\t\t\t\t\t<\/div>\n\t\t\t\t<\/div>\n\t\t<div class=\"elementor-element elementor-element-ca7c87a e-flex e-con-boxed e-con e-parent\" data-id=\"ca7c87a\" data-element_type=\"container\" data-e-type=\"container\">\n\t\t\t\t\t<div class=\"e-con-inner\">\n\t\t<div class=\"elementor-element elementor-element-720747c e-con-full e-flex e-con e-child\" data-id=\"720747c\" data-element_type=\"container\" data-e-type=\"container\" data-settings=\"{&quot;background_background&quot;:&quot;classic&quot;}\">\n\t\t\t\t<div class=\"elementor-element elementor-element-76bf359 h3 elementor-widget elementor-widget-heading\" data-id=\"76bf359\" data-element_type=\"widget\" data-e-type=\"widget\" data-widget_type=\"heading.default\">\n\t\t\t\t\t<h2 class=\"elementor-heading-title elementor-size-default\">Modalit\u00e9s des cours<\/h2>\t\t\t\t<\/div>\n\t\t\t\t<div class=\"elementor-element elementor-element-3996da7 elementor-widget elementor-widget-text-editor\" data-id=\"3996da7\" data-element_type=\"widget\" data-e-type=\"widget\" data-widget_type=\"text-editor.default\">\n\t\t\t\t\t\t\t\t\t<ol><li><strong>Inscription :\u2028<\/strong><br>Pour participer, une inscription ferme est requise ; elle implique l\u2019acceptation des conditions de participation et de paiement ainsi que des CGV de la S\u00fcdpfalz Therme. L\u2019inscription est possible via cette <strong><a href=\"https:\/\/shop.suedpfalz-therme.de\/\" target=\"_blank\" rel=\"noopener\">page<\/a><\/strong> ou \u00e0 l\u2019accueil de la S\u00fcdpfalz Therme. <\/li><li><strong>Conditions de paiement et d\u2019annulation :\u2028<\/strong><br>Les frais de cours sont exigibles imm\u00e9diatement lors de la r\u00e9servation. En cas d\u2019annulation jusqu\u2019\u00e0 5 jours avant le d\u00e9but du cours, des frais d\u2019annulation de 50 % s\u2019appliquent. En cas d\u2019annulation ult\u00e9rieure ou de non-pr\u00e9sentation, le montant total est d\u00fb. Les s\u00e9ances non suivies ne sont pas rembours\u00e9es.   <\/li><li><strong>Nombre de participants :\u2028<\/strong><br>Les cours sont organis\u00e9s \u00e0 partir d\u2019un minimum de 6 personnes et la taille maximale du groupe est de 13 participants.<\/li><li><strong>Responsabilit\u00e9 du participant :\u2028<\/strong><br>La participation au cours se fait sous votre propre responsabilit\u00e9. En cas de limitation de sant\u00e9, il est conseill\u00e9 de consulter votre m\u00e9decin au pr\u00e9alable. Les participants aux cours aquatiques se retrouvent en tenue de bain au bassin th\u00e9rapeutique. Merci de pr\u00e9voir le temps n\u00e9cessaire pour se changer.   <\/li><li><strong>Protection des donn\u00e9es :\u2028<\/strong><br>Aux fins du traitement de la commande, de la communication et de la comptabilit\u00e9, vos donn\u00e9es d\u2019adresse et de contact sont enregistr\u00e9es ; elles ne sont pas transmises \u00e0 des tiers. Vous trouverez la d\u00e9claration de confidentialit\u00e9 d\u00e9taill\u00e9e sur notre site Internet \u00e0 l\u2019adresse\u2028<a href=\"https:\/\/suedpfalz-therme.de\/fr\/protection-des-donnees\/\">www.suedpfalz-therme.de\/datenschutz<\/a>.<br>Par ailleurs, les CGV de la Staatsbad Bad Bergzabern GmbH s\u2019appliquent conform\u00e9ment \u00e0 l\u2019affichage.  <\/li><\/ol>\t\t\t\t\t\t\t\t<\/div>\n\t\t\t\t<\/div>\n\t\t\t\t\t<\/div>\n\t\t\t\t<\/div>\n\t\t\t\t<\/div>\n\t\t","protected":false},"excerpt":{"rendered":"<p>Offre de cours En forme. Dynamisant. Relaxant. Commencez d\u00e8s maintenant votre programme global de fitness et de mobilit\u00e9 \u2013 dans l\u2019eau ou sur la terre ferme. Nos cours d\u2019aquagym associent des mouvements efficaces \u00e0 des r\u00e9sultats d\u2019entra\u00eenement tangibles, id\u00e9als pour les d\u00e9butants comme pour les confirm\u00e9s, pour diff\u00e9rents \u00e2ges et besoins. La flottabilit\u00e9 dans l\u2019eau&hellip;<\/p>\n","protected":false},"author":1,"featured_media":0,"parent":4471,"menu_order":9,"comment_status":"closed","ping_status":"closed","template":"modus.php","meta":{"inline_featured_image":false,"footnotes":""},"class_list":["post-4797","page","type-page","status-publish","hentry"],"publishpress_future_action":{"enabled":false,"date":"2026-05-04 17:05:30","action":"change-status","newStatus":"draft","terms":[],"taxonomy":"translation_priority","extraData":[]},"publishpress_future_workflow_manual_trigger":{"enabledWorkflows":[]},"_links":{"self":[{"href":"https:\/\/suedpfalz-therme.de\/fr\/wp-json\/wp\/v2\/pages\/4797","targetHints":{"allow":["GET"]}}],"collection":[{"href":"https:\/\/suedpfalz-therme.de\/fr\/wp-json\/wp\/v2\/pages"}],"about":[{"href":"https:\/\/suedpfalz-therme.de\/fr\/wp-json\/wp\/v2\/types\/page"}],"author":[{"embeddable":true,"href":"https:\/\/suedpfalz-therme.de\/fr\/wp-json\/wp\/v2\/users\/1"}],"replies":[{"embeddable":true,"href":"https:\/\/suedpfalz-therme.de\/fr\/wp-json\/wp\/v2\/comments?post=4797"}],"version-history":[{"count":4,"href":"https:\/\/suedpfalz-therme.de\/fr\/wp-json\/wp\/v2\/pages\/4797\/revisions"}],"predecessor-version":[{"id":5209,"href":"https:\/\/suedpfalz-therme.de\/fr\/wp-json\/wp\/v2\/pages\/4797\/revisions\/5209"}],"up":[{"embeddable":true,"href":"https:\/\/suedpfalz-therme.de\/fr\/wp-json\/wp\/v2\/pages\/4471"}],"wp:attachment":[{"href":"https:\/\/suedpfalz-therme.de\/fr\/wp-json\/wp\/v2\/media?parent=4797"}],"curies":[{"name":"wp","href":"https:\/\/api.w.org\/{rel}","templated":true}]}}