{"id":4832,"date":"2025-12-02T14:01:40","date_gmt":"2025-12-02T13:01:40","guid":{"rendered":"https:\/\/suedpfalz-therme.de\/protection-des-donnees\/"},"modified":"2026-03-12T14:22:35","modified_gmt":"2026-03-12T13:22:35","slug":"protection-des-donnees","status":"publish","type":"page","link":"https:\/\/suedpfalz-therme.de\/fr\/protection-des-donnees\/","title":{"rendered":"Protection des donn\u00e9es"},"content":{"rendered":"\t\t<div data-elementor-type=\"wp-page\" data-elementor-id=\"4832\" class=\"elementor elementor-4832 elementor-3\" data-elementor-post-type=\"page\">\n\t\t\t\t<section class=\"elementor-element elementor-element-361f5ce modus-slider e-flex e-con-boxed e-con e-parent\" data-id=\"361f5ce\" data-element_type=\"container\" data-e-type=\"container\" data-settings=\"{&quot;background_background&quot;:&quot;classic&quot;}\">\n\t\t\t\t\t<div class=\"e-con-inner\">\n\t\t\t\t\t<\/div>\n\t\t\t\t<\/section>\n\t\t<div class=\"elementor-element elementor-element-276b9db e-flex e-con-boxed e-con e-parent\" data-id=\"276b9db\" data-element_type=\"container\" data-e-type=\"container\">\n\t\t\t\t\t<div class=\"e-con-inner\">\n\t\t\t\t<div class=\"elementor-element elementor-element-10064d1 elementor-widget elementor-widget-heading\" data-id=\"10064d1\" data-element_type=\"widget\" data-e-type=\"widget\" data-widget_type=\"heading.default\">\n\t\t\t\t\t<h3 class=\"elementor-heading-title elementor-size-default\">Modifier vos param\u00e8tres de cookies<\/h3>\t\t\t\t<\/div>\n\t\t\t\t<div class=\"elementor-element elementor-element-f28b8ba elementor-widget elementor-widget-shortcode\" data-id=\"f28b8ba\" data-element_type=\"widget\" data-e-type=\"widget\" data-widget_type=\"shortcode.default\">\n\t\t\t\t\t\t\t<div class=\"elementor-shortcode\"><span class=\"borlabs-cookie-open-dialog-preferences brlbs-cmpnt-container\" data-borlabs-cookie-title=\"Modifier les param\u00e8tres de cookies\" data-borlabs-cookie-type=\"button\" ><\/span><\/div>\n\t\t\t\t\t\t<\/div>\n\t\t\t\t\t<\/div>\n\t\t\t\t<\/div>\n\t\t<div class=\"elementor-element elementor-element-cc98a2a e-flex e-con-boxed e-con e-parent\" data-id=\"cc98a2a\" data-element_type=\"container\" data-e-type=\"container\">\n\t\t\t\t\t<div class=\"e-con-inner\">\n\t\t\t\t<div class=\"elementor-element elementor-element-00f2134 elementor-widget elementor-widget-html\" data-id=\"00f2134\" data-element_type=\"widget\" data-e-type=\"widget\" data-widget_type=\"html.default\">\n\t\t\t\t\t<ol class=\"datenschutz\">\n\t<li>\n\t\t<h3>Nom et adresse du responsable<\/h3>\n\t\t<p>Le responsable au sens du R\u00e8glement g\u00e9n\u00e9ral sur la protection des donn\u00e9es et d'autres lois nationales des \u00c9tats membres en mati\u00e8re de protection des donn\u00e9es ainsi que d'autres dispositions relatives \u00e0 la protection des donn\u00e9es est :<\/p>\n\t\t<p><strong>Staatsbad Bad Bergzabern GmbH<\/strong><br> S\u00fcdpfalz Therme<br> Kurtalstra\u00dfe 27<br> 76887 Bad Bergzabern<br> T\u00e9l\u00e9phone : <a href=\"tel:00496343934010\">06343 934010<\/a><br> E-mail : <a href=\"mailto:info@suedpfalz-therme.de\">info@suedpfalz-therme.de<\/a><\/p>\n\t<\/li>\n\t<li>\n\t\t<h3>Nom et adresse du responsable du contenu<\/h3>\n\t\t<p><strong>Sandra Reichenbacher<\/strong><br> Staatsbad Bad Bergzabern GmbH<br> S\u00fcdpfalz Therme<br> Kurtalstra\u00dfe 27<br> 76887 Bad Bergzabern<br> T\u00e9l\u00e9phone : <a href=\"tel:00496343934010\">06343 934010<\/a><br> E-mail : <a href=\"mailto:info@suedpfalz-therme.de\">info@suedpfalz-therme.de<\/a><\/p>\n\t<\/li>\n\t<li>\n\t\t<h3>G\u00e9n\u00e9ralit\u00e9s sur le traitement des donn\u00e9es<\/h3>\n\t\t<ol>\n\t\t\t<li>\n\t\t\t\t<p><strong>\u00c9tendue du traitement des donn\u00e9es \u00e0 caract\u00e8re personnel<\/strong><\/p>\n\t\t\t\t<p>Nous ne traitons les donn\u00e9es personnelles de nos utilisateurs que dans la mesure o\u00f9 elles sont n\u00e9cessaires \u00e0 la mise \u00e0 disposition d'un site Internet fonctionnel ainsi que de nos contenus et prestations. Le traitement des donn\u00e9es personnelles de nos utilisateurs n'a lieu r\u00e9guli\u00e8rement qu'avec le consentement de l'utilisateur.  Une exception s'applique dans les cas o\u00f9 l'obtention pr\u00e9alable du consentement n'est pas possible pour des raisons factuelles et o\u00f9 le traitement des donn\u00e9es est autoris\u00e9 par des dispositions l\u00e9gales.  <\/p>\n\t\t\t<\/li>\n\t\t\t<li>\n\t\t\t\t<p><strong>Base juridique du traitement des donn\u00e9es \u00e0 caract\u00e8re personnel<\/strong><\/p>\n\t\t\t\t<p>Dans la mesure o\u00f9 nous obtenons le consentement de la personne concern\u00e9e pour le traitement de donn\u00e9es \u00e0 caract\u00e8re personnel, l'article 6, paragraphe 1, point a) du R\u00e8glement g\u00e9n\u00e9ral sur la protection des donn\u00e9es de l'UE (RGPD) sert de base juridique.  <\/p>\n\t\t\t\t<p>Lors du traitement de donn\u00e9es \u00e0 caract\u00e8re personnel n\u00e9cessaires \u00e0 l'ex\u00e9cution d'un contrat dont la personne concern\u00e9e est partie, l'article 6, paragraphe 1, point b) du RGPD sert de base juridique. Cela s'applique \u00e9galement aux op\u00e9rations de traitement n\u00e9cessaires \u00e0 l'ex\u00e9cution de mesures pr\u00e9contractuelles.   <\/p>\n\t\t\t\t<p>Dans la mesure o\u00f9 le traitement de donn\u00e9es \u00e0 caract\u00e8re personnel est n\u00e9cessaire pour respecter une obligation l\u00e9gale \u00e0 laquelle notre entreprise est soumise, l'article 6, paragraphe 1, point c) du RGPD sert de base juridique.  <\/p>\n\t\t\t\t<p>Dans le cas o\u00f9 les int\u00e9r\u00eats vitaux de la personne concern\u00e9e ou d'une autre personne physique rendent n\u00e9cessaire le traitement de donn\u00e9es \u00e0 caract\u00e8re personnel, l'article 6, paragraphe 1, point d) du RGPD sert de base juridique.  <\/p>\n\t\t\t\t<p>Si le traitement est n\u00e9cessaire aux fins des int\u00e9r\u00eats l\u00e9gitimes poursuivis par notre entreprise ou par un tiers, et si les int\u00e9r\u00eats, droits et libert\u00e9s fondamentaux de la personne concern\u00e9e ne pr\u00e9valent pas sur ces int\u00e9r\u00eats, l'article 6, paragraphe 1, point f) du RGPD sert de base juridique au traitement.  <\/p>\n\t\t\t<\/li>\n\t\t\t<li>\n\t\t\t\t<p><strong>Suppression des donn\u00e9es et dur\u00e9e de conservation<\/strong><\/p>\n\t\t\t\t<p>Les donn\u00e9es \u00e0 caract\u00e8re personnel de la personne concern\u00e9e sont supprim\u00e9es ou bloqu\u00e9es d\u00e8s que la finalit\u00e9 de la conservation n'existe plus. Une conservation peut en outre avoir lieu si cela a \u00e9t\u00e9 pr\u00e9vu par le l\u00e9gislateur europ\u00e9en ou national dans des r\u00e8glements, lois ou autres dispositions de l'Union auxquels le responsable est soumis. Un blocage ou une suppression des donn\u00e9es a \u00e9galement lieu lorsqu'un d\u00e9lai de conservation prescrit par les normes mentionn\u00e9es expire, \u00e0 moins qu'il n'existe une n\u00e9cessit\u00e9 de conservation ult\u00e9rieure des donn\u00e9es pour la conclusion ou l'ex\u00e9cution d'un contrat.  <\/p>\n\t\t\t<\/li>\n\t\t<\/ol>\n\t<\/li>\n\t<li>\n\t\t<h3>Mise \u00e0 disposition du site web et cr\u00e9ation de fichiers journaux<\/h3>\n\t\t<ol>\n\t\t\t<li>\n\t\t\t\t<p><strong>Description et \u00e9tendue du traitement des donn\u00e9es<\/strong><\/p>\n\t\t\t\t<p>\u00c0 chaque consultation de notre site internet, notre syst\u00e8me collecte automatiquement des donn\u00e9es et des informations provenant du syst\u00e8me informatique de l'ordinateur qui acc\u00e8de au site. <\/p>\n\t\t\t\t<p>Les donn\u00e9es suivantes sont collect\u00e9es :<\/p>\n\t\t\t\t<ul>\n\t\t\t\t\t<li>Informations sur le type de navigateur et la version utilis\u00e9e<\/li>\n\t\t\t\t\t<li>Le syst\u00e8me d'exploitation de l'utilisateur<\/li>\n\t\t\t\t\t<li>L'adresse IP de l'utilisateur<\/li>\n\t\t\t\t\t<li>Date et heure de l'acc\u00e8s<\/li>\n\t\t\t\t\t<li>Sites web \u00e0 partir desquels le syst\u00e8me de l'utilisateur acc\u00e8de \u00e0 notre site internet <\/li>\n\t\t\t\t\t<li>Sites web consult\u00e9s par le syst\u00e8me de l'utilisateur via notre site web<\/li>\n\t\t\t\t<\/ul>\n\t\t\t\t<p>Les donn\u00e9es sont \u00e9galement enregistr\u00e9es dans les fichiers journaux de notre syst\u00e8me. Ces donn\u00e9es ne sont pas conserv\u00e9es avec d'autres donn\u00e9es \u00e0 caract\u00e8re personnel de l'utilisateur. <\/p>\n\t\t\t<\/li>\n\t\t\t<li>\n\t\t\t\t<p><strong>Base juridique du traitement des donn\u00e9es<\/strong><\/p>\n\t\t\t\t<p>La base juridique pour la conservation temporaire des donn\u00e9es et des fichiers journaux est l'article 6, paragraphe 1, point f) du RGPD.  <\/p>\n\t\t\t<\/li>\n\t\t\t<li>\n\t\t\t\t<p><strong>Finalit\u00e9 du traitement des donn\u00e9es<\/strong><\/p>\n\t\t\t\t<p>La conservation temporaire de l'adresse IP par le syst\u00e8me est n\u00e9cessaire pour permettre la transmission du site web vers l'ordinateur de l'utilisateur. \u00c0 cette fin, l'adresse IP de l'utilisateur doit \u00eatre conserv\u00e9e pendant la dur\u00e9e de la session. <\/p>\n\t\t\t\t<p>La conservation dans les fichiers journaux a lieu pour garantir le fonctionnement du site web. De plus, les donn\u00e9es nous servent \u00e0 optimiser le site web et \u00e0 assurer la s\u00e9curit\u00e9 de nos syst\u00e8mes informatiques. Une analyse des donn\u00e9es \u00e0 des fins de marketing n'a pas lieu dans ce contexte.  <\/p>\n\t\t\t\t<p>Ces finalit\u00e9s constituent \u00e9galement notre int\u00e9r\u00eat l\u00e9gitime au traitement des donn\u00e9es conform\u00e9ment \u00e0 l'article 6, paragraphe 1, point f) du RGPD.  <\/p>\n\t\t\t<\/li>\n\t\t\t<li>\n\t\t\t\t<p><strong>Dur\u00e9e de conservation<\/strong><\/p>\n\t\t\t\t<p>Les donn\u00e9es sont supprim\u00e9es d\u00e8s qu'elles ne sont plus n\u00e9cessaires pour atteindre la finalit\u00e9 de leur collecte. Dans le cas de la collecte de donn\u00e9es pour la mise \u00e0 disposition du site web, c'est le cas lorsque la session respective est termin\u00e9e.  <\/p>\n\t\t\t\t<p>Dans le cas de la conservation des donn\u00e9es dans les fichiers journaux, c'est le cas au plus tard apr\u00e8s sept jours. Une conservation au-del\u00e0 de cette p\u00e9riode est possible. Dans ce cas, les adresses IP des utilisateurs sont supprim\u00e9es ou anonymis\u00e9es, de sorte qu'une attribution au client qui acc\u00e8de au site n'est plus possible.  <\/p>\n\t\t\t<\/li>\n\t\t\t<li>\n\t\t\t\t<p><strong>Possibilit\u00e9 d'opposition et de suppression<\/strong><\/p>\n\t\t\t\t<p>La collecte des donn\u00e9es pour la mise \u00e0 disposition du site web et la conservation des donn\u00e9es dans les fichiers journaux sont absolument n\u00e9cessaires au fonctionnement du site internet. Il n'existe par cons\u00e9quent aucune possibilit\u00e9 d'opposition de la part de l'utilisateur. <\/p>\n\t\t\t<\/li>\n\t\t<\/ol>\n\t<\/li>\n\t<li>\n\t\t<h3>Utilisation de cookies<\/h3>\n\t\t<ol>\n\t\t\t<li>\n\t\t\t\t<p><strong>Description et \u00e9tendue du traitement des donn\u00e9es<\/strong><\/p>\n\t\t\t\t<p>Notre site web utilise des cookies. Les cookies sont des fichiers texte qui sont stock\u00e9s dans le navigateur Internet ou par le navigateur Internet sur le syst\u00e8me informatique de l'utilisateur. Lorsqu'un utilisateur consulte un site web, un cookie peut \u00eatre enregistr\u00e9 sur le syst\u00e8me d'exploitation de l'utilisateur.   Ce cookie contient une cha\u00eene de caract\u00e8res caract\u00e9ristique qui permet d'identifier le navigateur de mani\u00e8re unique lorsque vous revenez sur le site. <\/p>\n\t\t\t\t<p>Nous utilisons des cookies pour rendre notre site web plus convivial. Certains \u00e9l\u00e9ments de notre site internet n\u00e9cessitent que le navigateur qui acc\u00e8de au site puisse \u00eatre identifi\u00e9 m\u00eame apr\u00e8s un changement de page. <br> Les donn\u00e9es suivantes sont enregistr\u00e9es et transmises dans les cookies :<\/p>\n\t\t\t\t<ul>\n\t\t\t\t\t<li>Param\u00e8tres de langue<\/li>\n\t\t\t\t<\/ul>\n\t\t\t\t<p>Nous utilisons en outre sur notre site web des cookies qui permettent une analyse du comportement de navigation des utilisateurs.<br> Les donn\u00e9es suivantes peuvent ainsi \u00eatre transmises :<\/p>\n\t\t\t\t<ul>\n\t\t\t\t\t<li>Termes de recherche saisis<\/li>\n\t\t\t\t<\/ul>\n\t\t\t\t<p>Les donn\u00e9es des utilisateurs collect\u00e9es de cette mani\u00e8re sont pseudonymis\u00e9es par des mesures techniques. Par cons\u00e9quent, une attribution des donn\u00e9es \u00e0 l'utilisateur qui acc\u00e8de au site n'est plus possible. Les donn\u00e9es ne sont pas conserv\u00e9es avec d'autres donn\u00e9es \u00e0 caract\u00e8re personnel des utilisateurs.  <\/p>\n\t\t\t\t<p>Lors de la consultation de notre site web, les utilisateurs sont inform\u00e9s par une banni\u00e8re d'information de l'utilisation de cookies \u00e0 des fins d'analyse et sont renvoy\u00e9s \u00e0 la pr\u00e9sente d\u00e9claration de protection des donn\u00e9es. Il est \u00e9galement indiqu\u00e9 dans ce contexte comment la conservation des cookies peut \u00eatre emp\u00each\u00e9e dans les param\u00e8tres du navigateur. <\/p>\n\t\t\t<\/li>\n\t\t\t<li>\n\t\t\t\t<p><strong>Base juridique du traitement des donn\u00e9es<\/strong><\/p>\n\t\t\t\t<p>La base juridique pour le traitement de donn\u00e9es \u00e0 caract\u00e8re personnel en utilisant des cookies techniquement n\u00e9cessaires est l'article 6, paragraphe 1, point f) du RGPD.  <\/p>\n\t\t\t\t<p>La base juridique pour le traitement de donn\u00e9es \u00e0 caract\u00e8re personnel en utilisant des cookies \u00e0 des fins d'analyse est, en pr\u00e9sence d'un consentement correspondant de l'utilisateur, l'article 6, paragraphe 1, point a) du RGPD.  <\/p>\n\t\t\t<\/li>\n\t\t\t<li>\n\t\t\t\t<p><strong>Finalit\u00e9 du traitement des donn\u00e9es<\/strong><\/p>\n\t\t\t\t<p>La finalit\u00e9 de l'utilisation de cookies techniquement n\u00e9cessaires est de simplifier l'utilisation des sites web pour les utilisateurs. Certaines fonctions de notre site internet ne peuvent pas \u00eatre propos\u00e9es sans l'utilisation de cookies. Pour celles-ci, il est n\u00e9cessaire que le navigateur soit reconnu m\u00eame apr\u00e8s un changement de page.  <br> Nous avons besoin de cookies pour les applications suivantes :<\/p>\n\t\t\t\t<ul>\n\t\t\t\t\t<li>Reprise des param\u00e8tres de langue<\/li>\n\t\t\t\t\t<li>M\u00e9morisation des termes de recherche<\/li>\n\t\t\t\t<\/ul>\n\t\t\t\t<p>Les donn\u00e9es utilisateur collect\u00e9es par des cookies techniquement n\u00e9cessaires ne sont pas utilis\u00e9es pour cr\u00e9er des profils d'utilisateurs.<\/p>\n\t\t\t\t<p>L'utilisation des cookies d'analyse a pour but d'am\u00e9liorer la qualit\u00e9 de notre site web et de son contenu. Gr\u00e2ce aux cookies d'analyse, nous apprenons comment le site web est utilis\u00e9 et pouvons ainsi optimiser en permanence notre offre. <\/p>\n\t\t\t\t<p>Ces finalit\u00e9s constituent \u00e9galement notre int\u00e9r\u00eat l\u00e9gitime dans le traitement des donn\u00e9es \u00e0 caract\u00e8re personnel conform\u00e9ment \u00e0 l'article 6, paragraphe 1, point f) du RGPD.  <\/p>\n\t\t\t<\/li>\n\t\t\t<li>\n\t\t\t\t<p><strong>Dur\u00e9e de conservation, possibilit\u00e9 d'opposition et de suppression<\/strong><\/p>\n\t\t\t\t<p>Les cookies sont enregistr\u00e9s sur l'ordinateur de l'utilisateur et transmis par celui-ci \u00e0 notre site. Par cons\u00e9quent, vous avez, en tant qu'utilisateur, le contr\u00f4le total sur l'utilisation des cookies. En modifiant les param\u00e8tres de votre navigateur internet, vous pouvez d\u00e9sactiver ou limiter la transmission de cookies. Les cookies d\u00e9j\u00e0 enregistr\u00e9s peuvent \u00eatre supprim\u00e9s \u00e0 tout moment. Cela peut \u00e9galement se faire automatiquement. Si les cookies sont d\u00e9sactiv\u00e9s pour notre site web, il se peut que toutes les fonctions du site web ne puissent plus \u00eatre utilis\u00e9es pleinement.     <\/p>\n\t\t\t<\/li>\n\t\t<\/ol>\n\t<\/li>\n\t<li>\n\t\t<h3>Formulaire de contact et contact par e-mail<\/h3>\n\t\t<ol>\n\t\t\t<li>\n\t\t\t\t<p><strong>Description et \u00e9tendue du traitement des donn\u00e9es<\/strong><\/p>\n\t\t\t\t<p>Un formulaire de contact est disponible sur notre site internet, qui peut \u00eatre utilis\u00e9 pour la prise de contact \u00e9lectronique. Si un utilisateur utilise cette possibilit\u00e9, les donn\u00e9es saisies dans le masque de saisie nous sont transmises et enregistr\u00e9es. Ces donn\u00e9es sont :  <\/p>\n\t\t\t\t<strong>Formulaire de contact :<\/strong>\n\t\t\t\t<ul style=\"margin-top:.25rem !important;\">\n\t\t\t\t\t<li>Nom<\/li>\n\t\t\t\t\t<li>T\u00e9l\u00e9phone<\/li>\n\t\t\t\t\t<li>E-mail<\/li>\n\t\t\t\t\t<li>Recevoir une r\u00e9ponse par<\/li>\n\t\t\t\t\t<li>Objet<\/li>\n\t\t\t\t\t<li>Message<\/li>\n\t\t\t\t\t<li>L\u00e9gislation sur la protection des donn\u00e9es<\/li>\n\t\t\t\t<\/ul>\n\t\t\t\t<p>Au moment de l'envoi du message, les donn\u00e9es suivantes sont \u00e9galement enregistr\u00e9es :<\/p>\n\t\t\t\t<ul>\n\t\t\t\t\t<li>Date et heure de l'inscription<\/li>\n\t\t\t\t<\/ul>\n\t\t\t\t<p>Votre consentement est recueilli pour le traitement des donn\u00e9es dans le cadre du processus d'envoi et il est fait r\u00e9f\u00e9rence \u00e0 la pr\u00e9sente d\u00e9claration de protection des donn\u00e9es.<\/p>\n\t\t\t\t<p>Alternativement, une prise de contact est possible via l'adresse e-mail fournie. Dans ce cas, les donn\u00e9es \u00e0 caract\u00e8re personnel de l'utilisateur transmises avec l'e-mail sont enregistr\u00e9es. <\/p>\n\t\t\t\t<p>Dans ce contexte, aucune transmission des donn\u00e9es \u00e0 des tiers n'a lieu. Les donn\u00e9es sont utilis\u00e9es exclusivement pour le traitement de la conversation. <\/p>\n\t\t\t<\/li>\n\t\t\t<li>\n\t\t\t\t<p><strong>Base juridique du traitement des donn\u00e9es<\/strong><\/p>\n\t\t\t\t<p>La base juridique pour le traitement des donn\u00e9es en pr\u00e9sence d'un consentement de l'utilisateur est l'article 6, paragraphe 1, point a) du RGPD.  <\/p>\n\t\t\t\t<p>La base juridique pour le traitement des donn\u00e9es transmises lors de l'envoi d'un e-mail est l'article 6, paragraphe 1, point f) du RGPD. Si le contact par e-mail vise la conclusion d'un contrat, la base juridique suppl\u00e9mentaire pour le traitement est l'article 6, paragraphe 1, point b) du RGPD.     <\/p>\n\t\t\t<\/li>\n\t\t\t<li>\n\t\t\t\t<p><strong>Finalit\u00e9 du traitement des donn\u00e9es<\/strong><\/p>\n\t\t\t\t<p>Le traitement des donn\u00e9es \u00e0 caract\u00e8re personnel provenant du masque de saisie nous sert uniquement au traitement de la prise de contact. Dans le cas d'une prise de contact par e-mail, c'est \u00e9galement l'int\u00e9r\u00eat l\u00e9gitime n\u00e9cessaire au traitement des donn\u00e9es. <\/p>\n\t\t\t\t<p>Les autres donn\u00e9es \u00e0 caract\u00e8re personnel trait\u00e9es lors du processus d'envoi servent \u00e0 emp\u00eacher une utilisation abusive du formulaire de contact et \u00e0 assurer la s\u00e9curit\u00e9 de nos syst\u00e8mes informatiques.<\/p>\n\t\t\t<\/li>\n\t\t\t<li>\n\t\t\t\t<p><strong>Dur\u00e9e de conservation<\/strong><\/p>\n\t\t\t\t<p>Les donn\u00e9es sont supprim\u00e9es d\u00e8s qu'elles ne sont plus n\u00e9cessaires \u00e0 la r\u00e9alisation de l'objectif pour lequel elles ont \u00e9t\u00e9 collect\u00e9es. Pour les donn\u00e9es personnelles issues du masque de saisie du formulaire de contact et celles qui ont \u00e9t\u00e9 envoy\u00e9es par e-mail, ceci est le cas lorsque la conversation respective avec l'utilisateur est termin\u00e9e. La conversation est termin\u00e9e lorsque les circonstances indiquent que les faits concern\u00e9s ont \u00e9t\u00e9 d\u00e9finitivement clarifi\u00e9s. <\/p>\n\t\t\t<\/li>\n\t\t\t<li>\n\t\t\t\t<p><strong>Possibilit\u00e9 d'opposition et de suppression<\/strong><\/p>\n\t\t\t\t<p>L'utilisateur a \u00e0 tout moment la possibilit\u00e9 de retirer son consentement au traitement des donn\u00e9es \u00e0 caract\u00e8re personnel. Si l'utilisateur nous contacte par e-mail, il peut s'opposer \u00e0 tout moment \u00e0 la conservation de ses donn\u00e9es \u00e0 caract\u00e8re personnel. Dans un tel cas, la conversation ne peut pas \u00eatre poursuivie.  <\/p>\n\t\t\t\t<p>Toutes les donn\u00e9es \u00e0 caract\u00e8re personnel enregistr\u00e9es dans le cadre de la prise de contact sont supprim\u00e9es dans ce cas.<\/p>\n\t\t\t<\/li>\n\t\t<\/ol>\n\t<\/li>\n\t\n\t<li>\n\t\t<h3>Google Tag Manager<\/h3>\n\t\t<p>Nous utilisons le service appel\u00e9 Google Tag Manager de Google. \u00ab Google \u00bb est un groupe d'entreprises compos\u00e9 de Google Ireland Ltd. (fournisseur du service), Gordon House, Barrow Street, Dublin 4, Irlande, ainsi que de Google LLC, 1600 Amphitheatre Parkway, Mountain View, CA 94043, \u00c9tats-Unis, et d'autres soci\u00e9t\u00e9s affili\u00e9es \u00e0 Google LLC. <\/p>\n\t\t<p>Nous avons conclu un contrat de traitement des commandes avec Google. Le Google Tag Manager est un service auxiliaire et ne traite lui-m\u00eame les donn\u00e9es \u00e0 caract\u00e8re personnel qu'\u00e0 des fins techniquement n\u00e9cessaires. Le Google Tag Manager assure le chargement d'autres composants qui, \u00e0 leur tour, peuvent collecter des donn\u00e9es.   Google Tag Manager n'acc\u00e8de pas \u00e0 ces donn\u00e9es. <\/p>\n\t\t<p>Pour plus d'informations sur Google Tag Manager, veuillez consulter la <a href=\"https:\/\/www.google.de\/intl\/de\/policies\/privacy\/\" target=\"_blank\" rel=\"nofollow noopener\">politique de confidentialit\u00e9 de Google<\/a>. <\/p>\n\t\t<p>Veuillez noter que les autorit\u00e9s am\u00e9ricaines, telles que les services de renseignement, pourraient avoir acc\u00e8s aux donn\u00e9es \u00e0 caract\u00e8re personnel en vertu de lois am\u00e9ricaines telles que le Cloud Act, qui sont in\u00e9vitablement \u00e9chang\u00e9es avec Google en raison du protocole Internet (TCP) lors de l'utilisation de ce service.<\/p>\n\t<\/li>\n\t<li>\n\t\t<h3>Analyse web par Google Analytics<\/h3>\n\t\t<p>Ce site web utilise les fonctionnalit\u00e9s du service d'analyse web Google Analytics. Le fournisseur est Google Inc., 1600 Amphitheatre Parkway Mountain View, CA 94043, \u00c9tats-Unis.<\/p>\n\t\t<p>Google Analytics utilise des \u00ab cookies \u00bb. Il s'agit de fichiers texte enregistr\u00e9s sur votre ordinateur et qui permettent une analyse de votre utilisation du site web. Les informations g\u00e9n\u00e9r\u00e9es par le cookie concernant votre utilisation de ce site web sont g\u00e9n\u00e9ralement transmises \u00e0 un serveur de Google aux \u00c9tats-Unis et y sont enregistr\u00e9es.  <\/p>\n\t\t<ol>\n\t\t<li>\n\t\t\t<p><strong>Anonymisation de l'IP<\/strong><\/p>\n\t\t\t<p>Nous avons activ\u00e9 la fonction d'anonymisation de l'IP sur ce site web. Ainsi, votre adresse IP est raccourcie par Google au sein des \u00c9tats membres de l'Union europ\u00e9enne ou dans d'autres \u00c9tats parties \u00e0 l'accord sur l'Espace \u00e9conomique europ\u00e9en avant la transmission aux \u00c9tats-Unis. Ce n'est que dans des cas exceptionnels que l'adresse IP compl\u00e8te est transmise \u00e0 un serveur de Google aux \u00c9tats-Unis et y est raccourcie. Pour le compte de l'exploitant de ce site web, Google utilisera ces informations pour \u00e9valuer votre utilisation du site web, pour compiler des rapports sur les activit\u00e9s du site web et pour fournir d'autres services li\u00e9s \u00e0 l'utilisation du site web et \u00e0 l'utilisation d'internet \u00e0 l'exploitant du site web. L'adresse IP transmise par votre navigateur dans le cadre de Google Analytics ne sera pas fusionn\u00e9e avec d'autres donn\u00e9es de Google.    <\/p> <\/li>\n\t\t<li>\n\t\t\t<p><strong>Plugin de navigateur<\/strong><\/p>\n\t\t\t<p>Vous pouvez emp\u00eacher l'enregistrement des cookies par un param\u00e9trage appropri\u00e9 de votre logiciel de navigation ; nous vous signalons toutefois que, dans ce cas, vous ne pourrez peut-\u00eatre pas utiliser toutes les fonctionnalit\u00e9s de ce site web dans leur int\u00e9gralit\u00e9. Vous pouvez en outre emp\u00eacher la collecte des donn\u00e9es g\u00e9n\u00e9r\u00e9es par le cookie et relatives \u00e0 votre utilisation du site web (y compris votre adresse IP) par Google ainsi que le traitement de ces donn\u00e9es par Google en t\u00e9l\u00e9chargeant et en installant le plugin de navigateur disponible sous le lien suivant : <a href=\"https:\/\/tools.google.com\/dlpage\/gaoptout?hl=de\" target=\"_blank\" rel=\"nofollow noopener\">https:\/\/tools.google.com\/dlpage\/gaoptout?hl=fr<\/a> <\/p> <\/li>\n\t\t<li>\n\t\t\t<p><strong>Opposition \u00e0 la collecte de donn\u00e9es<\/strong><\/p>\n\t\t\t<p>Vous pouvez emp\u00eacher la collecte de vos donn\u00e9es par Google Analytics en cliquant sur le lien suivant. Un cookie d'opposition sera d\u00e9fini, qui emp\u00eachera la collecte de vos donn\u00e9es lors de futures visites de ce site web : <br>\t\t\t<span class=\"borlabs-cookie-open-dialog-preferences brlbs-cmpnt-container\" data-borlabs-cookie-title=\"Modifier les param\u00e8tres de cookies\" data-borlabs-cookie-type=\"button\" ><\/span>. <\/p>\n\t\t\t<p>Pour plus d'informations sur la gestion des donn\u00e9es utilisateur chez Google Analytics, veuillez consulter la politique de confidentialit\u00e9 de Google : <a href=\"https:\/\/support.google.com\/analytics\/answer\/6004245?hl=de\" target=\"_blank\" rel=\"nofollow noopener\">https:\/\/support.google.com\/analytics\/answer\/6004245?hl=fr<\/a><\/p>\n\t\t<\/li>\n\t\t<li>\n\t\t\t<p><strong>Traitement des donn\u00e9es sur commande<\/strong><\/p>\n\t\t\t<p>Nous avons conclu un contrat de traitement des donn\u00e9es sur commande avec Google et appliquons int\u00e9gralement les exigences strictes des autorit\u00e9s allemandes de protection des donn\u00e9es lors de l'utilisation de Google Analytics.<\/p>\n\t\t<\/li>\n\t\t<li>\n\t\t\t<p><strong>Caract\u00e9ristiques d\u00e9mographiques dans Google Analytics<\/strong><\/p>\n\t\t\t<p>Ce site web utilise la fonction \u00ab caract\u00e9ristiques d\u00e9mographiques \u00bb de Google Analytics. Cela permet de cr\u00e9er des rapports contenant des informations sur l'\u00e2ge, le sexe et les centres d'int\u00e9r\u00eat des visiteurs du site. Ces donn\u00e9es proviennent de la publicit\u00e9 cibl\u00e9e par centres d'int\u00e9r\u00eat de Google ainsi que de donn\u00e9es de visiteurs de fournisseurs tiers. Ces donn\u00e9es ne peuvent pas \u00eatre attribu\u00e9es \u00e0 une personne sp\u00e9cifique. Vous pouvez d\u00e9sactiver cette fonction \u00e0 tout moment via les param\u00e8tres d'annonces de votre compte Google ou interdire de mani\u00e8re g\u00e9n\u00e9rale la collecte de vos donn\u00e9es par Google Analytics comme indiqu\u00e9 dans la section \u00ab Opposition \u00e0 la collecte de donn\u00e9es \u00bb.    <\/p>\n\t\t<\/li>\n\t\t<\/ol>\n\t<\/li>\n\n\t<li>\n\t\t<h3>Newsletter<\/h3>\n\t\t<ol>\n\t\t\t<li>\n\t\t\t\t<p><strong>Inscription \u00e0 un abonnement \u00e0 la newsletter<\/strong><\/p>\n\t\t        <p>Avec notre offre d'abonnement \u00e0 une newsletter envoy\u00e9e par e-mail, nous souhaitons vous faire parvenir rapidement des offres et informations actuelles. La nature et l'\u00e9tendue des donn\u00e9es collect\u00e9es \u00e0 cette occasion sont visibles dans le masque utilis\u00e9. Lors de l'inscription \u00e0 une newsletter, nous utilisons la proc\u00e9dure dite de double opt-in prescrite par la loi. Cela sert d'une part \u00e0 v\u00e9rifier votre adresse e-mail et d'autre part \u00e0 prot\u00e9ger contre les abus. En plus des informations que vous avez activement fournies, votre adresse IP utilis\u00e9e lors de l'inscription est \u00e9galement enregistr\u00e9e. Cela se fait pour des raisons de s\u00e9curit\u00e9 juridique et pour prot\u00e9ger contre l'utilisation abusive de vos donn\u00e9es d'inscription. Les donn\u00e9es personnelles activement collect\u00e9es lors de l'inscription servent exclusivement \u00e0 l'envoi de la newsletter ainsi qu'\u00e0 l'adresse correcte de votre personne. De plus, les abonn\u00e9s d'une newsletter peuvent \u00eatre inform\u00e9s par e-mail d\u00e8s que des modifications sont apport\u00e9es au syst\u00e8me du service de newsletter, aux dispositions l\u00e9gales relatives au fonctionnement du service de newsletter ou \u00e0 la gestion des donn\u00e9es personnelles des abonn\u00e9s \u00e0 la newsletter. Les donn\u00e9es personnelles des abonn\u00e9s \u00e0 la newsletter ne sont en aucun cas transmises \u00e0 des tiers. Vous pouvez retirer \u00e0 tout moment votre consentement \u00e0 la conservation des informations que vous avez activement fournies.         <\/p>\n\t\t\t<\/li>\n\t\t\t<li>\n\t\t\t\t<p><strong>Suivi de la newsletter<\/strong><\/p>\n\t\t        <p>Lors de l'envoi de la newsletter, nous utilisons des techniques qui nous permettent de d\u00e9tecter quand une newsletter est ouverte et quels liens dans la newsletter sont cliqu\u00e9s. Ces donn\u00e9es sont collect\u00e9es automatiquement et servent \u00e0 des fins statistiques internes, qui permettent de reconna\u00eetre le succ\u00e8s d'un envoi de newsletter. Ainsi, nous pouvons concevoir les newsletters suivantes de mani\u00e8re encore plus optimale et les adapter aux souhaits d'information de nos abonn\u00e9s. Ces donn\u00e9es li\u00e9es \u00e0 l'utilisateur ne sont pas transmises \u00e0 des tiers. Apr\u00e8s une d\u00e9sinscription d'un abonnement \u00e0 la newsletter, l'abonn\u00e9 \u00e0 la newsletter est marqu\u00e9 comme inactif et n'est plus pris en compte dans les envois et statistiques suivants. Une suppression de la liste des abonn\u00e9s actifs ou inactifs \u00e0 la newsletter peut \u00eatre demand\u00e9e \u00e0 tout moment.     <\/p>\n\t\t\t<\/li>\n\t\t\t<li>\n\t\t\t\t<p><strong>Enregistrement de cookies et d'identifiants de session<\/strong><\/p>\n\t\t        <p>Notre site utilise des cookies (court fichier texte) pour garantir un fonctionnement s\u00fbr, optimal et convivial. Certaines fonctions de notre offre de site web perdent leur fonctionnalit\u00e9 sans la possibilit\u00e9 d'enregistrement de cookies. Par exemple, le contenu d'un panier d'achat dans un syst\u00e8me de boutique ou l'enregistrement d'informations d\u00e9j\u00e0 fournies dans un formulaire de contact sont enregistr\u00e9s dans un cookie. \u00c9tant donn\u00e9 qu'un fonctionnement sans probl\u00e8me de notre site web n'est pas possible sans cookies, vous acceptez l'enregistrement de cookies par votre navigateur utilis\u00e9 sur votre syst\u00e8me informatique en consultant nos pages. Apr\u00e8s avoir visit\u00e9 nos pages, vous pouvez consulter le cookie g\u00e9n\u00e9r\u00e9 sur votre syst\u00e8me et \u00e9galement le supprimer directement. Lors de la premi\u00e8re visite de nos pages, vous \u00eates inform\u00e9 de l'utilisation de cookies par un avis correspondant. \u00c0 ce moment, vous pouvez emp\u00eacher l'enregistrement de cookies en quittant notre site web. En d\u00e9sactivant l'enregistrement de cookies dans votre navigateur, il se peut que toutes les fonctions de notre offre internet ne puissent pas \u00eatre utilis\u00e9es.        <\/p>\n\t\t        <p>L'identifiant de session ne contient aucune donn\u00e9e personnelle. Il est seulement \u00e9tabli qu'un utilisateur ind\u00e9termin\u00e9 acc\u00e8de \u00e0 notre site web. L'identifiant de session n'est conserv\u00e9 que pendant la dur\u00e9e de la visite du site web. Apr\u00e8s avoir quitt\u00e9 notre site web en fermant la fen\u00eatre du navigateur ou en passant \u00e0 un site web \u00e9tranger ind\u00e9termin\u00e9, cet identifiant de session est supprim\u00e9.   <\/p>\n\t\t\t<\/li>\n\t\t<\/ol>\n    <\/li>\n\t\n\t<li>\n\t\t<h3>Boutique<\/h3>\n\t\t<p>Une partie de notre offre web est une boutique en ligne. La connexion \u00e0 notre serveur est \u00e9tablie via un protocole SSL, de sorte que vous pouvez \u00eatre s\u00fbr que vos informations ne peuvent pas \u00eatre consult\u00e9es par des tiers ou que le contenu de la page affich\u00e9 provient d'un serveur \u00e9tranger. Vos informations n\u00e9cessaires \u00e0 une commande sont utilis\u00e9es exclusivement \u00e0 cette fin. Vos donn\u00e9es personnelles sont utilis\u00e9es pour enregistrer le processus de commande, facturer la commande et exp\u00e9dier la marchandise command\u00e9e, \u00e9galement sous forme num\u00e9rique. Une transmission de vos donn\u00e9es a \u00e9ventuellement lieu au prestataire de services de paiement que vous pouvez d\u00e9terminer vous-m\u00eame au cours du processus de commande, ainsi qu'\u00e9ventuellement \u00e0 un prestataire de services d'exp\u00e9dition qui livre la marchandise command\u00e9e chez vous.    <\/p>\n\t\t<ol>\n\t\t\t<li>\n\t\t\t\t<p><strong>Formulaires d'inscription aux \u00e9v\u00e9nements<\/strong><\/p>\n\t\t        <p>Un processus d'inscription particuli\u00e8rement convivial aux \u00e9v\u00e9nements sur notre site web vous permet, \u00e0 vous et \u00e0 nous, une gestion confortable de ces rendez-vous. Les informations fournies lors de l'inscription \u00e0 un \u00e9v\u00e9nement, un cours ou une formation continue permettent un dialogue n\u00e9cessaire pour g\u00e9rer les confirmations, les listes d'attente, les listes de participants. L'\u00e9tablissement d'une facture pour un \u00e9v\u00e9nement r\u00e9serv\u00e9 fait \u00e9galement partie de cette gestion. Nous conservons les donn\u00e9es de la mani\u00e8re prescrite par la loi. Une suppression de vos donn\u00e9es est possible \u00e0 tout moment, dans la mesure o\u00f9 les dispositions l\u00e9gales ne prescrivent pas d'autres d\u00e9lais de conservation ou si vos donn\u00e9es sont n\u00e9cessaires au traitement d'un processus actif tel que l'inscription \u00e0 une prestation payante. Vos informations personnelles servent exclusivement \u00e0 cette fin et ne sont en aucun cas rendues accessibles \u00e0 des tiers. Vous pouvez obtenir sur demande un acc\u00e8s aux donn\u00e9es enregistr\u00e9es chez nous \u00e0 cette fin.      <\/p>\n\t\t        <p>Si nous prenons des mesures qui sont soumises \u00e0 l'obligation d'information conform\u00e9ment au RGPD, nous mettrons \u00e0 jour cette d\u00e9claration de protection des donn\u00e9es avant la mise en \u0153uvre de ces mesures.<\/p>\n\t\t        <p>Nous esp\u00e9rons avoir r\u00e9pondu \u00e0 vos questions concernant notre gestion de vos donn\u00e9es avec cette d\u00e9claration. Si vous avez des questions sp\u00e9cifiques suppl\u00e9mentaires, vous pouvez nous contacter par t\u00e9l\u00e9phone ou par e-mail. <\/p>\n\t\t\t<\/li>\n\t\t<\/ol>\n    <\/li>\n\t\n\t\n\n\t<li>\n\t\t<h3>Droits de la personne concern\u00e9e<\/h3>\n\t\t<p>Si des donn\u00e9es \u00e0 caract\u00e8re personnel vous concernant sont trait\u00e9es, vous \u00eates une personne concern\u00e9e au sens du RGPD et vous disposez des droits suivants vis-\u00e0-vis du responsable :<\/p>\n\t\t<ol>\n\t\t\t<li>\n\t\t\t\t<p><strong>Droit d'acc\u00e8s<\/strong><\/p>\n\t\t\t\t<p>Vous pouvez demander au responsable une confirmation indiquant si des donn\u00e9es \u00e0 caract\u00e8re personnel vous concernant sont trait\u00e9es par nous. <\/p>\n\t\t\t\t<p>Si un tel traitement a lieu, vous pouvez demander au responsable des informations sur les \u00e9l\u00e9ments suivants :<\/p>\n\t\t\t\t<ul>\n\t\t\t\t\t<li>les finalit\u00e9s pour lesquelles les donn\u00e9es \u00e0 caract\u00e8re personnel sont trait\u00e9es ;<\/li>\n\t\t\t\t\t<li>la dur\u00e9e de conservation pr\u00e9vue des donn\u00e9es \u00e0 caract\u00e8re personnel vous concernant ou, si des informations concr\u00e8tes \u00e0 ce sujet ne sont pas possibles, les crit\u00e8res de d\u00e9termination de la dur\u00e9e de conservation ;<\/li>\n\t\t\t\t<\/ul>\n\t\t\t\t<p>Vous avez le droit de demander si les donn\u00e9es \u00e0 caract\u00e8re personnel vous concernant sont transf\u00e9r\u00e9es vers un pays tiers ou \u00e0 une organisation internationale. Dans ce contexte, vous pouvez demander \u00e0 \u00eatre inform\u00e9 des garanties appropri\u00e9es conform\u00e9ment \u00e0 l'article 46 du RGPD en rapport avec le transfert.  <\/p>\n\t\t\t\t<p>Ce droit d'acc\u00e8s peut \u00eatre limit\u00e9 dans la mesure o\u00f9 il est susceptible de rendre impossible la r\u00e9alisation des finalit\u00e9s de recherche ou de statistique ou de la compromettre gravement et o\u00f9 la limitation est n\u00e9cessaire \u00e0 la r\u00e9alisation des finalit\u00e9s de recherche ou de statistique.<\/p>\n\t\t\t<\/li>\n\t\t\t<li>\n\t\t\t\t<p><strong>Droit de rectification<\/strong><\/p>\n\t\t\t\t<p>Vous avez un droit de rectification et\/ou de compl\u00e9tude vis-\u00e0-vis du responsable, dans la mesure o\u00f9 les donn\u00e9es \u00e0 caract\u00e8re personnel trait\u00e9es vous concernant sont inexactes ou incompl\u00e8tes. Le responsable doit proc\u00e9der \u00e0 la rectification sans d\u00e9lai. <\/p>\n\t\t\t\t<p>Votre droit de rectification peut \u00eatre limit\u00e9 dans la mesure o\u00f9 il est susceptible de rendre impossible la r\u00e9alisation des finalit\u00e9s de recherche ou de statistique ou de la compromettre gravement et o\u00f9 la limitation est n\u00e9cessaire \u00e0 la r\u00e9alisation des finalit\u00e9s de recherche ou de statistique.<\/p>\n\t\t\t<\/li>\n\t\t\t<li>\n\t\t\t\t<p><strong>Droit \u00e0 la limitation du traitement<\/strong><\/p>\n\t\t\t\t<p>Dans les conditions suivantes, vous pouvez demander la limitation du traitement des donn\u00e9es \u00e0 caract\u00e8re personnel vous concernant :<\/p>\n\t\t\t\t<ol>\n\t\t\t\t\t<li>si vous contestez l'exactitude des donn\u00e9es \u00e0 caract\u00e8re personnel vous concernant pendant une dur\u00e9e permettant au responsable de v\u00e9rifier l'exactitude des donn\u00e9es \u00e0 caract\u00e8re personnel ;<\/li>\n\t\t\t\t\t<li>le traitement est illicite et vous vous opposez \u00e0 la suppression des donn\u00e9es \u00e0 caract\u00e8re personnel et demandez \u00e0 la place la limitation de leur utilisation ;<\/li>\n\t\t\t\t\t<li>le responsable n'a plus besoin des donn\u00e9es \u00e0 caract\u00e8re personnel aux fins du traitement, mais celles-ci vous sont encore n\u00e9cessaires pour la constatation, l'exercice ou la d\u00e9fense de droits en justice, ou<\/li>\n\t\t\t\t\t<li>si vous vous \u00eates oppos\u00e9 au traitement conform\u00e9ment \u00e0 l'article 21, paragraphe 1, du RGPD et qu'il n'a pas encore \u00e9t\u00e9 \u00e9tabli si les motifs l\u00e9gitimes du responsable pr\u00e9valent sur vos motifs. <\/li>\n\t\t\t\t<\/ol>\n\t\t\t\t<p>Si le traitement des donn\u00e9es \u00e0 caract\u00e8re personnel vous concernant a \u00e9t\u00e9 limit\u00e9, ces donn\u00e9es ne peuvent \u00eatre trait\u00e9es, \u00e0 l'exception de leur conservation, qu'avec votre consentement ou pour la constatation, l'exercice ou la d\u00e9fense de droits en justice ou pour la protection des droits d'une autre personne physique ou morale ou pour des motifs importants d'int\u00e9r\u00eat public de l'Union ou d'un \u00c9tat membre.<\/p>\n\t\t\t\t<p>Si la limitation du traitement a \u00e9t\u00e9 limit\u00e9e selon les conditions susmentionn\u00e9es, vous serez inform\u00e9 par le responsable avant que la limitation ne soit lev\u00e9e.<\/p>\n\t\t\t\t<p>Votre droit \u00e0 la limitation du traitement peut \u00eatre limit\u00e9 dans la mesure o\u00f9 il est susceptible de rendre impossible la r\u00e9alisation des finalit\u00e9s de recherche ou de statistique ou de la compromettre gravement et o\u00f9 la limitation est n\u00e9cessaire \u00e0 la r\u00e9alisation des finalit\u00e9s de recherche ou de statistique.<\/p>\n\t\t\t<\/li>\n\t\t\t<li>\n\t\t\t\t<p><strong>Droit \u00e0 l'effacement<\/strong><\/p>\n\t\t\t\t<ol>\n\t\t\t\t\t<li>\n\t\t\t\t\t\t<p><strong>Obligation d'effacement<\/strong><\/p>\n\t\t\t\t\t\t<p>Vous pouvez exiger du responsable du traitement que les donn\u00e9es \u00e0 caract\u00e8re personnel vous concernant soient effac\u00e9es sans d\u00e9lai, et le responsable du traitement est tenu d'effacer ces donn\u00e9es sans d\u00e9lai, si l'un des motifs suivants s'applique :<\/p>\n\t\t\t\t\t\t<ol>\n\t\t\t\t\t\t\t<li>Les donn\u00e9es \u00e0 caract\u00e8re personnel vous concernant ne sont plus n\u00e9cessaires au regard des finalit\u00e9s pour lesquelles elles ont \u00e9t\u00e9 collect\u00e9es ou trait\u00e9es d'une autre mani\u00e8re.<\/li>\n\t\t\t\t\t\t\t<li>Vous retirez votre consentement sur lequel se fonde le traitement conform\u00e9ment \u00e0 l'article 6, paragraphe 1, point a) ou \u00e0 l'article 9, paragraphe 2, point b).     a du RGPD et qu'il n'existe pas d'autre base juridique pour le traitement.  <\/li>\n\t\t\t\t\t\t\t<li>Vous vous opposez au traitement conform\u00e9ment \u00e0 l'article 21, paragraphe 1 du RGPD et il n'existe pas de motifs l\u00e9gitimes prioritaires pour le traitement, ou vous vous opposez au traitement conform\u00e9ment \u00e0 l'article 21, paragraphe 2 du RGPD.   Art. 21 al. 2 RGPD, vous pouvez vous opposer au traitement. <\/li>\n\t\t\t\t\t\t\t<li>Les donn\u00e9es \u00e0 caract\u00e8re personnel vous concernant ont fait l'objet d'un traitement illicite. <\/li>\n\t\t\t\t\t\t\t<li>L'effacement des donn\u00e9es \u00e0 caract\u00e8re personnel vous concernant est n\u00e9cessaire pour respecter une obligation l\u00e9gale qui est pr\u00e9vue par le droit de l'Union ou par le droit de l'\u00c9tat membre auquel le responsable du traitement est soumis. <\/li>\n\t\t\t\t\t\t\t<li>Les donn\u00e9es \u00e0 caract\u00e8re personnel vous concernant ont \u00e9t\u00e9 collect\u00e9es dans le cadre de l'offre de services de la soci\u00e9t\u00e9 de l'information vis\u00e9e \u00e0 l'article 8, paragraphe 1, du RGPD. <\/li>\n\t\t\t\t\t\t<\/ol>\n\t\t\t\t\t<\/li>\n\t\t\t\t\t<li>\n\t\t\t\t\t\t<p><strong>Information aux tiers<\/strong><\/p>\n\t\t\t\t\t\t<p>Si le responsable a rendu publiques les donn\u00e9es \u00e0 caract\u00e8re personnel vous concernant et qu'il est tenu, en vertu de l'article 17, paragraphe 1, de la loi sur la protection des donn\u00e9es, d'en informer la personne concern\u00e9e, il est tenu de le faire.  1 RGPD, il prend des mesures raisonnables, y compris des mesures techniques, compte tenu des technologies disponibles et des co\u00fbts de mise en \u0153uvre, pour informer les responsables du traitement des donn\u00e9es qui traitent les donn\u00e9es \u00e0 caract\u00e8re personnel que vous, en tant que personne concern\u00e9e, avez demand\u00e9 l'effacement de tous les liens vers ces donn\u00e9es \u00e0 caract\u00e8re personnel ou vers des copies ou des r\u00e9plications de ces donn\u00e9es \u00e0 caract\u00e8re personnel. <\/p>\n\t\t\t\t\t<\/li>\n\t\t\t\t\t<li>\n\t\t\t\t\t\t<p><strong>Exceptions<\/strong><\/p>\n\t\t\t\t\t\t<p>Le droit \u00e0 l'effacement ne s'applique pas dans la mesure o\u00f9 le traitement est n\u00e9cessaire :<\/p>\n\t\t\t\t\t\t<ol>\n\t\t\t\t\t\t\t<li>\u00e0 l'exercice du droit \u00e0 la libert\u00e9 d'expression et d'information ;<\/li>\n\t\t\t\t\t\t\t<li>pour respecter une obligation l\u00e9gale qui requiert le traitement pr\u00e9vue par le droit de l'Union ou par le droit de l'\u00c9tat membre auquel le responsable du traitement est soumis, ou pour ex\u00e9cuter une mission d'int\u00e9r\u00eat public ou relevant de l'exercice de l'autorit\u00e9 publique dont est investi le responsable du traitement ;<\/li>\n\t\t\t\t\t\t\t<li>pour des motifs d'int\u00e9r\u00eat public dans le domaine de la sant\u00e9 publique, conform\u00e9ment \u00e0 l'article 9, paragraphe 2, points h) et i), ainsi qu'\u00e0 l'article 9, paragraphe 3, du RGPD ;   <\/li>\n\t\t\t\t\t\t\t<li>\u00e0 des fins archivistiques dans l'int\u00e9r\u00eat public, \u00e0 des fins de recherche scientifique ou historique ou \u00e0 des fins statistiques conform\u00e9ment \u00e0 l'article 89, paragraphe 1, du RGPD, dans la mesure o\u00f9 le droit vis\u00e9 au point a) est susceptible de rendre impossible ou de compromettre gravement la r\u00e9alisation des objectifs dudit traitement ; ou  <\/li>\n\t\t\t\t\t\t\t<li>\u00e0 la constatation, \u00e0 l'exercice ou \u00e0 la d\u00e9fense de droits en justice.<\/li>\n\t\t\t\t\t\t<\/ol>\n\t\t\t\t\t<\/li>\n\t\t\t\t<\/ol>\n\t\t\t<\/li>\n\t\t\t<li>\n\t\t\t\t<p><strong>Droit \u00e0 l'information<\/strong><\/p>\n\t\t\t\t<p>Si vous avez fait valoir le droit \u00e0 la rectification, \u00e0 l'effacement ou \u00e0 la limitation du traitement aupr\u00e8s du responsable du traitement, celui-ci est tenu de communiquer cette rectification ou cet effacement de donn\u00e9es, ou cette limitation du traitement, \u00e0 chaque destinataire auquel les donn\u00e9es \u00e0 caract\u00e8re personnel vous concernant ont \u00e9t\u00e9 communiqu\u00e9es, \u00e0 moins que cela ne se r\u00e9v\u00e8le impossible ou n'exige des efforts disproportionn\u00e9s.<\/p>\n\t\t\t\t<p>Vous avez le droit d'\u00eatre inform\u00e9 par le responsable du traitement de ces destinataires.<\/p>\n\t\t\t<\/li>\n\t\t\t<li>\n\t\t\t\t<p><strong>Droit \u00e0 la portabilit\u00e9 des donn\u00e9es<\/strong><\/p>\n\t\t\t\t<p>Vous avez le droit de recevoir les donn\u00e9es \u00e0 caract\u00e8re personnel vous concernant que vous avez fournies au responsable du traitement, dans un format structur\u00e9, couramment utilis\u00e9 et lisible par machine. Vous avez \u00e9galement le droit de transmettre ces donn\u00e9es \u00e0 un autre responsable du traitement sans que le responsable du traitement auquel les donn\u00e9es \u00e0 caract\u00e8re personnel ont \u00e9t\u00e9 communiqu\u00e9es y fasse obstacle, lorsque : <\/p>\n\t\t\t\t<ol>\n\t\t\t\t\t<li>le traitement est fond\u00e9 sur le consentement en application de l'article 6, paragraphe 1, point a), du RGPD ou de l'article 9, paragraphe 2, point a), du RGPD, ou sur un contrat en application de l'article 6, paragraphe 1, point b), du RGPD ; et        <\/li>\n\t\t\t\t\t<li>le traitement est effectu\u00e9 \u00e0 l'aide de proc\u00e9d\u00e9s automatis\u00e9s.<\/li>\n\t\t\t\t<\/ol>\n\t\t\t\t<p>Dans l'exercice de ce droit, vous avez \u00e9galement le droit d'obtenir que les donn\u00e9es \u00e0 caract\u00e8re personnel vous concernant soient transmises directement d'un responsable du traitement \u00e0 un autre, lorsque cela est techniquement possible. Les libert\u00e9s et droits d'autrui ne doivent pas en \u00eatre affect\u00e9s. <\/p>\n\t\t\t\t<p>Le droit \u00e0 la portabilit\u00e9 des donn\u00e9es ne s'applique pas au traitement de donn\u00e9es \u00e0 caract\u00e8re personnel n\u00e9cessaire \u00e0 l'ex\u00e9cution d'une mission d'int\u00e9r\u00eat public ou relevant de l'exercice de l'autorit\u00e9 publique dont est investi le responsable du traitement.<\/p>\n\t\t\t<\/li>\n\t\t\t<li>\n\t\t\t\t<p><strong>Droit d'opposition<\/strong><\/p>\n\t\t\t\t<p>Vous avez le droit de vous opposer \u00e0 tout moment, pour des raisons tenant \u00e0 votre situation particuli\u00e8re, au traitement des donn\u00e9es \u00e0 caract\u00e8re personnel vous concernant, effectu\u00e9 sur la base de l'article 6, paragraphe 1, point b), de la loi sur la protection des donn\u00e9es.  Cela vaut \u00e9galement pour le profilage fond\u00e9 sur ces dispositions. <\/p>\n\t\t\t\t<p>Le responsable du traitement ne traite plus les donn\u00e9es \u00e0 caract\u00e8re personnel vous concernant, \u00e0 moins qu'il ne d\u00e9montre qu'il existe des motifs l\u00e9gitimes et imp\u00e9rieux pour le traitement qui pr\u00e9valent sur vos int\u00e9r\u00eats, droits et libert\u00e9s, ou pour la constatation, l'exercice ou la d\u00e9fense de droits en justice.<\/p>\n\t\t\t\t<p>Lorsque les donn\u00e9es \u00e0 caract\u00e8re personnel vous concernant sont trait\u00e9es \u00e0 des fins de prospection, vous avez le droit de vous opposer \u00e0 tout moment au traitement des donn\u00e9es \u00e0 caract\u00e8re personnel vous concernant \u00e0 de telles fins de prospection ; cela vaut \u00e9galement pour le profilage dans la mesure o\u00f9 il est li\u00e9 \u00e0 une telle prospection.<\/p>\n\t\t\t\t<p>Si vous vous opposez au traitement \u00e0 des fins de prospection, les donn\u00e9es \u00e0 caract\u00e8re personnel vous concernant ne sont plus trait\u00e9es \u00e0 ces fins.<\/p>\n\t\t\t\t<p>Vous avez la possibilit\u00e9 d'exercer votre droit d'opposition par des moyens automatis\u00e9s utilisant des sp\u00e9cifications techniques, dans le cadre de l'utilisation de services de la soci\u00e9t\u00e9 de l'information, et nonobstant la directive 2002\/58\/CE.<\/p>\n\t\t\t\t<p>Vous avez \u00e9galement le droit de vous opposer, pour des raisons tenant \u00e0 votre situation particuli\u00e8re, au traitement de donn\u00e9es \u00e0 caract\u00e8re personnel vous concernant \u00e0 des fins de recherche scientifique ou historique ou \u00e0 des fins statistiques en vertu de l'article 89, paragraphe 1, du RGPD.  <\/p>\n\t\t\t\t<p>Votre droit d'opposition peut \u00eatre limit\u00e9 dans la mesure o\u00f9 il est susceptible de rendre impossible ou de compromettre gravement la r\u00e9alisation des objectifs de recherche ou de statistiques et o\u00f9 la limitation est n\u00e9cessaire pour atteindre ces objectifs de recherche ou de statistiques.<\/p>\n\t\t\t<\/li>\n\t\t\t<li>\n\t\t\t\t<p><strong>Droit de retirer le consentement en mati\u00e8re de protection des donn\u00e9es<\/strong><\/p>\n\t\t\t\t<p>Vous avez le droit de retirer votre consentement en mati\u00e8re de protection des donn\u00e9es \u00e0 tout moment. Le retrait du consentement ne compromet pas la lic\u00e9it\u00e9 du traitement fond\u00e9 sur le consentement effectu\u00e9 avant le retrait de celui-ci. <\/p>\n\t\t\t<\/li>\n\t\t\t<li>\n\t\t\t\t<p><strong>D\u00e9cision individuelle automatis\u00e9e, y compris le profilage<\/strong><\/p>\n\t\t\t\t<p>Vous avez le droit de ne pas faire l'objet d'une d\u00e9cision fond\u00e9e exclusivement sur un traitement automatis\u00e9, y compris le profilage, produisant des effets juridiques vous concernant ou vous affectant de mani\u00e8re significative de fa\u00e7on similaire. Cela ne s'applique pas si la d\u00e9cision : <\/p>\n\t\t\t\t<ol>\n\t\t\t\t\t<li>est n\u00e9cessaire \u00e0 la conclusion ou \u00e0 l'ex\u00e9cution d'un contrat entre vous et le responsable du traitement ;<\/li>\n\t\t\t\t\t<li>est autoris\u00e9e par le droit de l'Union ou le droit de l'\u00c9tat membre auquel le responsable du traitement est soumis et qui pr\u00e9voit \u00e9galement des mesures appropri\u00e9es pour la sauvegarde de vos droits et libert\u00e9s et de vos int\u00e9r\u00eats l\u00e9gitimes ; ou<\/li>\n\t\t\t\t\t<li>est fond\u00e9e sur votre consentement explicite.<\/li>\n\t\t\t\t<\/ol>\n\t\t\t\t<p>Toutefois, ces d\u00e9cisions ne peuvent \u00eatre fond\u00e9es sur les cat\u00e9gories particuli\u00e8res de donn\u00e9es \u00e0 caract\u00e8re personnel vis\u00e9es \u00e0 l'article 9, paragraphe 1, du RGPD, \u00e0 moins que l'article 9, paragraphe 2, point a) ou g), du RGPD ne s'applique et que des mesures appropri\u00e9es pour la sauvegarde de vos droits et libert\u00e9s et de vos int\u00e9r\u00eats l\u00e9gitimes n'aient \u00e9t\u00e9 prises.   <\/p>\n\t\t\t\t<p>Dans les cas vis\u00e9s aux points 1 et 3, le responsable du traitement met en \u0153uvre des mesures appropri\u00e9es pour la sauvegarde de vos droits et libert\u00e9s et de vos int\u00e9r\u00eats l\u00e9gitimes, y compris au minimum le droit d'obtenir une intervention humaine de la part du responsable du traitement, d'exprimer votre point de vue et de contester la d\u00e9cision.<\/p>\n\t\t\t<\/li>\n\t\t\t<li>\n\t\t\t\t<p><strong>Droit de d\u00e9poser une r\u00e9clamation aupr\u00e8s d'une autorit\u00e9 de contr\u00f4le<\/strong><\/p>\n\t\t\t\t<p>Sans pr\u00e9judice de tout autre recours administratif ou juridictionnel, vous avez le droit de d\u00e9poser une r\u00e9clamation aupr\u00e8s d'une autorit\u00e9 de contr\u00f4le, notamment dans l'\u00c9tat membre de votre r\u00e9sidence, de votre lieu de travail ou du lieu de la violation pr\u00e9sum\u00e9e, si vous estimez que le traitement des donn\u00e9es \u00e0 caract\u00e8re personnel vous concernant enfreint le RGPD. <\/p>\n\t\t\t\t<p>L'autorit\u00e9 de contr\u00f4le aupr\u00e8s de laquelle la r\u00e9clamation a \u00e9t\u00e9 d\u00e9pos\u00e9e informe le plaignant de l'\u00e9tat d'avancement et des r\u00e9sultats de la r\u00e9clamation, y compris de la possibilit\u00e9 d'un recours juridictionnel en vertu de l'article 78 du RGPD.<\/p>\n\t\t\t<\/li>\n\t\t<\/ol>\n\t<\/li>\n<\/ol>\t\t\t\t<\/div>\n\t\t\t\t\t<\/div>\n\t\t\t\t<\/div>\n\t\t\t\t<\/div>\n\t\t","protected":false},"excerpt":{"rendered":"<p>Modifier vos param\u00e8tres de cookies Nom et adresse du responsable Le responsable au sens du R\u00e8glement g\u00e9n\u00e9ral sur la protection des donn\u00e9es et d&rsquo;autres lois nationales des \u00c9tats membres en mati\u00e8re de protection des donn\u00e9es ainsi que d&rsquo;autres dispositions relatives \u00e0 la protection des donn\u00e9es est : Staatsbad Bad Bergzabern GmbH S\u00fcdpfalz Therme Kurtalstra\u00dfe 27&hellip;<\/p>\n","protected":false},"author":1,"featured_media":0,"parent":0,"menu_order":1020,"comment_status":"closed","ping_status":"closed","template":"modus.php","meta":{"inline_featured_image":false,"footnotes":""},"class_list":["post-4832","page","type-page","status-publish","hentry"],"publishpress_future_action":{"enabled":false,"date":"2026-05-04 17:05:28","action":"change-status","newStatus":"draft","terms":[],"taxonomy":"translation_priority","extraData":[]},"publishpress_future_workflow_manual_trigger":{"enabledWorkflows":[]},"_links":{"self":[{"href":"https:\/\/suedpfalz-therme.de\/fr\/wp-json\/wp\/v2\/pages\/4832","targetHints":{"allow":["GET"]}}],"collection":[{"href":"https:\/\/suedpfalz-therme.de\/fr\/wp-json\/wp\/v2\/pages"}],"about":[{"href":"https:\/\/suedpfalz-therme.de\/fr\/wp-json\/wp\/v2\/types\/page"}],"author":[{"embeddable":true,"href":"https:\/\/suedpfalz-therme.de\/fr\/wp-json\/wp\/v2\/users\/1"}],"replies":[{"embeddable":true,"href":"https:\/\/suedpfalz-therme.de\/fr\/wp-json\/wp\/v2\/comments?post=4832"}],"version-history":[{"count":3,"href":"https:\/\/suedpfalz-therme.de\/fr\/wp-json\/wp\/v2\/pages\/4832\/revisions"}],"predecessor-version":[{"id":5313,"href":"https:\/\/suedpfalz-therme.de\/fr\/wp-json\/wp\/v2\/pages\/4832\/revisions\/5313"}],"wp:attachment":[{"href":"https:\/\/suedpfalz-therme.de\/fr\/wp-json\/wp\/v2\/media?parent=4832"}],"curies":[{"name":"wp","href":"https:\/\/api.w.org\/{rel}","templated":true}]}}